{"id":101,"date":"2008-12-28T22:29:15","date_gmt":"2008-12-28T21:29:15","guid":{"rendered":"http:\/\/www.calvermell.cat\/wordpress\/?page_id=101"},"modified":"2016-12-25T10:04:26","modified_gmt":"2016-12-25T09:04:26","slug":"altres-cal-vermell","status":"publish","type":"page","link":"https:\/\/www.calvermell.cat\/wordpress\/?page_id=101","title":{"rendered":"Altres Cal Vermell"},"content":{"rendered":"<h4><span style=\"color: #000000;\"><strong> &#8220;Cal Vermell&#8221; o &#8220;Can Vermell&#8221; coneguts:<\/strong><\/span><\/h4>\n<ul>\n<li><a href=\"http:\/\/www.icc.cat\/vissir2\/?lang=ca_ES&amp;toponim=Can%20vermell&amp;zoom=9&amp;lat=4619531.76&amp;lon=385977.96&amp;layers=B00FFFFFTFF\" target=\"_blank\">Aguilar de Segarra<\/a> (ru\u00efnes) (Bages)<\/li>\n<li>Bag\u00e0 (ca la Vermella, botiga) (Bergued\u00e0)<\/li>\n<li><a href=\"http:\/\/www.icc.cat\/vissir2\/?lang=ca_ES&amp;toponim=Can%20vermell&amp;zoom=8&amp;lat=4644267.43&amp;lon=477489.79&amp;layers=B00FFFFFTFF\" target=\"_blank\">Bescan\u00f3<\/a> (Giron\u00e8s)<\/li>\n<li><a href=\"http:\/\/www.icc.cat\/vissir2\/?lang=ca_ES&amp;toponim=Can%20vermell&amp;zoom=8&amp;lat=4614927.36&amp;lon=434784.27&amp;layers=B00FFFFFTFF\" target=\"_blank\">Bigues i Riells<\/a> (Vall\u00e8s Oriental)<\/li>\n<li><a href=\"http:\/\/www.icc.cat\/vissir2\/?lang=ca_ES&amp;toponim=Can%20vermell&amp;zoom=8&amp;lat=4573699.29&amp;lon=384971.57&amp;layers=B00FFFFFTFF\" target=\"_blank\">Castellet i la Gornal<\/a> (Alt Pened\u00e8s)<\/li>\n<li><a href=\"http:\/\/www.icc.cat\/vissir2\/?lang=ca_ES&amp;toponim=Can%20vermell&amp;zoom=8&amp;lat=4635628.49&amp;lon=488432.4&amp;layers=B00FFFFFTFF\" target=\"_blank\">Cass\u00e0 de la Selva<\/a> (Giron\u00e8s)<\/li>\n<li>Cava Cal Vermell de Ferret i Mateu a Santa Margarida i els Monjos (Alt<br \/>\nPened\u00e8s)<\/li>\n<li><a href=\"http:\/\/www.icc.cat\/vissir2\/?lang=ca_ES&amp;toponim=Can%20vermell&amp;zoom=9&amp;lat=4670851.81&amp;lon=482456.51&amp;layers=B00FFFFFTFF\" target=\"_blank\">Crespi\u00e0<\/a> (Agr\u00edcola Cal Vermell) (Pla de l&#8217;Estany)<\/li>\n<li><a href=\"http:\/\/www.icc.cat\/vissir2\/?lang=ca_ES&amp;toponim=Can%20vermell&amp;zoom=8&amp;lat=4626480.93&amp;lon=373451.43&amp;layers=B00FFFFFTFF\" target=\"_blank\">Enfesta<\/a>\/La Molsosa (Solson\u00e8s)<\/li>\n<li><a href=\"http:\/\/www.icc.cat\/vissir2\/?lang=ca_ES&amp;toponim=Can%20vermell&amp;zoom=7&amp;lat=4665885.85&amp;lon=373684.49&amp;layers=B00FFFFFTFF\" target=\"_blank\">Font del Vermell a Od\u00e8n<\/a> (Solson\u00e8s)<\/li>\n<li><a href=\"http:\/\/www.icc.cat\/vissir2\/?lang=ca_ES&amp;toponim=Can%20vermell&amp;zoom=7&amp;lat=4665885.85&amp;lon=373684.49&amp;layers=B00FFFFFTFF\" target=\"_blank\">G\u00f3sol<\/a> (Bergued\u00e0) <a href=\"http:\/\/picasaweb.google.com\/sobrenoms\/GSolFacebook#5259272925189864978\" target=\"_blank\">+<\/a><\/li>\n<li>Granollers (masia) (Vall\u00e8s Oriental)<\/li>\n<li><a href=\"http:\/\/www.icc.cat\/vissir2\/?lang=ca_ES&amp;toponim=Can%20vermell&amp;zoom=6&amp;lat=4677787&amp;lon=415629&amp;layers=B00FFFFFTFF\" target=\"_blank\">La Pobla de Lillet<\/a> C\/Mig 8 (Bergued\u00e0)<\/li>\n<li><a href=\"http:\/\/www.icc.cat\/vissir2\/?lang=ca_ES&amp;toponim=Can%20vermell&amp;zoom=9&amp;lat=4667421.09&amp;lon=421244.9&amp;layers=B00FFFFFTFF\" target=\"_blank\">Les Llosses<\/a> (Cal Vermell i Cases de Can Vermell) (Ripoll\u00e8s)<\/li>\n<li><a href=\"http:\/\/www.icc.cat\/vissir2\/?lang=ca_ES&amp;toponim=Can%20vermell&amp;zoom=9&amp;lat=4656770.48&amp;lon=461134.39&amp;layers=B00FFFFFTFF\" target=\"_blank\">Les Planes d&#8217;Hostoles<\/a> (Garrotxa)<\/li>\n<li>Marratx\u00ed (Mallorca)<\/li>\n<li>Montorn\u00e8s del Vall\u00e8s (Vall\u00e8s Oriental)<\/li>\n<li>Montu\u00efrri (Mol\u00ed fariner restaurat) (Mallorca)<\/li>\n<li><a href=\"http:\/\/www.icc.cat\/vissir2\/?lang=ca_ES&amp;toponim=Can%20vermell&amp;zoom=9&amp;lat=4601649.44&amp;lon=396018.98&amp;layers=B00FFFFFTFF\" target=\"_blank\">Piera<\/a> (Anoia)<\/li>\n<li><a href=\"http:\/\/www.icc.cat\/vissir2\/?lang=ca_ES&amp;toponim=Can%20vermell&amp;zoom=8&amp;lat=4608683.16&amp;lon=473762.61&amp;layers=B00FFFFFTFF\" target=\"_blank\">Pineda de Mar<\/a> (Maresme)<\/li>\n<li>Pont d&#8217;Inca (Mallorca)<\/li>\n<li>Porreres (Mallorca)<\/li>\n<li><a href=\"http:\/\/www.icc.cat\/vissir2\/?lang=ca_ES&amp;toponim=Can%20vermell&amp;zoom=7&amp;lat=4584745.65&amp;lon=391\" target=\"_blank\">Puigd\u00e0lber<\/a> (Alt Pened\u00e8s)<\/li>\n<li><a href=\"http:\/\/www.icc.cat\/vissir2\/?lang=ca_ES&amp;toponim=Can%20vermell&amp;zoom=8&amp;lat=4610022.59&amp;lon=409284.88&amp;layers=B00FFFFFTFF\" target=\"_blank\">Rellinars<\/a> (Can Vermell de Baix) (Vall\u00e8s Occidental)<\/li>\n<li>Sa Cabaneta (C\/Olesa, 7 caf\u00e9-restaurant)&nbsp; (Mallorca)<\/li>\n<li><a href=\"http:\/\/www.icc.cat\/vissir2\/?lang=ca_ES&amp;toponim=Can%20vermell&amp;zoom=9&amp;lat=4622417.8&amp;lon=4642\" target=\"_blank\">Sant Feliu de Buxalleu<\/a> (Le Selva)<\/li>\n<li><a href=\"http:\/\/www.icc.cat\/vissir2\/?lang=ca_ES&amp;toponim=Can%20vermell&amp;zoom=7&amp;lat=4609144.56&amp;lon=464061.13&amp;layers=B00FFFFFTFF\" target=\"_blank\">Sant Iscle de Vallalta<\/a> (Maresme)<\/li>\n<li>Sant Juli\u00e0 de L\u00f2ria-edifici (Principat d&#8217;Andorra)<\/li>\n<li>Sant Mart\u00ed Sacalm (Susqueda) (La Selva)<\/li>\n<li><a href=\"http:\/\/www.icc.cat\/vissir2\/?lang=ca_ES&amp;toponim=Can%20vermell&amp;zoom=7&amp;lat=4663031.27&amp;lon=495623.08&amp;layers=B00FFFFFTFF\" target=\"_blank\">Saus, Camallera i Llampaies<\/a> (Alt Empord\u00e0)<\/li>\n<li>Sorts d&#8217;Aliny\u00e0 (Alt Urgell)<\/li>\n<li><a href=\"http:\/\/www.icc.cat\/vissir2\/?lang=ca_ES&amp;toponim=Can%20vermell&amp;zoom=7&amp;lat=4586912.93&amp;lon=401942.21&amp;layers=B00FFFFFTFF\" target=\"_blank\">Subirats, al nucli El Rebato o de Can Vermell<\/a> (Alt Pened\u00e8s)<\/li>\n<li><a href=\"http:\/\/www.icc.cat\/vissir2\/?lang=ca_ES&amp;toponim=Can%20vermell&amp;zoom=7&amp;lat=4586912.93&amp;lon=401942.21&amp;layers=B00FFFFFTFF\" target=\"_blank\">Torrent de Can Vermell<\/a>, afluent del Riu Anoia. El nom prov\u00e9 del mas situat a Subirats (Alt Pened\u00e8s).<\/li>\n<li>Urbanitzaci\u00f3 Can Vermell o Mas Vermell a Querol (Alt Camp)<\/li>\n<li>Vilademuls (Casa rural) (Pla de l&#8217;Estany)<\/li>\n<\/ul>\n","protected":false},"excerpt":{"rendered":"<p>&#8220;Cal Vermell&#8221; o &#8220;Can Vermell&#8221; coneguts: Aguilar de Segarra (ru\u00efnes) (Bages) Bag\u00e0 (ca la Vermella, botiga) (Bergued\u00e0) Bescan\u00f3 (Giron\u00e8s) Bigues i Riells (Vall\u00e8s Oriental) Castellet i la Gornal (Alt Pened\u00e8s) Cass\u00e0 de la Selva (Giron\u00e8s) Cava Cal Vermell de Ferret &hellip; <a href=\"https:\/\/www.calvermell.cat\/wordpress\/?page_id=101\">Continua llegint <span class=\"meta-nav\">&rarr;<\/span><\/a><\/p>\n","protected":false},"author":1,"featured_media":0,"parent":7,"menu_order":6,"comment_status":"closed","ping_status":"closed","template":"","meta":{"ngg_post_thumbnail":0,"footnotes":""},"class_list":["post-101","page","type-page","status-publish","hentry"],"_links":{"self":[{"href":"https:\/\/www.calvermell.cat\/wordpress\/index.php?rest_route=\/wp\/v2\/pages\/101","targetHints":{"allow":["GET"]}}],"collection":[{"href":"https:\/\/www.calvermell.cat\/wordpress\/index.php?rest_route=\/wp\/v2\/pages"}],"about":[{"href":"https:\/\/www.calvermell.cat\/wordpress\/index.php?rest_route=\/wp\/v2\/types\/page"}],"author":[{"embeddable":true,"href":"https:\/\/www.calvermell.cat\/wordpress\/index.php?rest_route=\/wp\/v2\/users\/1"}],"replies":[{"embeddable":true,"href":"https:\/\/www.calvermell.cat\/wordpress\/index.php?rest_route=%2Fwp%2Fv2%2Fcomments&post=101"}],"version-history":[{"count":57,"href":"https:\/\/www.calvermell.cat\/wordpress\/index.php?rest_route=\/wp\/v2\/pages\/101\/revisions"}],"predecessor-version":[{"id":865,"href":"https:\/\/www.calvermell.cat\/wordpress\/index.php?rest_route=\/wp\/v2\/pages\/101\/revisions\/865"}],"up":[{"embeddable":true,"href":"https:\/\/www.calvermell.cat\/wordpress\/index.php?rest_route=\/wp\/v2\/pages\/7"}],"wp:attachment":[{"href":"https:\/\/www.calvermell.cat\/wordpress\/index.php?rest_route=%2Fwp%2Fv2%2Fmedia&parent=101"}],"curies":[{"name":"wp","href":"https:\/\/api.w.org\/{rel}","templated":true}]}}