{"id":157,"date":"2008-12-29T00:50:10","date_gmt":"2008-12-28T23:50:10","guid":{"rendered":"http:\/\/www.calvermell.cat\/wordpress\/?page_id=157"},"modified":"2017-08-27T21:27:06","modified_gmt":"2017-08-27T20:27:06","slug":"batalla-de-balaguer","status":"publish","type":"page","link":"https:\/\/www.calvermell.cat\/wordpress\/?page_id=157","title":{"rendered":"Batalla de Balaguer"},"content":{"rendered":"<h4><span style=\"color: #000000;\"><strong>Santjoanencs al front del Segre<\/strong><\/span><\/h4>\n<p>Es coneix com a <strong>Batalla de Balaguer<\/strong> la contraofensiva fallida de l&#8217;ex\u00e8rcit republic\u00e0 durant la guerra civil, entre el 22 i el 28 de maig del 38, per tal d&#8217;eliminar el cap de pont establert a la riba esquerra del Segre pels nacionals, que havien ocupat Balaguer el 6 de maig i situat el front a la l\u00ednia del Segre. En ella s&#8217;hi varen veure involucrats diversos santjoanencs i hi mor\u00ed el nostre avi, <a href=\"http:\/\/www.calvermell.cat\/webtrees\/individual.php?pid=I11&amp;ged=Cal%20Vermell.ged\">Antoni Vil\u00e0 (Ton de cal Vermell)<\/a>.<\/p>\n<h4><span style=\"color: #000000;\"><strong>Cronologia d\u2019esdeveniments previs en el context de la Guerra Civil Espanyola (1938)<\/strong><\/span><\/h4>\n<div>\n<table style=\"text-align: left; height: 300px;\" width=\"370\" cellspacing=\"0\" cellpadding=\"0\" border=\"0\">\n<tbody>\n<tr>\n<td width=\"128\" valign=\"top\" align=\"left\">\n<p style=\"text-align: left;\"><span style=\"color: #000000;\">22 de febrer<\/span><\/p>\n<\/td>\n<td width=\"786\" valign=\"top\" align=\"left\">Cau Terol a mans de l\u2019ex\u00e8rcit feixista. Havia sigut reconquerida a primers d\u2019any per l\u2019ex\u00e8rcit republic\u00e0.<\/td>\n<\/tr>\n<tr>\n<td width=\"128\" valign=\"top\" align=\"left\"><span style=\"color: #000000;\">6 de mar\u00e7<\/span><\/td>\n<td width=\"786\" valign=\"top\" align=\"left\">Enfonsament del creuer feixista \u201cBaleares\u201d. Barcelona \u00e9s bombardejada per l\u2019aviaci\u00f3 italiana.<\/td>\n<\/tr>\n<tr>\n<td width=\"128\" valign=\"top\" align=\"left\"><span style=\"color: #000000;\">10 de mar\u00e7<\/span><\/td>\n<td width=\"786\" valign=\"top\" align=\"left\">Els feixistes reconquereixen Belchite.<\/td>\n<\/tr>\n<tr>\n<td width=\"128\" valign=\"top\" align=\"left\"><span style=\"color: #000000;\">14 de mar\u00e7 <\/span><\/td>\n<td width=\"786\" valign=\"top\" align=\"left\">Cauen Alcany\u00eds i Calanda (Terol).<\/td>\n<\/tr>\n<tr>\n<td width=\"128\" valign=\"top\" align=\"left\"><span style=\"color: #000000;\">16 al 18 de mar\u00e7<\/span><\/td>\n<td width=\"786\" valign=\"top\" align=\"left\">Bombardejos continuats de Barcelona per l\u2019aviaci\u00f3 italiana. De fet s\u2019aniran repetint tamb\u00e9 amb la participaci\u00f3 de l\u2019aviaci\u00f3 alemanya.<\/td>\n<\/tr>\n<tr>\n<td width=\"128\" valign=\"top\" align=\"left\"><span style=\"color: #000000;\">28 de mar\u00e7<\/span><\/td>\n<td width=\"786\" valign=\"top\" align=\"left\">Cau Barbastre.<\/td>\n<\/tr>\n<tr>\n<td width=\"128\" valign=\"top\" align=\"left\"><span style=\"color: #000000;\">29 de mar\u00e7<\/span><\/td>\n<td width=\"786\" valign=\"top\" align=\"left\">Els feixistes prenen Fraga.<\/td>\n<\/tr>\n<tr>\n<td width=\"128\" valign=\"top\" align=\"left\"><span style=\"color: #000000;\">3 d\u2019abril<\/span><\/td>\n<td width=\"786\" valign=\"top\" align=\"left\">Retirada republicana de Lleida. El Cos d\u2019Ex\u00e8rcit Marroqu\u00ed a les ordres del general Yag\u00fce pren la ciutat.<\/td>\n<\/tr>\n<tr>\n<td width=\"128\" valign=\"top\" align=\"left\"><span style=\"color: #000000;\">4 d\u2019abril<\/span><\/td>\n<td width=\"786\" valign=\"top\" align=\"left\">Cau Morella (Maestrat).<\/td>\n<\/tr>\n<tr>\n<td width=\"128\" valign=\"top\" align=\"left\"><span style=\"color: #000000;\">6 d\u2019abril<\/span><\/td>\n<td width=\"786\" valign=\"top\" align=\"left\">El feixista \u201cCuerpo de Ej\u00e9rcito de Navarra\u201d entra al Pallars, l\u2019endem\u00e0 ocupa Tremp i, sense resist\u00e8ncia, progressa cap a la Val d\u2019Aran.<\/td>\n<\/tr>\n<tr>\n<td width=\"128\" valign=\"top\" align=\"left\">&nbsp;<\/td>\n<td width=\"786\" valign=\"top\" align=\"left\">Cau Balaguer (La Noguera) sota control del \u201cCuerpo de Ej\u00e9rcito de Arag\u00f3n\u201d, comandat pel general Jos\u00e9 Moscard\u00f3 Ituarte.<\/td>\n<\/tr>\n<tr>\n<td width=\"128\" valign=\"top\" align=\"left\"><span style=\"color: #000000;\">10 d\u2019abril<\/span><\/td>\n<td width=\"786\" valign=\"top\" align=\"left\">La 53\u00aa Divisi\u00f3 feixista creua el Segre, arriba a la Carretera Lleida-Pigcerd\u00e0 i estableix al Cap de Pont de Balaguer.<\/td>\n<\/tr>\n<tr>\n<td width=\"128\" valign=\"top\" align=\"left\"><span style=\"color: #000000;\">15 d\u2019abril<\/span><\/td>\n<td width=\"786\" valign=\"top\" align=\"left\">L\u2019ex\u00e8rcit feixista assoleix la Mediterr\u00e0nia a l\u2019al\u00e7ada de Vinar\u00f2s tallant la zona republicana en dos. Catalunya resta a\u00efllada de Madrid i Val\u00e8ncia.<\/td>\n<\/tr>\n<tr>\n<td width=\"128\" valign=\"top\" align=\"left\"><span style=\"color: #000000;\">17 d\u2019abril<\/span><\/td>\n<td width=\"786\" valign=\"top\" align=\"left\">Els feixistes entren a la Val d\u2019Aran pel Port de &#8220;la Bonaigua. La 43 Divisi\u00f3 republicana queda encerclada a Bielsa.<\/td>\n<\/tr>\n<tr>\n<td width=\"128\" valign=\"top\" align=\"left\"><span style=\"color: #000000;\">18 d\u2019abril<\/span><\/td>\n<td width=\"786\" valign=\"top\" align=\"left\">Els feixistes arriben a Tortosa.<\/td>\n<\/tr>\n<\/tbody>\n<\/table>\n<\/div>\n<div>\n<table style=\"height: 272px;\" width=\"314\" cellspacing=\"0\" cellpadding=\"5\" border=\"0\" align=\"right\">\n<tbody>\n<tr>\n<td><a href=\"http:\/\/www.calvermell.cat\/\/wordpress\/wp-content\/uploads\/mapa_front.jpg\"><img loading=\"lazy\" decoding=\"async\" style=\"border: 1px solid black;\" title=\"L\u00ednea del front a l'abril del 1.938. Font: Universitat de Lleida\" src=\"\/wordpress\/wp-content\/uploads\/mapa_front.jpg\" alt=\"El front al maig del 38\" width=\"309\" height=\"235\" border=\"0\"><\/a><\/td>\n<\/tr>\n<tr>\n<td valign=\"top\"><span style=\"color: #000000;\"><span style=\"font-size: xx-small;\">L\u00ednea del front a l&#8217;abril del 1.938. Font: Universitat de Lleida<\/span><\/span><\/td>\n<\/tr>\n<\/tbody>\n<\/table>\n<\/div>\n<p>L&#8217;aven\u00e7 feixista es veu deturat a les fronteres naturals de l&#8217;Ebre, el Segre i la Noguera Pallaresa, tot i que assoleix establir alguns caps de pont a les ribes esquerres, com el de Balaguer (Noguera), que abasta les poblacions de La Sentiu de Si\u00f3, la R\u00e0pita i Vallfogona de Balaguer formant un semicercle defensiu al davant d&#8217;aquest pas sobre el riu Segre.<\/p>\n<p>Aquesta aturada va propiciar la reorganitzaci\u00f3 dels republicans i la preparaci\u00f3 de la contraofensiva que tindr\u00e0 dues fases: el maig al llarg de la Noguera Pallaresa i del Segre i el juliol a l&#8217;Ebre. Per preparar-la l&#8217;Ex\u00e8rcit republic\u00e0 es refor\u00e7a amb nous contingents de reclutes i reservistes. Es criden a files diverses lleves, com la del 1941, m\u00e9s coneguda per &#8220;Quinta del Biber\u00f3&#8221;. Joves nascuts l&#8217;any 1920 i que entraran en combat amb 17 i 18 anys. Per\u00f2 tamb\u00e9 reservistes de molta m\u00e9s edat com els de la lleva del 27, de 32 anys. \u00c9s el cas de l&#8217;Antoni Vil\u00e0 i Ballonga (Ton de Cal Vermell).<\/p>\n<h4><span style=\"color: #000000;\"><strong>Crida a files. Un dilema i una decisi\u00f3 arriscada<\/strong><\/span><\/h4>\n<p>El 27 d&#8217;abril en Ton, juntament amb altres reservistes de Sant Joan de Vilatorrada rep l&#8217;ordre d&#8217;incorporar-se a files a Barcelona, el dia 29. El seu <a href=\"http:\/\/www.calvermell.cat\/webtrees\/individual.php?pid=I380&amp;ged=Cal%20Vermell.ged\">germ\u00e0 Joan<\/a>, m\u00e9s jove, ja havia sigut mobilitzat abans i per aquelles dates la fam\u00edlia en desconeix el parador. En Joan estava casat i tenia un fill de curta edat (2 anys) l&#8217;Isidre. En Ton, tamb\u00e9 casat, tenia dues bessones de 6 anys: La Maria i l&#8217;Angelina. L&#8217;any abans, el 1937, havia mort la Candel\u00e0ria, germana d&#8217;en Ton i en Joan, a l&#8217;edat de 22 anys, de tuberculosi (els metges havien estat mobilitzats). La situaci\u00f3 de Cal Vermell, semblant a la de moltes llars per aquelles dates, no era doncs gens f\u00e0cil: dues fam\u00edlies que vivien b\u00e0sicament de l&#8217;agricultura i la ind\u00fastria privades dels bra\u00e7os m\u00e9s joves i amb tres criatures. Encara sort que quedaven els avis <a href=\"http:\/\/www.calvermell.cat\/webtrees\/family.php?famid=F7\">Isidre i Angeleta<\/a>, de 56 anys, la <a href=\"http:\/\/www.calvermell.cat\/webtrees\/individual.php?pid=I12&amp;ged=Cal%20Vermell.ged\">Isabel<\/a> (esposa d&#8217;en Ton) i la <a href=\"http:\/\/www.calvermell.cat\/webtrees\/individual.php?pid=I381&amp;ged=Cal%20Vermell.ged\">Pepeta <\/a>(d&#8217;en Joan) per anar tirant endavant. S&#8217;agreujaria m\u00e9s, amb en Ton mort i en Joan presoner de guerra en una brigada de treball for\u00e7at durant for\u00e7a temps.<br \/>\nEn Ton va haver de triar entre dues possibilitats: seguir la convocat\u00f2ria militar o amagar-se, tal com algunes persones li proposaven. D&#8217;una banda alg\u00fa li va oferir de refugiar-se cap a Rajadell, on era m\u00e9s dif\u00edcil que el localitzessin o b\u00e9 encara m\u00e9s lluny: amagar-se al poble de Gavarra de on era originari el pubill Pinyana, el seu ve\u00ed cridat com ell a incorporar-se. La decisi\u00f3 final de tots dos va ser, si m\u00e9s no de moment, de no posar-se fora de la llei. En la presa d&#8217;aquesta decisi\u00f3 hi tindrien a veure tres factors:<\/p>\n<ul>\n<li>En aquells moments la guerra estava en un punt cr\u00edtic per\u00f2 encara no es donava per perduda. Aix\u00f2 no passaria fins despr\u00e9s de la desfeta de l&#8217;Ebre. Ser detingut com a desertor podia tenir conseq\u00fc\u00e8ncies tan fatals com la que intentava evitar.<\/li>\n<li>En cas de vict\u00f2ria republicana podia comportar una greu complicaci\u00f3 a llarg termini. En Ton coneixia massa b\u00e9 alguns membres del Comit\u00e8 Revolucionari Local, algun d&#8217;ells com en Joan Iglesias &#8220;Joan de la Pela&#8221; els tenia de companys a la feina (treballava en una saboneria del Raval dels Jueus, ara carrer Muntanya) i al &#8220;Coro&#8221; (Actual &#8220;Verbena&#8221;, on eren membres del grup de teatre). Ell sentia comentaris i la possibilitat de que la fam\u00edlia fos repres\u00e0liada si es feia foned\u00eds.<\/li>\n<\/ul>\n<p>El dia 6 de maig son transportats en tren cap a T\u00e0rrega. El grup de santjoanencs, en el mateix comboi, son sis. A banda de l&#8217;Antoni Vil\u00e0 Ballonga (Ton de Cal Vermell), hi ha: en Josep Vila (Pep o Pepito de Cal Pladesans), en Jaume Ortonobas (de Cal Taul\u00e9), el Joan Iglesias (de Cal Frare), en Ton Tomasa (de Cal Carrasco) i en Joan Capdevila (el pubill de Cal Pinyana). A files, en la mateixa tongada, havien sigut cridats m\u00e9s santjoanencs com en Jaume Bastardes (de Cal Gen\u00eds), per\u00f2 destinats a altres indrets.<\/p>\n<p>Posteriorment son destinats a un poble que no anomena per\u00f2 que podria ser Golm\u00e9s. All\u00ed, el dia 10 els hi comuniquen llur dest\u00ed: XVIII Cos d&#8217;Ex\u00e8rcit, 72 Divisi\u00f3, XXXVIII Brigada Mixta, 2on Batall\u00f3, 1\u00aa Companyia.<\/p>\n<p>Els traslladen al cap de poc: la matinada de l&#8217;11 cap al 12 de maig fan una marxa a peu d&#8217;uns 14 quil\u00f2metres cap a Barbens. Dues companyies s&#8217;instal\u00b7len a les quadres d&#8217;una casa de pag\u00e8s. El grup dels sis santjoanencs segueix junt.<\/p>\n<p>En Ton, com bon pag\u00e8s, queda admirat del que veu. Transcripci\u00f3 parcial d&#8217;una carta de datada el 12 de maig: <em>Aqu\u00ed \u00e9s un pa\u00eds molt maco: hi ha uns plans molt grans d&#8217;arbres i farratge que d\u00f3na gust de veure, no obstant est\u00e0 una mica mal cultivat degut, segurament, a la manca de gent; aquest poble en diuen Barbens; tot aix\u00f2 es veu que es nega doncs per tot arreu passen uns grans recs d&#8217;aigua que suposo venen del Canal d&#8217;Urgell&#8230;<\/em><\/p>\n<p>En una carta datada el 16 de maig, en Ton comenta que els hi ha arribat not\u00edcies d&#8217;un bombardeig de l&#8217;aviaci\u00f3 a la f\u00e0brica Pirelli de Manresa. Que els soldats m\u00e9s veterans que ell ja comen\u00e7aven a rebre correu de casa i que estava for\u00e7a al corrent dels esdeveniments pel diari i tamb\u00e9 que hi havia soldats que reben visita de parents seus, despr\u00e8s de viatges amb moltes perip\u00e8cies. La fam\u00edlia, en una carta datada dos dies m\u00e9s tard i que mai arrib\u00e0 a rebre, li explica que hi ha hagut un bombardeig prop del Mol\u00ed de Boixeda, sense v\u00edctimes. Tamb\u00e9 que la seva dona, la Isabel, treballa (cal suposar que a la f\u00e0brica) tres dies a la setmana. Que el seu pare ha intentat anar-lo a veure, que ha passat per Guissona, Ponts i que despr\u00e8s de moltes perip\u00e8cies, ha arribat fins a Cubells, a 6 quil\u00f2metres del front on ja sentia les canonades de bastant a prop. Havia demanat arreu sense aconseguir not\u00edcies d&#8217;ell. Ll\u00e0stima! Es clar que encara no havien rebut la carta en la que els hi deia a on estava aquarterat.<\/p>\n<p>Dos dies m\u00e9s tard, el 19 de maig, torna a escriure per informar a la fam\u00edlia de que ha tingut carta: la primera i \u00fanica que rebr\u00e0 doncs dues anteriors s&#8217;havien perdut i les seg\u00fcents varen \u00e9sser retornades a la fam\u00edlia perqu\u00e8 ja era mort. Explica que el dia abans, de nit, despr\u00e9s de caminar uns 18 quil\u00f2metres en direcci\u00f3 al front han passat per la vora d&#8217;un poble i arreu est\u00e0 ple de soldats de forma que, per a passar la nit els ha calgut construir cabanes. Estan molt a prop del front, per\u00f2 encara no son a les trinxeres. Segueixen junts els sis santjoanencs m\u00e9s un de Viladordis amb qui ja havien fet el servei militar a Manresa. En diverses cartes fa esment de que plou sovint.<\/p>\n<p>La situaci\u00f3 que descriu concorda perfectament amb la resposta (07\/01\/2003) a la pregunta sobre registre d\u2019operacions de la 38\u00aa Brigada pel maig de 1938, feta a l\u2019Arxiu Militar d\u2019\u00c0vila:<\/p>\n<p>Destins. Ordre de marxa del dia 18\/05\/1938:<\/p>\n<ul>\n<li>1er Batall\u00f3: \u201cCaserios\u201d a l\u2019Est de Bellmunt.<\/li>\n<li>2on Batall\u00f3: Masies de Penelles. (<em>batall\u00f3 al que estava adscrit en Ton<\/em>)<\/li>\n<li>3er Batall\u00f3: Km 13-14 Carretera Montgai-Buts\u00e8nit.<\/li>\n<li>4ar Batall\u00f3: Al N de Montgai.<\/li>\n<li>Hora de l\u2019ordre de Partida per als 4 batallons : 0h 15\u2019 del 19\/05\/1938<\/li>\n<li>Establir el Lloc de comandament de la Brigada a Montgai<\/li>\n<li>Establir els llocs de comandament dels batallons a triar.<\/li>\n<li>Missi\u00f3:Establir la for\u00e7a Buts\u00e8nit<\/li>\n<li>Missi\u00f3 de la Brigada: Quedar com a reserva.<\/li>\n<\/ul>\n<p>Per tant el poble que descriu l\u2019Antoni Vil\u00e0 en la seva carta be podia \u00e9sser Penelles i haurien quedat a la rereguarda al Nord del poble, a uns 6 \u00f3 7 quil\u00f2metres del front.<\/p>\n<h4><span style=\"color: #000000;\"><strong>Molta correspond\u00e8ncia<\/strong><\/span><\/h4>\n<p>Durant aquells vint-i-quatre dies, en Ton escriu for\u00e7a sovint a casa: 7 cartes i 5 targes postals. Tamb\u00e9 ho fa per compte d&#8217;altres companys analfabets, situaci\u00f3 en que es troba la major part de la poblaci\u00f3 com es el cas dels que resten a Cal Vermell. Les seves filles son encara massa petites com per a poder llegir. L&#8217;escolaritzaci\u00f3, per aquells anys, es feia molt m\u00e9s tard i a m\u00e9s a m\u00e9s, degut a la guerra, moltes escoles romanien tancades. Per aix\u00f2 les cartes a Cal Vermell les hi llegeix i les escriu la Conxita Bacardit de Cal Biel, una cunyada del seu germ\u00e0 Joan. En aquest sentit en Ton era un &#8220;privilegiat&#8221;: havia estudiat al Seminari, sabia mecanografia i s&#8217;expressava en un catal\u00e0 molt correcte, d&#8217;acurada sintaxi.<\/p>\n<p>En totes les missives es mostra molt preocupat per la sort del ser germ\u00e0, tamb\u00e9 al front i que, com s&#8217;ha dit, la fam\u00edlia en desconeix el parador. Sovint te records per al fill d&#8217;aquest, l&#8217;Isidre a qui anomena l'&#8221;Isidret&#8221; o el &#8220;Tremendo&#8221;. Se&#8217;l veu amo\u00efnat pel seu pare, que ha de carregar amb tota la feina de pag\u00e8s que abans compartia amb ell i el seu germ\u00e0. Tamb\u00e9 per la mare: no para de donar-li \u00e0nims i dir-li que la guerra s&#8217;acabar\u00e0 aviat. Per\u00f2 sobretot per la seva esposa i per l&#8217;evoluci\u00f3 d&#8217;una forta infecci\u00f3 a l&#8217;orella que tenia en marxar ell. I per les seves filles a qui dedica les frases m\u00e9s entranyables.<\/p>\n<p>El 21 de maig envia la seva darrera tarja postal.<\/p>\n<h4><span style=\"color: #000000;\"><strong>Les darreres esperances d&#8217;eludir les trinxeres es fonen<\/strong><\/span><\/h4>\n<p>En Ton parla a la seves cartes de gestions que hauria fet o hauria hagut de fer el Joan de la Pela per mirar de que fos alguna cosa aix\u00ed com reclamat com a imprescindible a la saboneria i que per tant fos allunyat del front&#8230; per\u00f2 no hi va haver resposta. Finalment es va presentar a la seva companyia per fer de mecan\u00f2graf i ocupar un lloc administratiu que comportaria menys risc, per\u00f2 no va ser ell dels triats.<\/p>\n<h4><span style=\"color: #000000;\"><strong>La Batalla de Balaguer<\/strong><\/span><\/h4>\n<p>L&#8217;Estat Major republic\u00e0, (quin cap era el general Vicente Rojo), orden\u00e0 al tinent coronel Juan Perea Capulino, comandant de l&#8217;Ex\u00e8rcit de l&#8217;Est, llen\u00e7ar una ofensiva contra la l\u00ednia de front establerta al Segre i la Noguera Pallaresa que havia de comen\u00e7ar el dies immediats al 18 de maig de 1938.<\/p>\n<p>Amb aquesta acci\u00f3 els republicans pretenien trencar les l\u00ednies enemigues i avan\u00e7ar fins al Cinca per establir contacte amb la 43 Divisi\u00f3 encerclada a Bielsa, a\u00efllar les tropes que acabaven d&#8217;ocupar la Vall d&#8217;Aran a l&#8217;hora que obligar a desprotegir la ribera de l&#8217;Ebre, per on estava prevista l&#8217;altra gran contraofensiva, destinada a reunificar el territori sota control de la Rep\u00fablica. Per\u00f2 sobretot es pretenia recuperar el control de punts estrat\u00e8gics com embassaments i centres de producci\u00f3 hidroel\u00e8ctrica a les conques del Segre i la Noguera Pallaresa Cal recordar que Barcelona estava mancada d&#8217;energia el\u00e8ctrica i que, mesos m\u00e9s tard, el control d&#8217;aquests embassaments per part de les tropes nacionals durant la Batalla de l&#8217;Ebre els hi va permetre obrir-ne les comportes y fer pujar extraordin\u00e0riament el cabal del riu dificultant molt l&#8217;aven\u00e7 republic\u00e0.<\/p>\n<div>\n<table style=\"height: 391px;\" width=\"304\" cellspacing=\"0\" cellpadding=\"5\" border=\"0\" align=\"left\">\n<tbody>\n<tr>\n<td><a href=\"https:\/\/www.calvermell.cat\/wordpress\/wp-content\/uploads\/BatalladeBalaguer.jpg\"><img loading=\"lazy\" decoding=\"async\" style=\"border: 1px solid black;\" title=\"Ofensiva sobre el cap de pont de Balaguer del 22 al 29 de maig. Les \u00e0rees ombrejades amb lila amb lila son les \u00faniques que aconsegu\u00ed l'ex\u00e8rcit roig. Autor: Pol Galit\u00f3.\" src=\"\/wordpress\/wp-content\/uploads\/BatalladeBalaguer.jpg\" alt=\"Ofensiva al cap de pont de Balaguer\" width=\"290\" height=\"350\" border=\"0\"><\/a><\/td>\n<\/tr>\n<tr>\n<td valign=\"top\"><span style=\"font-size: xx-small;\"><span style=\"color: #000000;\">Ofensiva sobre el cap de pont de Balaguer del 22 al 29 de maig. Les \u00e0rees ombrejades amb lila son les \u00faniques que consegu\u00ed l&#8217;ex\u00e8rcit roig. Autor: Pol Galit\u00f3.<\/span><br \/>\n<\/span><\/td>\n<\/tr>\n<\/tbody>\n<\/table>\n<\/div>\n<p>De la import\u00e0ncia que el comandament republic\u00e0 donava a aquesta empresa en diu molt el contingent que s&#8217;hi va esmer\u00e7ar: m\u00e9s de 160.000 homes, una quantitat mai mobilitzada fins llavors, fins i tot superior al de la Batalla de l&#8217;Ebre.<\/p>\n<p>D&#8217;aquells fets es recorden enfrontaments d&#8217;extrema duresa com els de Les Pedres d&#8217;Aul\u00f3 (Pallars Sobir\u00e0), Sant Corneli (Juss\u00e0) o el Merengue (Noguera), per\u00f2 si be han quedat a la mem\u00f2ria col\u00b7lectiva aquests llocs, els enfrontaments d&#8217;enorme virul\u00e8ncia amb grans p\u00e8rdues humanes, es repetiren per tota la l\u00ednia del front.<\/p>\n<p>La responsabilitat de l&#8217;operaci\u00f3 contra el cap de pont de Balaguer, que ser\u00e0 coneguda com la Batalla de Balaguer, recaur\u00e0 al XVIII Cos d&#8217;Ex\u00e8rcit, a les ordres del tinent coronel Jos\u00e9 del Barrio. S&#8217;enfrontar\u00e0 al Cuerpo de Ej\u00e9rcito de Arag\u00f3n a les ordres del general Jos\u00e9 Moscard\u00f3. L&#8217;ex\u00e8rcit republic\u00e0 es distribueix aix\u00ed: A la 60 Divisi\u00f3 se li encomana la zona sud, la resist\u00e8ncia la constitu\u00efa principalment Vallfogona de Balaguer i l&#8217;Ermita del Pedr\u00eds. La 27 Divisi\u00f3 ha d&#8217;encarregar-se de la zona nord, entre el pant\u00e0 de Sant Lloren\u00e7 de Montgai i la Sentiu. I a la 72 Divisi\u00f3 (la d&#8217;en Ton), a les ordres del coronel Bux\u00f3, li correspon la zona centre, entre la Sentiu i la carretera de T\u00e0rrega a Balaguer. \u00c9s la que en sortir\u00e0 m\u00e9s mal parada.<\/p>\n<p>La matinada del diumenge 22 de maig comen\u00e7a l&#8217;ofensiva republicana amb un intens foc artiller i de l&#8217;aviaci\u00f3 contra les posicions enemigues, despr\u00e9s entra en acci\u00f3 la infanteria i al pant\u00e0 de Sant Lloren\u00e7 aconsegueix fer-les retirar fins a la riba dreta del Segre. Tamb\u00e9 assoleix ocupar lo Morinyol. Per\u00f2 ser\u00e0 l&#8217;\u00fanic que s&#8217;aconseguir\u00e0 i, malgrat que els combats son molt acarnissats arreu, els atacants no aconsegueixen llurs objectius. A la Sentiu es combat entre els <a href=\"https:\/\/www.calvermell.cat\/wordpress\/wp-content\/uploads\/Mapa.jpg\" target=\"_self\"> turons de les Serres del Camp, dominats per les tropes nacionals de la 54 Divisi\u00f3 i els de la Serra de Morinyol<\/a>, ocupades als primers moments per les republicanes de la 72. El Cam\u00ed de Bellcaire feia de l\u00ednia divis\u00f2ria de les forces i tamb\u00e9 s&#8217;hi va lluitar amb gran intensitat. Atacs frontals de la infanteria republicana que a, base de moltes p\u00e8rdues, arriba a conquerir la posici\u00f3 contr\u00e0ria. Contraatacs dels feixistes que tornen a recuperar-la: es limiten a defensar la posici\u00f3. Les cr\u00f2niques recullen que el tur\u00f3 de la cota 347 fins a set cops canvi\u00e0 de mans. Moltes baixes per ambd\u00f3s b\u00e0ndols, especialment al republic\u00e0.<\/p>\n<div>\n<table style=\"height: 226px;\" width=\"278\" cellspacing=\"0\" cellpadding=\"5\" border=\"0\" align=\"right\">\n<tbody>\n<tr>\n<td><a href=\"https:\/\/www.calvermell.cat\/wordpress\/wp-content\/uploads\/DSC01550.JPG\"><img loading=\"lazy\" decoding=\"async\" style=\"border: 1px solid black;\" title=\"Tur\u00f3 de la cota 347 i camps de &quot;Lo Prat&quot; vistos des de ponent de &quot;Lo Morinyol&quot;\" src=\"\/wordpress\/wp-content\/uploads\/DSC01550.JPG\" alt=\"Cota 347\" width=\"267\" height=\"199\" border=\"0\"><\/a><\/td>\n<\/tr>\n<tr>\n<td valign=\"top\" align=\"right\"><span style=\"color: #ffffff;\"><span style=\"font-size: xx-small;\"><span style=\"color: #000000;\">Tur\u00f3 de la cota 347 i camps de &#8220;Lo Prat&#8221; vistos des de ponent <\/span>de &#8220;Lo Morinyol&#8221;<\/span><\/span><\/td>\n<\/tr>\n<\/tbody>\n<\/table>\n<\/div>\n<p>Del que es despr\u00e8n de les ordres rebudes a la 38\u00aa Brigada pels 4 batallons, el 2on que era el del Ton i els seus companys de Sant Joan, ocupava la part m\u00e9s meridional. Sabent que els combats a la zona centre d&#8217;aquell semicercle es van desenvolupar entre les Serres del Camp i el poble de la Sentiu, \u00e9s de suposar que els tocaria la zona dels turons acostant-s&#8217;hi des la part sud d&#8217;aquests. Aquesta suposici\u00f3 ve corroborada pel testimoni de Ramon Galit\u00f3, supervivent del 2on batall\u00f3 4a companyia. <a href=\"https:\/\/www.calvermell.cat\/wordpress\/wp-content\/uploads\/Mapa.jpg\" target=\"_self\">Mireu-ho al mapa<\/a>. La virul\u00e8ncia i acarnissament que revestiren els combats en aquests turons fa pensar que era degut a la seva posici\u00f3 estrat\u00e8gica i per on el comandament republic\u00e0 esperava poder trencar les l\u00ednies enemigues.<\/p>\n<p>El dilluns 23 i el dimarts 24 de maig les accions es desenvolupen de forma semblant amb la mateixa estrat\u00e8gia republicana: bombardeig de l&#8217;artilleria i l&#8217;aviaci\u00f3 per preparar el terreny per on la infanteria, acompanyada d&#8217;unitats blindades, s&#8217;estavella una vegada rere l&#8217;altre contra les defenses enemigues. Al cap de tres dies de lluita les p\u00e8rdues humanes i materials per ambd\u00f3s b\u00e0ndols son enormes.<\/p>\n<p>El 25 els republicans es veuen obligats a deturar l&#8217;ofensiva i rellevar part de les seves forces: la 72 Divisi\u00f3 de Tag\u00fce\u00f1a substitueix davant Vallfogona de Balaguer la 60 que s&#8217;havia mostrat com la m\u00e9s inefica\u00e7. La 46 Divisi\u00f3 del &#8220;Campesino&#8221; substitueix entre la Sentiu i la carretera a la 72 que, molt castigada, queda a la reraguarda per poder reorganitzar-se. Roman a les seves posicions del sector nord, sense relleu, la 27. Les tropes feixistes tamb\u00e9 es reorganitzen i la 54 Divisi\u00f3 que \u00e9s la que havia rebut m\u00e9s c\u00e0stig al sector centre, \u00e9s substitu\u00efda per la 53. Aquell dia el president del govern republic\u00e0, Negr\u00edn i el general Rojo visiten el front.<\/p>\n<p>El 26 es reprenen els combats amb tanta virul\u00e8ncia com els primers dies i els mateixos resultats. Encara es perllongaran fins a la matinada del 29 quan l&#8217;ex\u00e8rcit republic\u00e0 es veu obligat a deturar definitivament l&#8217;ofensiva. Un comunicat em\u00e8s el 28 ordena &#8220;.<em>..se ha dispuesto que el Ej\u00e9rcito del Este pase provisionalmente a una defensa activa sobre las posiciones \u00faltimamente conquistadas<\/em>&#8221; Es tractava d&#8217;amagar que l&#8217;atac al cap de pont de Balaguer i l&#8217;ofensiva a tot el front de la Noguera Pallaresa i el Segre havien fracassat i les posicions romanien m\u00e9s o menys que al comen\u00e7ament. Per\u00f2 amb unes p\u00e8rdues enormes.<\/p>\n<h4><span style=\"color: #000000;\"><strong>Sense not\u00edcies d&#8217;en Ton<\/strong><\/span><\/h4>\n<p>Per for\u00e7a han d&#8217;arribar a casa not\u00edcies de la desfeta de Balaguer. Per\u00f2 cap de certa sobre la sort d&#8217;en Ton. Cal recordar que tampoc coneixen el parador de l&#8217;altre fill, en Joan. La fam\u00edlia veu com li son retornades les cartes sense cap explicaci\u00f3 i inicia diverses gestions a trav\u00e9s de la Comand\u00e0ncia Militar i del Socors Roig de Catalunya. Aviat reben la fat\u00eddica resposta confirmada per les diverses fonts: havia mort el 23 de maig.<\/p>\n<div>\n<table style=\"height: 197px;\" width=\"287\" cellspacing=\"0\" cellpadding=\"5\" border=\"0\" align=\"right\">\n<tbody>\n<tr>\n<td><a href=\"https:\/\/www.calvermell.cat\/wordpress\/wp-content\/uploads\/1-7-38b012.jpg\"><img loading=\"lazy\" decoding=\"async\" style=\"border: 0pt none;\" title=\"Tarja del Socors Roig informant sobre la mort d'en Ton\" src=\"\/wordpress\/wp-content\/uploads\/1-7-38b012.jpg\" alt=\"Tarja del Socors Roig\" width=\"297\" height=\"195\" border=\"0\"><\/a><\/td>\n<\/tr>\n<tr>\n<td valign=\"top\" align=\"right\"><span style=\"color: #000000;\"><span style=\"font-size: xx-small;\">Tarja del Socors Roig informant sobre la mort d&#8217;en Ton<\/span><\/span><\/td>\n<\/tr>\n<\/tbody>\n<\/table>\n<\/div>\n<p>La resta de companys, tot i que tingueren millor sort, tampoc en varen sortir ben parats: En Jaume Ortonobas, de Cal Taul\u00e9, ve \u00e9sser el primer a caure: result\u00e0 ferit i va quedar coix per sempre m\u00e9s. Va poder avisar a la seva fam\u00edlia aviat perqu\u00e8, en en trajecte d&#8217;evacuaci\u00f3 cap a l&#8217;hospital de Sabadell, va coincidir en una estaci\u00f3 amb un altre santjoanenc. Molt m\u00e9s tard, en tornar al poble, explicar\u00e0 que quan el retiraven en llitera va passar pel seu costat en Ton que va exclamar &#8220;Pobre Jaume!&#8221;. El &#8220;pubill de Cal Pinyana&#8221;, segons la seva filla, en veure&#8217;s en greu perill va decidir que &#8220;mort per mort&#8221; millor desertar i va fugir cap al poble de Gavarra de on era fill (Cap a Coll de Narg\u00f3). No li deuria resultar gens f\u00e0cil per\u00f2 era home de bosc i aix\u00f2, sens dubte, deuria ajudar-lo molt. Va deixar passar molt de temps abans de posar-se en contacte amb la fam\u00edlia. Pel que fa a en Joan Iglesias de Cal Frare, els seus fills recorden que els explicava que fou fet presoner a Camarasa juntament amb dos m\u00e9s de Sant Joan. Va estar pres dos anys, entre altres llocs a Barbastre i Miranda d&#8217;Ebre. Tamb\u00e9 recorden haver sentit contar al seu pare que havia quedat molt impressionat en veure a un company de Sant Joan mort en una trinxera, en algun lloc entre Balaguer i Camarasa. Aquesta podria \u00e9sser una mostra del que represent\u00e0 la Batalla de Balaguer per al b\u00e0ndol republic\u00e0: de 6 companys un de mort, un de ferit, tres presoners i un d&#8217;emboscat. A casa contaven que en ple combat alg\u00fa (suposem que el Joan de Cal Frare) va avisar al Ton dient-li &#8220;Ton! Ton! Que toquen retirada!&#8221; per\u00f2 en Ton no es va moure, era mort.<\/p>\n<p>A la p\u00e0gina web &#8220;Els morts de la guerra civil a Manresa (1936-39)&#8221; hi ha enregistrats set manresans morts o desapareguts al front de Balaguer entre el 23 i el 27 de maig. Tamb\u00e9 quatre a Sant Corneli, un a les Pedres d&#8217;Aul\u00f3 i un a l&#8217;hospital dels Banys de Sant Vicen\u00e7.<\/p>\n<div>\n<table style=\"height: 336px;\" width=\"261\" cellspacing=\"0\" cellpadding=\"5\" border=\"0\" align=\"left\">\n<tbody>\n<tr>\n<td><a href=\"https:\/\/www.calvermell.cat\/wordpress\/wp-content\/uploads\/27-6-38010.jpg\"><img loading=\"lazy\" decoding=\"async\" style=\"border: 0pt none;\" title=\"Ofici de la XXXVIII Brigada Mixta comunicant la mort d'en Ton\" src=\"\/wordpress\/wp-content\/uploads\/27-6-38010.jpg\" alt=\"Ofici de la XXXVIII Brigada\" width=\"260\" height=\"313\" border=\"0\"><\/a><\/td>\n<\/tr>\n<tr>\n<td valign=\"top\"><span style=\"color: #000000;\"><span style=\"font-size: xx-small;\">Ofici de la XXXVIII Brigada Mixta comunicant la mort d&#8217;en Ton<\/span><\/span><\/td>\n<\/tr>\n<\/tbody>\n<\/table>\n<\/div>\n<h4><strong>Foses comunes<\/strong><\/h4>\n<p>No podem saber que se&#8217;n va fer del seu cad\u00e0ver. Sabem que molts foren enterrats all\u00e0 mateix i que altres van ser retirats en camions. Tampoc sabem si del seu cos se&#8217;n van ocupar els nacionals o els republicans. El Sr. Ramon Galit\u00f3 ens va dir que ell mateix va veure alguns camions que s&#8217;enduien cad\u00e0vers no sap on, qui sap si a Bellmunt. El Sr. Ramon Masana, pag\u00e8s de la Sentiu, propietari d&#8217;una part d&#8217;aquella zona recorda que a finals dels anys 60 es va repoblar d&#8217;arbres tota aquella zona i que van sortir gran quantitat d&#8217;ossos humans sobretot a la part sud de la cota 328 (nacional) per\u00f2 no es van entretenir a recollir-los. Hem comprovat que l&#8217;efecte de les m\u00e0quines erugues va ser devastador, no queda cap rastre de trinxera all\u00e0 on hi ha bosc. Nom\u00e9s hi ha restes en zones pedregoses dels cims del tur\u00f3 de la cota 347 (nacional), al tur\u00f3 de Lo Morinyol (conquerit pels republicans) i sobretot, la trinxera m\u00e9s sencera a la falda del tur\u00f3 de la cota 338, tamb\u00e9 en mans dels republicans. Si les nostres suposicions fossin certes en Ton podria haver passat per aquesta trinxera en la que encara hi ha cambres excavades per emmagatzemar material o aixoplugar-se.<\/p>\n<p>Quan a finals dels anys 70 amb el retorn de la democr\u00e0cia a Cal Vermell van buscar papers per tal que la Isabel pod\u00e9s cobrar pensi\u00f3 de vidu\u00eftat es va escriure a l&#8217;ajuntament de Balaguer per si hi havia el seu nom registrat al cementiri. La resposta va ser negativa per\u00f2 tamb\u00e9 que no es van registrar tots els enterrats per impossibilitat f\u00edsica degut al gran nombre de morts. Es recordaven imatges dantesques d&#8217;apilaments de cad\u00e0vers esperant rebre sepultura.<\/p>\n<p>Ja es pot suposar que si hi van haver enterraments en els extensos camps on hi hagueren els combats ara no en deu quedar res degut al treball dels tractors. Els soldats republicans no portaven identificacions personals aix\u00ed que seria molt dif\u00edcil d&#8217;identificar-los ni que s&#8217;hagu\u00e9s volgut fer.<\/p>\n<p>Tot plegat fa retornar a la ment aquella frase tant curta i colpidora com una bala, d&#8217;aquell cartell pacifista d&#8217;un soldat caient desplomat sobre els seus genolls amb els bra\u00e7os estesos.<\/p>\n<div>\n<table cellspacing=\"0\" cellpadding=\"0\" border=\"0\">\n<tbody>\n<tr>\n<td><span style=\"color: #000000;\"><em><strong>Per Qu\u00e8!<\/strong><\/em><\/span><\/p>\n<p><em>Senyor sant Jordi patr\u00f3,<br \/>\ncavaller sense por,<br \/>\nguarda&#8217;ns sempre del crim<br \/>\nde la guerra civil.<br \/>\nAllibera&#8217;ns dels nostres pecats<br \/>\nd&#8217;avar\u00edcia i enveja,<br \/>\ndel drac de la ira<br \/>\ni de l&#8217;odi entre germans,<br \/>\nde tot altre mal.<br \/>\nAjuda&#8217;ns a mer\u00e8ixer la pau<br \/>\ni salva la parla de la gent catalana.<br \/>\nAm\u00e9n.<\/em><\/td>\n<\/tr>\n<\/tbody>\n<\/table>\n<\/div>\n<div>\n<table style=\"height: 308px;\" width=\"399\" cellspacing=\"0\" cellpadding=\"0\" border=\"0\">\n<tbody>\n<tr>\n<td><span style=\"color: #000000;\"><strong>Fonts i Bibliografia<\/strong><\/span><\/p>\n<ul>\n<li>Arxiu General Militar d\u2019\u00c0vila.<\/li>\n<li>Arxiu Maria Vil\u00e0 i Santamaria (Cal Vermell, Sant Joan de Vilatorrada).<\/li>\n<li><a href=\"http:\/\/www.guiamanresa.com\/morts\/cat\/1portada\/index.html\" target=\"_blank\" rel=\"noopener noreferrer\">Els morts de la guerra civil a Manresa (1936-39)<\/a><\/li>\n<li>Fam\u00edlies Iglesias (Cal Frare) i Capdevila (Cal Pinyana) de Sant Joan de Vilatorrada.<\/li>\n<li><a href=\"http:\/\/www.pageseditors.com\/conts.aspx?ac=lliaut&amp;nom=Les+batalles+del+Segre+i+la+Noguera+Pallaresa.+\" target=\"_blank\" rel=\"noopener noreferrer\">Galit\u00f3, Pol; Gimeno, Manuel; Pita, Rodrigo i Tarragona, Josep \u201cLes Batalles del Segre i la Noguera Pallaresa\u201d Pag\u00e8s Editors. Lleida 2006<\/a>.<\/li>\n<li>Galit\u00f3, Ramon, de Linyola. Lleva del Biber\u00f3. Integrant del 2on batall\u00f3 4a Companyia de la 72a Divisi\u00f3 38a brigada.<\/li>\n<li>Massana, Ramon, de La Sentiu de Si\u00f3.<\/li>\n<li><a href=\"http:\/\/www.publicacions.udl.cat\/llibre.php?ref=347\" target=\"_blank\" rel=\"noopener noreferrer\">Universitat de Lleida \u201cUn camp de batalla de la Guerra Civil al front del Segre: El Merengue i la Lleva del Biber\u00f3 (1938)\u201d<\/a><\/li>\n<\/ul>\n<\/td>\n<\/tr>\n<tr>\n<td><span style=\"color: #000000;\"><strong>Enlla\u00e7os relacionats<\/strong><\/span><\/p>\n<ul>\n<li><a href=\"http:\/\/www.memoriacatalunya.org\/\" target=\"_blank\" rel=\"noopener noreferrer\">Associaci\u00f3 per la recuperaci\u00f3 de la mem\u00f2ria hist\u00f2rica de Catalunya<\/a><\/li>\n<li><a href=\"http:\/\/www.memoriahistorica.org\/\" target=\"_blank\" rel=\"noopener noreferrer\">Asociaci\u00f3n para la recuperaci\u00f3n de la memoria hist\u00f3rica<\/a><\/li>\n<li><a href=\"http:\/\/www.pageseditors.com\/conts.aspx?ac=lliaut&amp;nom=Itineraris+pel+front+del+Segre\" target=\"_blank\" rel=\"noopener noreferrer\">Huguet, M\u00aa Llu\u00efsa i Segura, Joan-Ramon \u201cItineraris pel front del Segre\u201d Pag\u00e8s Editors. Lleida 2005<\/a>.<\/li>\n<li><a href=\"http:\/\/www.mailxxi.com\/guerracivil\/cat\/index0.html\" target=\"_blank\" rel=\"noopener noreferrer\">Oliva, Jordi \u201cEls morts per la Guerra Civil a la Segarra\u201d<\/a><\/li>\n<li><a href=\"http:\/\/www.raco.cat\/index.php\/Ebre\/article\/viewFile\/39454\/39328\" target=\"_blank\" rel=\"noopener noreferrer\">Romero Garcia, Eladi. \u201cLa Guerra Civil en Catalunya y los caminos de la memoria\u201d. Ebre-38, Revista Internacional de la Guerra Civil, n\u00ba 1 (2003)<\/a><\/li>\n<\/ul>\n<\/td>\n<\/tr>\n<\/tbody>\n<\/table>\n<\/div>\n","protected":false},"excerpt":{"rendered":"<p>Santjoanencs al front del Segre Es coneix com a Batalla de Balaguer la contraofensiva fallida de l&#8217;ex\u00e8rcit republic\u00e0 durant la guerra civil, entre el 22 i el 28 de maig del 38, per tal d&#8217;eliminar el cap de pont establert &hellip; <a href=\"https:\/\/www.calvermell.cat\/wordpress\/?page_id=157\">Continua llegint <span class=\"meta-nav\">&rarr;<\/span><\/a><\/p>\n","protected":false},"author":1,"featured_media":0,"parent":113,"menu_order":3,"comment_status":"closed","ping_status":"closed","template":"","meta":{"ngg_post_thumbnail":0,"footnotes":""},"class_list":["post-157","page","type-page","status-publish","hentry"],"_links":{"self":[{"href":"https:\/\/www.calvermell.cat\/wordpress\/index.php?rest_route=\/wp\/v2\/pages\/157","targetHints":{"allow":["GET"]}}],"collection":[{"href":"https:\/\/www.calvermell.cat\/wordpress\/index.php?rest_route=\/wp\/v2\/pages"}],"about":[{"href":"https:\/\/www.calvermell.cat\/wordpress\/index.php?rest_route=\/wp\/v2\/types\/page"}],"author":[{"embeddable":true,"href":"https:\/\/www.calvermell.cat\/wordpress\/index.php?rest_route=\/wp\/v2\/users\/1"}],"replies":[{"embeddable":true,"href":"https:\/\/www.calvermell.cat\/wordpress\/index.php?rest_route=%2Fwp%2Fv2%2Fcomments&post=157"}],"version-history":[{"count":51,"href":"https:\/\/www.calvermell.cat\/wordpress\/index.php?rest_route=\/wp\/v2\/pages\/157\/revisions"}],"predecessor-version":[{"id":868,"href":"https:\/\/www.calvermell.cat\/wordpress\/index.php?rest_route=\/wp\/v2\/pages\/157\/revisions\/868"}],"up":[{"embeddable":true,"href":"https:\/\/www.calvermell.cat\/wordpress\/index.php?rest_route=\/wp\/v2\/pages\/113"}],"wp:attachment":[{"href":"https:\/\/www.calvermell.cat\/wordpress\/index.php?rest_route=%2Fwp%2Fv2%2Fmedia&parent=157"}],"curies":[{"name":"wp","href":"https:\/\/api.w.org\/{rel}","templated":true}]}}