{"id":827,"date":"2016-04-05T00:22:57","date_gmt":"2016-04-04T23:22:57","guid":{"rendered":"http:\/\/www.calvermell.cat\/wordpress\/?page_id=827"},"modified":"2019-12-26T13:35:37","modified_gmt":"2019-12-26T12:35:37","slug":"els-nostres-ancestres-de-fals","status":"publish","type":"page","link":"https:\/\/www.calvermell.cat\/wordpress\/?page_id=827","title":{"rendered":"Els nostres ancestres de Fals"},"content":{"rendered":"<p>Cal Canonge \u00e9s una casa del carrer Santa Eul\u00e0lia de Sant Joan de Vilatorrada. En foren els fundadors Antoni Vil\u00e0 i Casals (#1852 +&gt;1906) i Rosa Vilanova i Feliu (#1855 +&gt;1906) que s\u2019hi establiren entre 1881 i 1889, provinents de Can Server.<\/p>\n<p>Antoni Vil\u00e0 era fadr\u00ed de Cal Canonge de Fals i la casa de Sant Joan va heretar el mateix nom.<\/p>\n<p>Aquest treball recull la genealogia dels Vil\u00e0 de Cal Canonge de Sant Joan i els seus ancestres de Fals, fins on coneixem a data d\u2019avui.<\/p>\n<p>L\u2019estudi geneal\u00f2gic resulta molt m\u00e9s f\u00e0cil quan disposem dels registres eclesi\u00e0stics. Per\u00f2 els de la parr\u00f2quia de Sant Vicen\u00e7 de Fals es van consumir entre mig de la flama revolucion\u00e0ria de 1936. Una altra bona font informativa serien els arxius de la casa de dels Ducs de Medinaceli, hereus per casament de la casa ducal de Cardona. Per\u00f2 a aquest important arxiu, avui per avui, \u00e9s pr\u00e0cticament impossible accedir-hi.<\/p>\n<p>Malgrat aquests inconvenients, dues circumst\u00e0ncies excepcionals ens han perm\u00e8s recular en la genealogia familiar:<\/p>\n<div style=\"width: 318px\" class=\"wp-caption alignleft\"><img loading=\"lazy\" decoding=\"async\" class=\"\" src=\"https:\/\/www.calvermell.cat\/wordpress\/wp-content\/uploads\/DSC00828.JPG\" alt=\"\" width=\"308\" height=\"233\"><p class=\"wp-caption-text\">Cal Canonge de Fals en l&#8217;actualitat<\/p><\/div>\n<p>D\u2019una banda la cura que van tenir els hereus de Cal Canonge a conservar tota la documentaci\u00f3 des de l\u2019establiment de la casa fins als nostres dies. Aquest fet poc habitual, ens ha perm\u00e8s con\u00e8ixer detalls, sobretot de les darreres generacions: on van viure, quin era el seu mitj\u00e0 de subsist\u00e8ncia i el seu estatus econ\u00f2mic. Resten per\u00f2 documents que encara no s\u2019han transcrit. Avui per avui son il\u00b7legibles, perqu\u00e8 la tinta s\u2019ha esva\u00eft, tal vegada ser\u00e0 possible trobar la forma de llegir-los m\u00e9s endavant.<\/p>\n<p>D\u2019altra banda, el minuci\u00f3s i aprofundit, rigor\u00f3s en definitiva, treball d\u2019investigaci\u00f3 realitzat pel Grup d\u2019Estudi i Divulgaci\u00f3 de la Hist\u00f2ria de Fals que, d\u2019en\u00e7\u00e0 el 2004 i durant cinc anys, va publicar els resultats dels seus estudis mitjan\u00e7ant la revista \u00ab<a href=\"http:\/\/www.acrfals.com\/acrfalic.htm\" target=\"_blank\" rel=\"noopener noreferrer\">Falchs<\/a>\u00bb. El resultat \u00e9s un compendi cronol\u00f2gic dels antecedents hist\u00f2rics i geneal\u00f2gics de totes les cases i masos del terme, des de l\u2019Edat Mitjana fins als nostres dies. De les fam\u00edlies que els fundaren o els posse\u00efren o d\u2019aquelles que hi habitaren. El 2009 va veure la llum una compilaci\u00f3 revisada d\u2019aquells treballs a cura d\u2019Ernest Molins i Roca sota el t\u00edtol de \u00ab<a href=\"http:\/\/www.acrfals.com\/2009-06-27.htm\" target=\"_blank\" rel=\"noopener noreferrer\">Fals, les cases<\/a>\u00bb (Zenobita edicions).<\/p>\n<p>Aquest treball ens ha perm\u00e8s recular molt en l\u2019arbre geneal\u00f2gic d\u2019una de les branques dels nostres ancestres. Per\u00f2 queda encara feina per fer. Especialment sobre els or\u00edgens dels Vil\u00e0 a partir del segle XVIII endarrere. Una tasca que, per les raons que apunt\u00e0vem, es veur\u00e0 limitada a la consulta dels protocols notarials. Requereix temps i dedicaci\u00f3: \u00e9s com buscar una agulla en un paller.<\/p>\n<p>L\u2019origen del nom \u00abCanonge\u00bb de moment tamb\u00e9 \u00e9s incert. Algunes evid\u00e8ncies suggereixen que prov\u00e9 de la branca Vil\u00e0, per\u00f2 altres farien pensar que \u00e9s llegat dels Grau.<\/p>\n<p>No espereu trobar en aquest treball grans hist\u00f2ries, personatges o fets excepcionals. Els nostres ancestres de Fals seguiren la pauta de la societat rural catalana, alguns petits propietaris, molts rabassaires, pagesos abocats a una lluita constant per conservar els masos i a migrar sovint en busca de mitjans de subsist\u00e8ncia.<\/p>\n<p>Tot plegat emmarcat en el context hist\u00f2ric i circumst\u00e0ncies que els hi va tocar viure i que deurien influir en les seves vides.<\/p>\n<p><strong><a href=\"https:\/\/www.calvermell.cat\/webtrees\/module.php?mod=fancy_treeview&amp;mod_action=page&amp;rootid=i1650&amp;ged=Cal%20Canonge.ged\" target=\"_blank\" rel=\"noopener noreferrer\">Tom\u00e0s de Torreblanca i Margarida \u00e7a Pobla<\/a><\/strong><\/p>\n<p>El Tom\u00e0s i la Margarida son els nostres avantpassats m\u00e9s antics dels que hi ha const\u00e0ncia documental.<\/p>\n<p>En tenim not\u00edcies per una \u00e0poca<a href=\"#_ftn1\" name=\"_ftnref1\">[1]<\/a> datada el 1423 quan, en Bernat Mulnell de Sant Salvador de Vallformosa, entreg\u00e0 a Tom\u00e0s de Torreblanca 100 sous, com a complement del dot de la seva neboda Margarida \u00e7a Pobla. S\u2019hi fa constar que Margarida \u00e9s filla de Mart\u00ed \u00e7a Pobla i R\u00f2mia, de S\u00faria. Aix\u00f2 fa suposar que Mart\u00ed era difunt i Bernat actuava com a marmessor. Aquest Bernat Mulnell, \u00e0lies \u00abde\u00e7 Grau\u00bb, era un fadr\u00ed del Mas Grau, altrament conegut com Grau del Pubill o Grau Gros. Tenia com a m\u00ednim tres germans: Guillem, l\u2019hereu, Ram\u00f3n i Jaume \u00e7a Grau, capell\u00e0 que residia a la ciutat de Mallorca. Era normal que els pubills no conservessin el cognom del pare, que restava com a \u00e0lies, sin\u00f3 que adquirissin el de la casa on anaven a parar. Per tant, en Mart\u00ed \u00e7a Pobla, tant podia \u00e9sser un fadr\u00ed del Grau, com un Pobla, cunyat d\u2019en Bernat.<\/p>\n<p>El cognom Pobla recorda un top\u00f2nim indubtablement surienc<a href=\"#_ftn2\" name=\"_ftnref2\">[2]<\/a>.<\/p>\n<p>Tom\u00e0s era l\u2019amo dels mas Torreblanca, avui conegut com Ca n\u2019Oms, situat al marge dret de la riera de Fals, als peus del Collbaix, prop de la carretera de Sant Joan a Calaf.<\/p>\n<p>No sabem qui eren els pares d\u2019en Tom\u00e0s. Hi ha una colla de refer\u00e8ncies al cognom Torreblanca que abracen el per\u00edode compr\u00e8s entre la segona meitat del segle XIII fins a primeries del segle XIV, per\u00f2 manquen moltes baules per poder establir una cadena success\u00f2ria entre els diferents individus.<\/p>\n<p>La menci\u00f3 m\u00e9s antiga als estadants de Torreblanca fa refer\u00e8ncia a un tal <em>Bernardus de Turre Blancha<\/em>, on consta com avalador d\u2019un contracte matrimonial (cap\u00edtols) celebrat davant notari el 1252.<\/p>\n<p>Una sent\u00e8ncia arbitral del 1302 afirma que el mas Torreblanca \u00e9s un alou de Guillem de Falchs. I al testament de Bernat de Falchs, de 1348, es pot llegir \u00ab&#8230;<em>et masus de Turriblanca, qui et qua () habeo per alodio libero et francho infra dicti castri de Falchs&#8230;\u00bb<\/em> Sabem dons que era propietat de la fam\u00edlia Falchs, castlans del Castell de Fals i vassalls del Vescomte de Cardona. Per\u00f2 el mas era un alou lliure i franc, aix\u00f2 \u00e9s, que no era una possessi\u00f3 del vescomte.<\/p>\n<p>Hi ha const\u00e0ncia de tres fills del Tom\u00e0s i la Margarida: l\u2019Antoni, l\u2019hereu, el Valent\u00ed i la Margarida.<\/p>\n<p>La vida d\u2019aquesta parella va transc\u00f3rrer \u00edntegrament sota el regnat d\u2019Alfons IV, dit \u00abel Magn\u00e0nim\u00bb, de la dinastia dels Trast\u00e0mara. Durant aquest per\u00edode s\u2019agreujaren les tensions entre els senyors i els remences, que ja venien de molt enrere. El regnat del \u00abMagn\u00e0nim\u00bb va estar marcat per les lluites per la conquesta del Regne de N\u00e0pols. Els habitants de Fals segur que s\u2019hi van veure involucrats directament: Joan Ramon Folc I de Cardona era Almirall d\u2019Arag\u00f3 i comanava l\u2019estol de galeres que el 1423 va assetjar i conquerir N\u00e0pols.<\/p>\n<p>Altres fets destacables d\u2019aquest per\u00edode son els terratr\u00e8mols del 1428, amb epicentre a Queralbs, i el del 1448 amb epicentre a Cardedeu. Amb grans danys materials i mortaldat.<\/p>\n<p>Els castlans de Fals eren per aquells anys els marquesos de Sentmenat, Galzeran Montserrat de Sentmenat i despr\u00e8s la seva v\u00eddua, Elisabet de Cartell\u00e0, senyora de la baronia de Dosrius i de Canyamars. Per matrimoni de la darrera hereva que portava el cognom Falchs (1397), els Sentmenat van esdevenir senyors del terme.<\/p>\n<p>Tom\u00e0s de Torreblanca va morir entre 1451 i 1453. El 1451 va ser un del avaladors en la compra d&#8217;un mas per part d&#8217;Antoni de Comallonga, de Sant Mateu. Quan la seva filla Margarida va fer cap\u00edtols matrimonials el 1453, ja figura com a difunt. La seva muller Margarida \u00e7a Pobla per\u00f2, el va sobreviure.<\/p>\n<p><strong><a href=\"https:\/\/www.calvermell.cat\/webtrees\/family.php?famid=F495&amp;ged=Cal%20Canonge.ged\" target=\"_blank\" rel=\"noopener noreferrer\">Antoni de Torreblanca i Francina de Torreguitzana<\/a><\/strong><\/p>\n<p>A partir de 1451\/53 l\u2019Antoni fou l\u2019hereu d\u2019en Tom\u00e0s i, per tant, amo del mas de Torreblanca. Per\u00f2 residia habitualment a Manresa des de on tenia cura dels seus negocis als masos de Fals on, a banda del de Torreblanca (actualment ca n\u2019Oms), hi havia el del Sol\u00e0 (actualment Torreblanca) i el de Torreguitzana, propietat de Francina despr\u00e8s de la mort de l\u2019hereu, el seu germ\u00e0 Guillem.<\/p>\n<p>El mas Sol\u00e0 \u00e9s ve\u00ed del de Torreblanca situat tamb\u00e9 al marge dret de la riera de Fals, als peus del Collbaix. \u00c9s documentat d\u2019en\u00e7\u00e0 el 1313 quan hi consta com a habitant <em>Ferrarius de Solano de mansi Solano Vallis Turriblancha de Falchs<\/em>.<\/p>\n<p>Els indicis documentals apunten a que els darrers hereus Sol\u00e0 havien anat alienant part del seu patrimoni als ve\u00efns Torreblanca. El 1501 l\u2019Antoni de Torreblanca ja n&#8217;era el propietari i va empenyorar el mas Sol\u00e0 amb totes les seves terres, camps, horts i boscos, etc. a Joan de la Sala, carnisser de Manresa i gendre seu. L&#8217;empenyorament era per 15 lliures corresponents al dot de la seva filla Coloma.<\/p>\n<p>El mas Torreguitzana, de localitzaci\u00f3 incerta, fa segles que va enrunar-se. Sembla per\u00f2 que termenejava amb Torreblanca. La primera not\u00edcia \u00e9s de l\u2019any 1281 quan hi va haver un doble enlla\u00e7 matrimonial entre aquests dos masos: els hereus de cada un, anomenats tots dos Guillem, van casar-se al mateix temps amb fadrines del mas ve\u00ed. Entre aquesta data i el 1493 hi ha diverses refer\u00e8ncies al mas Torreguitzana per\u00f2 que tampoc permeten establir una l\u00ednea success\u00f2ria clara. El darrer titular del mas, un altre Guillem (es veu que era el nom tradicional de la casa) va morir sense descend\u00e8ncia, passant la propietat a la seva germana Francina i, per matrimoni, als Torreblanca.<\/p>\n<p>La ra\u00f3 per la que Antoni i la Francina residien a Manresa la desconeixem. Tal vegada per la seguretat que oferia la ciutat en temps convulsos o per les facilitats que van donar els manresans a la recerca de nous pobladors que tornessin a omplir els carrers i places: els nous habitants tindrien el privilegi de no pagar impostos si decidien instal\u00b7lar-s\u2019hi. Tamb\u00e9 fou una recerca d&#8217;una nova classe burgesa i menestral. Cal considerar que tot aix\u00f2 s\u2019esdevenia despr\u00e8s de la greu crisi demogr\u00e0fica i econ\u00f2mica que havia comportat la pesta negra i la guerra civil (1462-1472).<\/p>\n<p>L\u2019Antoni i la Francina varen tenir tres fills: el Melcior (l\u2019hereu), la Margarida i la ja esmentada Coloma.<\/p>\n<p>El 1503 l\u2019Antoni encara era viu perqu\u00e8 interv\u00e9 en la venda d\u2019una pe\u00e7a de terra erma situada al costat del Mol\u00ed del Rossell a Manresa.<\/p>\n<p><strong><a href=\"https:\/\/www.calvermell.cat\/webtrees\/family.php?famid=F496&amp;ged=Cal%20Canonge.ged\" target=\"_blank\" rel=\"noopener noreferrer\">Melcior de Torreblanca i Joana Comallonga<\/a><\/strong><\/p>\n<p>El successor de l\u2019Antoni fou en Melcior. Hi ha per\u00f2 dos documents de 1519 i 1521 on figura com a hereu un Joan Torreblanca. Tanmateix en Melcior ja apareix com a futur hereu l\u2019any 1494 en un reconeixement de deute juntament amb el seu pare.<\/p>\n<p>Va casar-se amb Joana Comallonga, fadrina del mas Comallonga de Sant Mateu. La noia va venir amb un dot de 15 lliures que el Joan no va cobrar fins el 1522. Hi deuria haver una estreta relaci\u00f3 entre els dos masos, recordem que l\u2019avi d\u2019en Melcior ja havia avalat la compra del mas Comallonga.<\/p>\n<p>El 1503 Melcior va desempenyorar el mas Sol\u00e0 en pagar el dot de 15 lliures de la seva germana Coloma al seu cunyat Joan de la Sala.<\/p>\n<p>La parella va tenir dos fills, Joan, el primog\u00e8nit, i Melcior. El pare els hi va repartir els b\u00e9ns. A en Joan li va deixar el masos de Torreblanca (ara ca n\u2019Oms) i Torreguitzana. I a en Melcior li va correspondre el mas Sol\u00e0 (ara Torreblanca).<\/p>\n<p>Els negocis d\u2019en Joan no deurien ser gaire profitosos i va anar endeutant-se fins al punt que, el 1558, va haver de vendre les propietats a carta de gr\u00e0cia a en Joan Oms, casat amb una n\u00e9ta seva. Amb la compra de la resta de drets als hereus Torreblanca el 1586, en Joan Oms va esdevenir-ne propietari i l\u2019antic mas Torreblanca va passar a anomenar-se Oms (o Ca n\u2019Oms com es coneix avui en dia). L\u2019Oms va fer all\u00f2 que popularment era conegut com \u00abcomprar la pubilla\u00bb.<\/p>\n<p>Melcior deuria morir entre 1532, data en que figura com a venedor d\u2019un tros de terra a Manresa i 1533, quan el seu fill Melcior ja actuava plenament com hereu del Sol\u00e0 en un reconeixement de deute.<\/p>\n<p><strong><a href=\"https:\/\/www.calvermell.cat\/webtrees\/family.php?famid=F497&amp;ged=Cal%20Canonge.ged\" target=\"_blank\" rel=\"noopener noreferrer\">Melcior Torreblanca i Comallonga i Caterina Prat i Pla<\/a><\/strong><\/p>\n<p>Al seg\u00fcent Melcior, com hem vist pel testament del seu pare, li va correspondre el mas Sol\u00e0 que pertanyia a la fam\u00edlia d\u2019en\u00e7\u00e0 que el seu avi Antoni de Torreblanca va adquirir-lo definitivament als hereus Sol\u00e0 que havien anat alienant bona part del seu patrimoni a favor dels Torreblanca. El 1528 Melcior ja habitava al mas.<\/p>\n<p>Va casar-se amb Caterina Prat, filla de Pere Prat i Eul\u00e0lia Pla, amos del mas Prat (ara Gabriela) de Fals i n\u00e9ta de Miquel Pla \u00e0lies \u00abCasa Jussana\u00bb de Rellinars, d\u2019un mas actualment anomenat Casajoana.<\/p>\n<p>L\u2019hereu Prat, el seu cunyat Joan, que no s\u2019estava a Fals sin\u00f3 que feia de sabater (o cisteller) al carrer Sobrerroca de Manresa, segurament que com a garantia de les 50 lliures del dot de Caterina, el 1538 li va vendre a carta de gr\u00e0cia tota l\u2019heretat del mas Prat que inclo\u00efa un mas agregat anomenat Galobardes.<\/p>\n<p>La parella hi va anar a viure i en Melcior va invertir-hi alguns diners.<\/p>\n<p>Un besavi per l\u00ednia paterna de la Caterina, Joan Prat, \u00e0lies \u00abMulnell\u00bb era fill del Bernat Mulnell \u00e0lies \u00abde\u00e7 Grau\u00bb, fadr\u00ed del mas Grau casat a Vallformosa, que hem vist intervenir com a marmessor del testament del pare de Margarida \u00e7a Pobla. Com ja hem esmentat, Mart\u00ed el pare de Margarita, tamb\u00e9 podria \u00e9sser un altre fadr\u00ed d\u2019aquest mas. De confirmar-se aquesta hip\u00f2tesi, que avui per avui solament es sustenta en suposicions, s\u2019obria una altra branca de l\u2019arbre familiar.<\/p>\n<p>La Caterina i el Melcior van tenir dos fills: Gaspar i Melcior. I una filla, la Joana, que va casar-se amb Vicen\u00e7 Torra de Sant Mateu. Llavors Caterina va morir i Melcior pare va retornar al mas Sol\u00e0. El 1544 trobem que al mas Prat hi viu el seu gendre Vicen\u00e7 Torra, que en rep la condici\u00f3 de possessor.<\/p>\n<p>El vidu Torreblanca va contraure segones n\u00fapcies el febrer de 1557 amb Miquela Torra, filla de Miquel Torra de Manresa, tamb\u00e9 v\u00eddua, amb dues filles del seu primer matrimoni amb Guillem Ratera.<\/p>\n<p>Als cap\u00edtols matrimonials, la n\u00favia aportava un dot de 30 lliures i una casa al carrer de Talamanca de Manresa, per\u00f2 en contrapartida en Melcior havia d\u2019assumir el manteniment de les dues fillastres. Al mateix temps van concertar el casament entre dos dels seus fills: el Melcior Torreblanca de 13 anys i l\u2019Anna Ratera de 9 anys. De moment no estava previst que els infants cohabitessin sin\u00f3 que &#8230;<em>feran lo que poran y donaran tota la bona obra y noy servaran destorb algun, en que de assi a quatre anys sia fet matrimoni, y aquell confermat en fas de santa mare iglesia, per y entre los dits melcio, menor, y la dita anna, e asso si lots dits joevns plaura e agradaran lo hun del altre&#8230; <\/em>Desconeixem si el matrimoni entre aquests nens es va arribar a celebrar, el cert \u00e9s que Melcior fill va esposar-se el 1571 amb Antiga Blanquer.<\/p>\n<p>El darrer document on consta Melcior pare data de l\u2019any 1565. Es tracta d\u2019un pr\u00e9stec de 20 lliures demanat a Jaume Trull, \u00e0lies Jaumeandreu on tamb\u00e9 hi apareix el seu hereu Gaspar. En aquesta data Melcior pare residia a Manresa, de manera que \u00e9s probable que hi an\u00e9s a viure a partir del seu casament amb Miquela.<\/p>\n<p>Melcior i Miquela varen tenir com a m\u00ednim un fill: l\u2019Onofre. El juny de 1575 Miquela ja era v\u00eddua quan va treure el seu fill Onofre, d\u2019uns setze anys d\u2019edat, de la casa del cotoner Antoni Corrons, on feia l\u2019aprenentatge d\u2019aquest ofici. Pel trencament del contracte va haver de pagar una indemnitzaci\u00f3 de 10 lliures. Tot seguit el va posar d\u2019aprenent a l\u2019obrador d\u2019en Jaume Vives, cotoner de Barcelona.<\/p>\n<p><strong><a href=\"https:\/\/www.calvermell.cat\/webtrees\/family.php?famid=F503&amp;ged=Cal%20Canonge.ged\" target=\"_blank\" rel=\"noopener noreferrer\">Gaspar Torreblanca i Prat<\/a><\/strong><\/p>\n<p>En Gaspar, el primog\u00e8nit de Gaspar i Caterina, va casar-se amb una dona dita Joana, de la que en desconeixem la filiaci\u00f3. La parella va tenir com a m\u00ednim un noi i quatre noies: l\u2019Ant\u00f2nia, la Joana, la Margarida i la Francesca. A l\u2019hereu, li van posar Melcior, com l\u2019avi i el besavi.<\/p>\n<p>L\u2019Ant\u00f2nia va unir-se amb Pere Blanquer d\u2019Horta d\u2019Aviny\u00f2. Als cap\u00edtols signats el 1571 li van assignar un dot de 100 lliures, posant com a penyora el mas Sol\u00e0 i un altre mas agregat anomenat Solerot. Blanquer va morir i l\u2019Ant\u00f2nia va contraure segones n\u00fapcies el 1576 amb Joan Sagrist\u00e0 (\u00e0lies Gabriel), el nou amo del mas Gabriela, tamb\u00e9 vidu per\u00f2 sense descend\u00e8ncia de la primera muller. Com que el dot no s\u2019havia satisfet, es va transferir al segon marit. Les 100 lliures van ser pagades en efectiu i el mas Sol\u00e0 va quedar lliure de la c\u00e0rrega.<\/p>\n<p>Una altra filla, la Joana, va casar-se amb Mag\u00ed Planes, de Castellar. I la Margarita va fer-ho el 1579 amb el Maurici Molins. Va rebre un dot de 55 lliures i es va instal\u00b7lar a viure i treballar al mas Sol\u00e0.<\/p>\n<p>Una altre germana, la Francesca, nascuda el 1553, als dotze anys el seu pare la va col\u00b7locar a servir a la casa d\u2019un mercader, amb el tracte que la mantindrien i al final dels sis anys de servei la recompensarien amb una gonella i un \u00abjaquet\u00bb nous.<\/p>\n<p>Hi ha diversos documents en els que interv\u00e9 Gaspar Torreblanca com a comprador o venedor d\u2019articles diversos: des de sacs de llana fins a un solar o pati. En tot ells es declara amo del mas Sol\u00e0 per\u00f2 resident a Manresa. Del mas se\u2019n deurien ocupar masovers com el seu gendre Molins. El 1579 en Gaspar encara era viu.<\/p>\n<p><strong><a href=\"https:\/\/www.calvermell.cat\/webtrees\/individual.php?pid=I1603&amp;ged=Cal%20Canonge.ged\" target=\"_blank\" rel=\"noopener noreferrer\">Melcior Torreblanca<\/a><\/strong><\/p>\n<p>L\u2019hereu d\u2019en Gaspar, l\u2019\u00fanic noi entre tota la descend\u00e8ncia que va tenir amb la Joana, tal i com hem vist, es deia Melcior, com l\u2019avi i el besavi.<\/p>\n<p>Mentrestant el mas Sol\u00e0 va anar canviant l\u2019antiga denominaci\u00f3 per la de Torreblanca. Aix\u00f2 va ser degut a que el 1558, el seu besoncle Joan havia tingut de vendre\u2019s l\u2019antiga heretat Torreblanca a l\u2019Oms i havia pres el nom de Mas Oms (o Ca n\u2019Oms com la coneixem actualment).<\/p>\n<p>En Melcior es va casar primerament amb Jer\u00f2nima i la parella va tenir una filla, la Caterina, que van casar el 1609 amb Miquel Torra, hereu del mas Torre de Santa Caterina, de Manresa. El dot va ser de 150 lliures.<\/p>\n<p>Despr\u00e8s d\u2019enviudar va tornar-se a casar amb Maria Anna. D\u2019aquest matrimoni en van n\u00e9ixer dos xicots: l\u2019hereu que van batejar Valent\u00ed i en Joan. Aquest Joan es va casar el 1623 amb Jer\u00f2nima Mussons i el 1638 amb Agn\u00e8s Gatuellas.<\/p>\n<p>El 14 de juliol de 1612 en Melcior va dictar testament nomenant hereu a en Valent\u00ed.<\/p>\n<p>El 18 d\u2019octubre de 1635 moria Maria Anna, v\u00eddua, i va ser enterrada al vas dels Torreblanca.<\/p>\n<p><strong><a href=\"https:\/\/www.calvermell.cat\/webtrees\/family.php?famid=F513&amp;ged=Cal%20Canonge.ged\" target=\"_blank\" rel=\"noopener noreferrer\">Valent\u00ed Torreblanca i Eul\u00e0lia Oms<\/a><\/strong><\/p>\n<p>El seg\u00fcent a regir els destins del mas Torreblanca, seguint la voluntat del seu pare, fou en Valent\u00ed. Va fer cap\u00edtols matrimonials el 1613 quan feia poc que havia mort el seu progenitor. No va anar a buscar la dona gaire lluny: es va casar amb una ve\u00efna, l\u2019Eul\u00e0lia Oms del mas Oms. Aix\u00ed aquest dos masos tornaven a estar emparentats al cap de tres generacions. Recordem que el besavi d\u2019en Valent\u00ed, en Melcior, era germ\u00e0 d\u2019aquell Joan que va perdre l\u2019heretat venent-la a en Joan Oms, l\u2019avi de l\u2019Eul\u00e0lia.<\/p>\n<p>El 1618 en Valent\u00ed va hipotecar per 150 lliures un tros de terra, d\u2019oliveres i pins, anomenat la Solana a Miquel Torras de Manresa. Aix\u00f2 indica que les finances dels Torreblanca eren m\u00e9s aviat magres.<\/p>\n<p>Els Oms tampoc passaven per un bon moment i l\u2019hereu del mas i germ\u00e0 de l\u2019Eul\u00e0lia, un altre Joan, es veuria obligat el 1636, amb el consentiment de Jer\u00f2nima la mare, a vendre tota la propietat a un altre ve\u00ed, en Pere Montcunill. Montcunill era el mas m\u00e9s acabalat de la contrada. Si l\u2019avi hagu\u00e9s aixecat el cap! Ell que va entrar per gendre a l\u2019antic mas Torreblanca, va aconseguir ser-ne l\u2019amo i que port\u00e9s el seu nom&#8230;<\/p>\n<p>Malgrat tot, Joan Oms va haver de fer front al dot de la seva germana que pujava a 250 lliures. La noia, com de costum, aportava a la casa el seu aixovar: <em>&#8230;dos caxas de \u00e0lber o noguer, amb ses panys i claus, un mantell, una flassada de la forma mitjana, un parell de llen\u00e7ols, unes tovalles teulars, mitja dotzena de torcaboques, mitja de tovalloles&#8230;<\/em><\/p>\n<p>El Valent\u00ed Torreblanca i l\u2019Eul\u00e0lia Oms varen tenir tres fills: en Joan, en Valent\u00ed i la Caterina. La Caterina la van casar amb Joan de Vilatorrada, del mas Vilatorrada de Sant Joan. Li van donar 150 lliures de dot.<\/p>\n<p>El Valent\u00ed va tenir una vida curta amb final tr\u00e0gic. Va \u00e9sser enterrat el 18 d\u2019agost de 1630 al cementiri de Fals i els llibres ressenyen <em>&#8230;lo qual mor\u00ed en Castellnou de una escopetada&#8230;<\/em><\/p>\n<p><strong><a href=\"https:\/\/www.calvermell.cat\/webtrees\/family.php?famid=F515&amp;ged=Cal%20Canonge.ged\" target=\"_blank\" rel=\"noopener noreferrer\">Joan Torreblanca i Oms<\/a><\/strong><\/p>\n<p>Per aquestes circumst\u00e0ncies en Joan va esdevenir un hereu molt jove, deuria tenir no m\u00e9s de setze anys quan mor\u00ed el seu pare. I les dificultats econ\u00f2miques van empitjorar.<\/p>\n<p>El 1632 a petici\u00f3 d\u2019en Jacint Jaumeandreu, que reclamava el pagament de quinze quarteres de blat, el batlle de Fals, Joan Serra, va dictar \u00abempara\u00bb o el que \u00e9s el mateix, l\u2019embargament de les garbes de tots els sembrats. Aix\u00f2 volia dir que els Torreblanca no podien entrar cap garba a l\u2019era de casa fins que els creditors s\u2019haguessin servit pel valor del deute. Vaja, si fa no fa com ara&#8230;<\/p>\n<p>El 1639, en ocasi\u00f3 d\u2019un capbreu, va ser cridat formalment a Cardona per fer el reconeixement formal del seu patrimoni davant del representant del Duc de Cardona. En Joan va declarar que posse\u00efa des de temps immemorials el mas principal i dos masos r\u00f2necs anomenats Galobardes i Narbon\u00e9s. Les seves propietats termenejaven per llevant amb els Masos Oms i Torregitzana i pel sud amb el terme de Monistrolet, mitjan\u00e7ant unes pedres de terme altes. Aquestes pedres encara es conserven i porten gravat per una banda l\u2019escut dels Cardona i per l\u2019altra el de Rajadell. La terra tenia una extensi\u00f3 total de setanta jornals i pagava per ra\u00f3 de senyoria, 13 sous anuals de cens.<\/p>\n<p>L\u2019abril de 1641 en Joan va contraure matrimoni amb Magdalena, filla de Pere Font de la Serra, propietari d\u2019una de las cases de pag\u00e8s m\u00e9s fortes de Manresa. El dot de la donzella va ser de 280 lliures i el pare li va regalar per les noces un vestit de raixa, una faldilla d\u2019atzarena i un mantell d\u2019estam.<\/p>\n<p>La parella va tenir una \u00fanica filla, l\u2019Elisabet que el 1675 va casar-se amb Manuel Vinyas, de quaranta anys i de Castelltallat. Van tenir un fill que van batejar Salvador, i una filla, la Caterina, que va casar-se amb Jaume Junyent, hereu de Clarena de Camps.<\/p>\n<p>Tot i que quan el Vinyas va entrar a la casa, el seu sogre Joan va poder recuperar el tros anomenat la Solana que el seu pare, en Valent\u00ed, havia hipotecat, la situaci\u00f3 econ\u00f2mica del mas era molt prec\u00e0ria. Juntament amb l\u2019heretat en Joan havia rebut les c\u00e0rregues que l\u2019afectaven, producte d\u2019obligacions que havien contret els seus avantpassats. Sobre el mas hi pesaven diversos violaris i censals a favor de particulars i institucions religioses com el monestir del Carme, l\u2019hospital de Sant Andreu i la comunitat de preveres de Santpedor. Potser per aquestes c\u00e0rregues feien que l\u2019economia dels Torreblanca an\u00e9s de mal borr\u00e0s. Tant que el 1676 en Joan va veure\u2019s obligat a vendre a carta de gr\u00e0cia per 150 lliures una part important de les terres del mas.<\/p>\n<p>Cap el 1685 va morir l\u2019Elisabet, la pubilla. I en Vinyas va tornar a casar-se el 1691 amb Maria Alsina.<\/p>\n<p>Cap all\u00e0 el 1692 va morir en Joan Torreblanca. I en Manel Vinyas va poder prendre m\u00e9s protagonisme, per\u00f2 li va durar poc, perqu\u00e8 va morir el 1694.<\/p>\n<p>Aquell mateix any es va casar l\u2019hereu, en Salvador Vinyas Torreblanca, \u00e0lies Torreblanca.<\/p>\n<p><strong><a href=\"https:\/\/www.calvermell.cat\/webtrees\/family.php?famid=F518&amp;ged=Cal%20Canonge.ged\" target=\"_blank\" rel=\"noopener noreferrer\">Salvador Vinyas i Torreblanca, \u00e0lies Torreblanca i Cec\u00edlia Marv\u00e0<\/a><\/strong><\/p>\n<p>Quan en Salvador es va casar el 1694 amb Cec\u00edlia Marv\u00e0 de Vallmanya, feia poc que s\u2019havien mort el seu pare i el seu avi. De forma que va prendre la plena possessi\u00f3 de la propietat.<\/p>\n<p>A la seva madrastra, la Maria Alsina, no li deuria fer gaire pes la nova situaci\u00f3 de forma que va marxar de casa per casar-se amb un tal Pere Canudes.<\/p>\n<p>La parella va tenir tres filles: La Maria Anna, la Caterina el 1697 i la Cec\u00edlia el 1699. Cap el 1700 en Salvador va pagar al rector del poble 30 lliures pels drets d\u2019enterrament i misses del seu pare, de la seva mare i del seu avi, que encara es devien. Aix\u00f2 solament ja demostra que les coses en l\u2019ordre econ\u00f2mic seguien anant malament. I encara haurien d\u2019empitjorar: el 1702 es va veure embolicat en un proc\u00e9s que va arribar fins a la Reial Audi\u00e8ncia de Catalunya, arran de la reclamaci\u00f3 del seu cunyat Jaume Junyent, hereu de Clarena de Camps, pel dot de la seva dona Caterina. Li va tocar pagar 315 lliures i, com que no les tenia, va haver de crear un censal avalat per les herbes del mas. Posteriorment se les va vendre a carta de gr\u00e0cia a Josep Gras de Sant Mateu, perdent aix\u00ed un dels actius m\u00e9s valuosos de la finca. Recordem que el seu avi Joan ja s\u2019havia venut pel mateix sistema una part important de les terres.<\/p>\n<p>Entre 1702 i 1708, com a m\u00ednim, a Torreblanca hi havia un masover anomenat Isidre Grau.<\/p>\n<p>Quan per fi la parella va engendrar un noi, per seguir amb la tradici\u00f3 de la casa, varen batejar-lo Joan.<\/p>\n<p>En Salvador tamb\u00e9 va viure pocs anys: mor\u00ed el 1712 quan comptava m\u00e9s o menys 37 anys, deixant l\u2019heretat en una situaci\u00f3 ben galdosa. La v\u00eddua Cec\u00edlia va haver de tirar endavant amb tres filles jovenetes, i cap altre home a casa que l\u2019hereu de dotze anys.<\/p>\n<p>Aix\u00ed que va contractar un masover, l\u2019Agust\u00ed Oller del mas Carol de Fonollosa, perqu\u00e8 li men\u00e9s la terra. I es va tornar a casar amb Joan Canyeles de la Casa Blanca de Castellfollit del Boix. I despr\u00e8s va haver de resoldre el casament de les filles.<\/p>\n<p>Va casar la Cec\u00edlia amb el masover, Agust\u00ed Oller. I el 1727 la Maria Anna amb el jove Albert Firmat, fill d\u2019un sabater de Manresa. Al Firmat li va prometre un dot de 80 lliures. Per\u00f2 no va poder fer-lo efectiu fins al cap de tres anys, quan l\u2019amo de Montconill va deixar-li els diners, que no van ser restitu\u00efts fins quaranta anys m\u00e9s tard. La Caterina deuria quedar-se a casa fins que el 1739 va casar-se amb Gabriel Vil\u00e0.<\/p>\n<p>Cap all\u00e0 el 1728 l\u2019hereu va arribar a l\u2019edat de posar-se al front de la hisenda. Per\u00f2 era un xicot de salut delicada que va morir l\u201911 de setembre de 1732. Durant tot el temps de la malaltia, o fins i tot abans, vivia al mas Montconill i, per amistat o per inter\u00e8s, qui ho sap, el Montconill es va fer c\u00e0rrec moltes de les factures dels censals, contribucions, metges i apotecaris que corresponien a en Joan Vinyas \u00abTorreblanca\u00bb. Anys despr\u00e8s vindrien les reclamacions.<\/p>\n<p>Quan va morir el seu fill i hereu, la Cec\u00edlia s\u2019estava a Castellfollit, a casa del seu segon marit. Va nomenar procurador i va delegar la gesti\u00f3 del mas a Francesc Montconill, encara que de fet, ja se n\u2019encarregava des de 1925.<\/p>\n<p>El 1739, amb motiu del casament del seu n\u00e9t Agust\u00ed, fill del seu gendre i masover Agust\u00ed i de la seva filla Cec\u00edlia, com que el seu \u00fanic fill havia mort, va nomenar-lo hereu, mentre que a les altres seves dues filles els hi deixava alguns diners.<\/p>\n<p>\u00c9s discutible si la Cec\u00edlia tenia drets a la casa, perqu\u00e8 probablement els havia perdut en casar-se per segon cop. Sigui com sigui, quan va morir, el 1743, el seu n\u00e9t Agust\u00ed Oller ja s\u2019anomenava possessor de Torreblanca i feia i desfeia al seu gust.<\/p>\n<p>Sembla que va aconseguir sanejar for\u00e7a les finances de la casa, reduint l\u2019endeutament a base de redimir la majoria dels censos, i va recuperar les herbes de la casa que el seu pare havia venut a carta de gr\u00e0cia al Gras de Sant Mateu, no sense un plet per entremig. Tamb\u00e9 va millorar el patrimoni fent obres i reformes a la casa.<\/p>\n<p>A les darreries de la seva vida per\u00f2, va veure\u2019s embolicat en una disputa amb altres pretendents de l\u2019her\u00e8ncia, que va allargar-se quasi cent anys i que va afectar les properes generacions. El motiu era que l\u2019hereu del mas Torreblanca, el seu oncle Joan Vinyas, \u00e0lies Torreblanca, havia mort sense fills ni testament. I les germanes, la Caterina casada amb el Gabriel Vil\u00e0, i la Maria Anna, casada amb l\u2019Albert Firmat, pugnaven per la propietat. L\u2019Agust\u00ed Oller va morir entre finals de 1791 i primeries de 1792.<\/p>\n<p><strong><a href=\"https:\/\/www.calvermell.cat\/webtrees\/family.php?famid=F10&amp;ged=Cal%20Canonge.ged\" target=\"_blank\" rel=\"noopener noreferrer\">Gabriel Vil\u00e0 i Caterina Vinyas Marv\u00e0<\/a><\/strong><\/p>\n<p>Hem vist que la segona filla del Salvador i la Cec\u00edlia, la Caterina, va casar-se amb Gabriel Vil\u00e0, fill de Jaume i Isabel, pagesos de Manresa. Varen atorgar cap\u00edtols els 1743. El dot de la Caterina fou de 160 lliures i se\u2019n va fer c\u00e0rrec el seu nebot Agust\u00ed Oller, com hereu de la Cec\u00edlia, en compliment de la seva darrera voluntat. No sabem quan va cobrar-lo per\u00f2, vista la situaci\u00f3 financera de Torreblanca, deuria trigar.<\/p>\n<p>Desconeixem on va establir-se la fam\u00edlia, per\u00f2 amb tota probabilitat va fer-ho a Fals.<\/p>\n<div style=\"width: 356px\" class=\"wp-caption alignright\"><img loading=\"lazy\" decoding=\"async\" class=\"\" src=\"https:\/\/www.calvermell.cat\/wordpress\/wp-content\/uploads\/P1010875.JPG\" alt=\"\" width=\"346\" height=\"233\"><p class=\"wp-caption-text\">El Grauet i el Pla de la Creu des de Cal Canonge<\/p><\/div>\n<p>Eren parcers al quart d\u2019una vinya de quatre quarteres al Pla de la Creu, entre la Torre Segimona, l\u2019heretat Massana i terres de la capella de Sant Vicen\u00e7. Formava part d\u2019una propietat del Mas Montconill, separada de la resta de l\u2019heretat.<\/p>\n<p>La pe\u00e7a de terra era coneguda com la \u00abVinya del Canonge\u00bb. Aix\u00f2 suggereix que el sobrenom de la fam\u00edlia podria provenir de la branca Vil\u00e0. Per\u00f2 hi ha algun document que ho posa en dubte.<\/p>\n<p><strong><a href=\"https:\/\/www.calvermell.cat\/webtrees\/family.php?famid=F9&amp;ged=Cal%20Canonge.ged\" target=\"_blank\" rel=\"noopener noreferrer\">Jaume Vil\u00e0 i Margarida Grau<\/a><\/strong><\/p>\n<p>Sabem que el Gabriel i la Caterina van tenir com a m\u00ednim un fill, en Jaume, que el <a href=\"https:\/\/www.calvermell.cat\/wordpress\/wp-content\/uploads\/CCCCC01.pdf\" target=\"_blank\" rel=\"noopener noreferrer\">7 de novembre de 1761 atorga cap\u00edtols matrimonials amb Margarida Grau<\/a>, filla de Jacint Grau, pag\u00e8s de Fals. En aquesta data els futurs nuvis eren menors de 25 anys i Caterina ja era difunta.<\/p>\n<div style=\"width: 220px\" class=\"wp-caption alignright\"><a href=\"https:\/\/www.calvermell.cat\/wordpress\/wp-content\/uploads\/CCCCC01.pdf\" target=\"_blank\" rel=\"noopener noreferrer\"><img loading=\"lazy\" decoding=\"async\" src=\"https:\/\/www.calvermell.cat\/wordpress\/wp-content\/uploads\/CCCCC01.jpg\" alt=\"\" width=\"210\" height=\"294\"><\/a><p class=\"wp-caption-text\">Cap\u00edtols matrimonials entre Jaume Vil\u00e0 i Margarita Grau<\/p><\/div>\n<p>El 1775 deurien necessitar diners: pare i fill Vil\u00e0 <a href=\"https:\/\/www.calvermell.cat\/wordpress\/wp-content\/uploads\/CCCCN03.pdf\" target=\"_blank\" rel=\"noopener noreferrer\">venen a carta de gr\u00e0cia, la novena part dels fruits de la Vinya del Canonge<\/a>. El comprador (o prestador) \u00e9s Valent\u00ed Vilad\u00e9s, del mas Vilad\u00e9s de Sant Aman\u00e7 de Rajadell. El preu 50 lliures a redimir \u00absempre i quan\u00bb que equival a termini indefinit. Es concreta que \u00e9s la novena part del fru\u00eft dedu\u00efts el delme, la prim\u00edcia i el quart que es paga a Montconill i que es lliurar\u00e0 a ra\u00f3 de cinc \u00abquintars de verema per c\u00e0rrega\u00bb<a href=\"#_ftn7\" name=\"_ftnref7\">[7]<\/a> a l\u2019hora de trascolar, al peu de la tina que els Vil\u00e0 tenen a prop d\u2019aquella vinya.<\/p>\n<p>En resum: mentre no llueixin o quitin les 50 lliures (retornin el capital), cada anyada hauran d\u2019entregar la novena part dels tres quarts de la collita. I s\u2019hi obliguen amb tots els seus b\u00e9ns mobles i immobles presents i venidors.<\/p>\n<p><strong>Vila, Vilar, Vil\u00e0&#8230;<\/strong><\/p>\n<p>Els primers documents que fan refer\u00e8ncia a en Gabriel el seu cognom es registra com a \u00abVil\u00e0\u00bb o \u00abVila\u00bb.<\/p>\n<p>Posteriorment i durant for\u00e7a anys tant en Gabriel com el seu fill Jaume surten als papers com a \u00abVilar\u00bb. M\u00e9s endavant en Jaume apareix documentat com a \u00abVil\u00e0\u00bb i tamb\u00e9 espor\u00e0dicament \u00abVila\u00bb. El \u00abVilar\u00bb solament subsisteix en all\u00f2 que t\u00e9 relaci\u00f3 amb el plet per l\u2019her\u00e8ncia del mas Torreblanca.<\/p>\n<p>Aix\u00ed que, per major claredat, hem optat per conservar, de cap a fi, la forma actual del cognom.<\/p>\n<p>No creiem estar especular, a la vista que el \u00abVila\u00bb \u00e9s marginal a les fonts, si afirmem que la pronuncia del cognom deuria ser amb la \u00aba\u00bb t\u00f2nica. Tal vegada elidint, fins a perdre\u2019s, la \u00abr\u00bb final (d\u2019altra banda propi del catal\u00e0 de les nostres contrades). Per\u00f2 aquest \u00e9s un extrem que caldr\u00e0 comprovar quan podem recular m\u00e9s en la genealogia de la branca Vil\u00e0.<\/p>\n<p><strong>Sebasti\u00e0 Grau compra terreny per cultivar i edificar<\/strong><\/p>\n<p>El <a href=\"https:\/\/www.calvermell.cat\/wordpress\/wp-content\/uploads\/CCCCN02.pdf\" target=\"_blank\" rel=\"noopener noreferrer\">6 de febrer de 1764<\/a>, tres anys despr\u00e9s del casament entre Jaume Vil\u00e0 i Margarida Grau, \u00e9s quan apareix la primera not\u00edcia relacionada directament amb la casa que m\u00e9s endavant coneixerem com cal Canonge. Sebasti\u00e0 Grau, qui suposem que ha de ser l\u2019avi de Margarida, estableix<a href=\"#_ftn8\" name=\"_ftnref8\">[8]<\/a> una pe\u00e7a de terra d\u2019una quartera al lloc de la Costa de la Vila de Fals. El tracte \u00aba parts\u00bb el fa amb Valent\u00ed Tatger, del Mas Tatger, aix\u00f2 vol dir que una part dels fruits obtinguts revertir\u00e0 a l&#8217;amo del mas Tatger. En el document trobem un extens reguitzell de cl\u00e0usules per deixar ben clares les relacions entre els nous ve\u00efns. En el tracte s\u2019especifica, entre d\u2019altres, que les parts s\u00f3n \u00abal quint\u00bb dels fruits, que l\u2019establiment \u00e9s a perpetu\u00eftat, que hi haur\u00e0 dret de construir-hi una casa i tina i que a m\u00e9s, es concedeix un hort d\u2019un quart\u00e0, la possibilitat de construir una bassa i de tenir animals. El preu \u00e9s de 6 lliures per l\u2019establiment.<\/p>\n<p>El 22 del mateix mes, el Sebasti\u00e0 va pagar una lliura pels drets dominicals al procurador del Duc de Cardona. Pel perm\u00eds per poder edificar la casa, s\u2019obligava a un cens perpetu de sis diners, una quantitat m\u00e9s aviat simb\u00f2lica. Tr\u00e0mits imprescindibles per a que la venda fos legal.<\/p>\n<p>Ja no trobarem en Sebasti\u00e0 a cap m\u00e9s document. I no deixa de ser sospit\u00f3s que no se l\u2019anomeni en els cap\u00edtols que tres anys abans havien fet Margarida Grau i Jaume Vil\u00e0. Per\u00f2 at\u00e8s que en documents posteriors la finca \u00e9s reconeguda com a propietat de Jacint Grau i fins i tot se l\u2019arriba a confondre com si fos ell el comprador, hem de pensar que aquest Jacint seria el fill d\u2019en Sebasti\u00e0, encara que no podem descartar que en fos el germ\u00e0 o el nebot, per\u00f2 en tot cas en seria l\u2019hereu.<\/p>\n<p>No disposem de cap indici sobre els ancestres d\u2019en Sebasti\u00e0 Grau, d\u2019altra banda, un cognom molt sovintejat a Fals, que fa dif\u00edcil seguir-ne el fil. Durant el segle XV hi havien tres masos amb el mateix nom: el Grau del Pubill (Grau Gros) que ja hem esmentat en parlar de Margarida \u00e7a Pobla, el Grau del Sebasti\u00e0 (Grauet) i el Grau de Fontanet (actual Boixeda).<br \/>\n<iframe loading=\"lazy\" src=\"http:\/\/appmaps.icgc.cat\/index.html?zoom=8&amp;lon=392084.387&amp;lat=4622843.756\" marginwidth=\"0\" marginheight=\"0\" scrolling=\"no\" width=\"425\" height=\"350\" frameborder=\"0\"><\/iframe><\/p>\n<p><strong>La parcel\u00b7laci\u00f3 del terme<\/strong><\/p>\n<p>A les darreries del segle XVII i fins ben entrat el XIX l\u2019increment de la vinya, esperonat per un mercat a l\u2019al\u00e7a, va fer que els grans masos parcel\u00b7lessin part de les seves propietats per establir-hi el creixent nombre de pagesos que acudien a Fals, amb l\u2019expectativa de guanyar-s\u2019hi la vida com a rabassaires.<\/p>\n<p>Era freq\u00fcent que, o be al costat de la mateixa pe\u00e7a de vinya establerta o be en algun lloc proper, es permet\u00e9s a aquests rabassaires edificar una caseta on allotjar la fam\u00edlia i disposar d\u2019un petit hort i animals per a l\u2019autoconsum.<\/p>\n<p>\u00c9s aix\u00ed com es van construir les cases a l\u2019entorn del Grau, del Raval d\u2019Oliveres, al Torrent de Cantacorbs, a la Vall del Bosc o al Raval de la Creu, en petites parcel\u00b7les establertes a parcers pel masos del Tatger, d\u2019Oliveres, del Bosc, de Caselles de Camps o de Montconill, entre altres. Al capbreu de 1791 a Fals ja hi consten quinze casetes de recent construcci\u00f3 escampades pel terme, per a un total de disset masos afocats, es a dir, habitats.<\/p>\n<p>Els tractes eren semblants. Es permetia edificar una casa, generalment de dos sostres i una tina. Tenir un ase o somera amb el seu poll\u00ed, algun porc i gallines. Tamb\u00e9 disposar d\u2019una pe\u00e7a d\u2019hort, plantar-hi arbres fruiters i fer-hi una bassa d\u2019aigua. De la vinya i el sembrat, si n\u2019hi havia, se n\u2019havia de pagar les parts a l\u2019amo, per\u00f2 no dels fruits de l\u2019hort.<\/p>\n<p><strong><a href=\"https:\/\/www.calvermell.cat\/webtrees\/family.php?famid=F73&amp;ged=Cal%20Canonge.ged\" target=\"_blank\" rel=\"noopener noreferrer\">Jacint Grau i Francesca<\/a><\/strong><\/p>\n<p>Jacint, l\u2019hereu d\u2019en Sebasti\u00e0 es cas\u00e0 amb Francesca, de la que solament en coneixem el nom. Del matrimoni en sortiran com a m\u00ednim dos fills: Josep i la ja esmentada Margarida, casada amb Jaume Vil\u00e0.<\/p>\n<p>Per documents posteriors sabem que tenia una vinya de quatre quarteres del Mas Oliveres de Cantacorbs, a Fals, plantada a tractes de \u00abrabassa morta\u00bb.<\/p>\n<p>La compra de terres i el casament de la fadrina Margarida tot alhora, faria pensar que la situaci\u00f3 econ\u00f2mica de la fam\u00edlia no era pas dolenta. Ben al contrari: a partir d\u2019aqu\u00ed els documents mostren que les coses van anar de mal en pitjor.<\/p>\n<p><strong><a href=\"https:\/\/www.calvermell.cat\/webtrees\/family.php?famid=F227&amp;ged=Cal%20Canonge.ged\" target=\"_blank\" rel=\"noopener noreferrer\">Josep Grau i Rosa Sall\u00e9s<\/a><\/strong><\/p>\n<p>En Jacint va morir sense fer testament i va succeir-lo el seu fill gran Josep, que s\u2019havia casat amb Rosa Sall\u00e9s, de Rajadell.<\/p>\n<p>El 1775 en <a href=\"https:\/\/www.calvermell.cat\/wordpress\/wp-content\/uploads\/CCCCN04.pdf\" target=\"_blank\" rel=\"noopener noreferrer\">Josep Grau ven a carta de gr\u00e0cia<\/a>, per 100 lliures, a Celdoni Feixes Cerarols, clergue de Matamarg\u00f3, per un termini de cinc anys<a href=\"#_ftn9\" name=\"_ftnref9\">[9]<\/a>, una c\u00e0rrega i sis c\u00e0ntirs<a href=\"#_ftn10\" name=\"_ftnref10\">[10]<\/a> de \u00abvi del bo\u00bb que haur\u00e0 de lliurar cada any despr\u00e9s de la collita, a partir del dia de Tots Sants, al \u00abtrascolar a raig de tina\u00bb,<\/p>\n<p>En garantia \u00abobliga a tots i sengles bens, i drets seus mobles e immobles presents i esdevenidors\u00bb. El motiu \u00e9s \u00ab<em>per expedici\u00f3 de sos negocis<\/em>\u00bb, un formulisme utilitzat sovint en aquesta mena de tractes, que no t\u00e9 perqu\u00e8 coincidir amb la realitat. El fet que no apareguin en el document ni Sebasti\u00e0 ni Jacint, ens fa pensar que ja haurien traspassat en aquesta data.<\/p>\n<p>Aquest Celdoni, malgrat que als documents figura com a \u00abclergue de Matamarg\u00f3\u00bb, probablement vivia a Jaumeandreu. Per aquests anys apareix com a testimoni en el testament d\u2019una mestressa de la casa, on diu residir-hi. Eren habituals els capellans \u00ababsentistes\u00bb que llogaven la parr\u00f2quia a vicaris.<\/p>\n<p>Cinc anys m\u00e9s tard, el 1781, en Josep reconeix que no pot redimir la carta de gr\u00e0cia (tornar les 100 lliures) i<a href=\"https:\/\/www.calvermell.cat\/wordpress\/wp-content\/uploads\/CCCCN05.pdf\" target=\"_blank\" rel=\"noopener noreferrer\"> pacta amb Celdoni Feixes una renovaci\u00f3 per cinc anys m\u00e9s<\/a>. Aquest cop per\u00f2 amb la condici\u00f3 que \u00ab<em>en lo cas de no redimir dins lo referit termini lo dit vi que ab lo present li vench ara per las horas vench al mateix D Celdoni Feixas y Sererols als seus y a qui voldra perpetuament tota aquella casa que jo tinch y poseesch&#8230;<\/em>\u00bb. O sigui, si no paga, perdr\u00e0 la casa.<\/p>\n<p>Aquesta renovaci\u00f3 \u00e9s el primer document en que trobem que la casa de la Costa de la Vila ja existeix.<\/p>\n<p>Cinc anys m\u00e9s tard, el 1786 en Josep Grau ja havia mort i la seva v\u00eddua, Rosa Sall\u00e9s, i el fill de tots dos, tamb\u00e9 anomenat Josep, han de fer front als deutes amb Celdoni Feixes i amb d\u2019altres. Per no perdre la casa la<a href=\"https:\/\/www.calvermell.cat\/wordpress\/wp-content\/uploads\/CCCCN06.pdf\" target=\"_blank\" rel=\"noopener noreferrer\"> lloguen, juntament amb la vinya del mas Oliveres de Cantacorbs, per setze anys a un masover, en Mateu Quer<\/a>. La condici\u00f3 \u00e9s que el benefici de la tercera part dels fruits, es materialitzi en el moment del tracte en 200 Lliures. Aquests diners els fan servir immediatament per tapar forats: 100 lliures a Celdoni Feixes per quitar la carta de gr\u00e0cia i l\u2019altre meitat es reparteix en pagar a Josep Vilad\u00e9s (50 lliures), Valent\u00ed Sagrist\u00e0 (20 lliures) i Agust\u00ed Junyent (30 lliures). Desconeixem l\u2019origen d\u2019aquests altres deutes.<\/p>\n<p>Calculem que la mort hauria arreplegat a Josep en edat no gaire avan\u00e7ada.<\/p>\n<p>La seva v\u00eddua Rosa Sall\u00e9s i el seu fill deurien marxar de Fals, probablement a Sant Just Desvern, que \u00e9s on el febrer de 1791 Josep Grau fill, atorga testament a favor de la seva mare.<\/p>\n<p>La Rosa encara viuria m\u00e9s desgr\u00e0cies: la mort del fill i, per acabar-ho d\u2019adobar, tot seguit, <a href=\"https:\/\/www.calvermell.cat\/wordpress\/wp-content\/uploads\/CCCCJ02.pdf\" target=\"_blank\" rel=\"noopener noreferrer\">la seva cunyada Margarida Grau li disputaria l\u2019her\u00e8ncia<\/a> argumentant que Jacint Grau, sogre i pare respectivament de les dues dones, havia mort sense fer testament.<\/p>\n<p><strong>Embolics, plets, tractes i re-negociacions: els Vil\u00e0-Grau tamb\u00e9 marxen de Fals.<\/strong><\/p>\n<p>Retornem a la parella formada per en Jaume Vil\u00e0 i Margarida Grau.<\/p>\n<p>En un<a href=\"https:\/\/www.calvermell.cat\/wordpress\/wp-content\/uploads\/CCCCJ01.pdf\" target=\"_blank\" rel=\"noopener noreferrer\"> document processal datat el mar\u00e7 del 1791<\/a> veiem que en Jaume pret\u00e9n fer-se passar per \u00abpobre miserable\u00bb, probablement per estalviar-se costes judicials. El contrari, Valent\u00ed Oller, s\u2019hi oposa dient que mena terra en propietat i tamb\u00e9 com a parcer. Aquest Oller \u00e9s l\u2019amo de Torreblanca, besn\u00e9t del Salvador Vinyas. Un aspecte m\u00e9s del plet interposat per l\u2019her\u00e8ncia de Torreblanca al que ja ens hem referit i que anava seguint un llargu\u00edssim proc\u00e9s judicial.<\/p>\n<p>Pocs dies despr\u00e9s <a href=\"https:\/\/www.calvermell.cat\/wordpress\/wp-content\/uploads\/CCCCN07.pdf\" target=\"_blank\" rel=\"noopener noreferrer\">Jaume redimeix la venda a carta de gr\u00e0cia que havien atorgat juntament amb el seu pare 16 anys abans<\/a>, per la novena part dels fruits de la \u00abvinya del Canonge\u00bb. No \u00e9s pas que disposi de diners: el que fa \u00e9s canviar de prestador: per comptes de Valent\u00ed Vilad\u00e9s, <a href=\"https:\/\/www.calvermell.cat\/wordpress\/wp-content\/uploads\/CCCCN08.pdf\" target=\"_blank\" rel=\"noopener noreferrer\">s\u2019obliga amb Valent\u00ed Sagrist\u00e0, de la Mongia del Grau, que li deixa les 50 lliures a dos anys<\/a>, amb les mateixes condicions de \u00abcinc quintars de verema per c\u00e0rrega de vi\u00bb de la vinya en q\u00fcesti\u00f3.<\/p>\n<p>Es diu que el nou empr\u00e8stit \u00e9s sense inter\u00e8s \u00ab<em>gracios y sens interes algun me haveu daixat<\/em>\u00bb i no se l\u2019anomena venda a carta de gr\u00e0cia. Tal vegada perqu\u00e8, tot i que del redactat es despr\u00e8n que comporta les mateixes obligacions, \u00e9s a un termini fix sense possibilitat de llu\u00efci\u00f3 a l\u2019avan\u00e7ada. La renovaci\u00f3 tant podria obeir a que en Jaume ja pensava anar-se\u2019n de Fals com a que Valent\u00ed Vilad\u00e9s havia mort l\u2019any abans. En tot cas al document de cancel\u00b7laci\u00f3 de la carta de gr\u00e0cia, Gabriel Vil\u00e0, pare d\u2019en Jaume, ja figura com a difunt.<\/p>\n<p>A les darreries del 1792 en Jaume Vil\u00e0, en nom de la seva esposa Margarida Grau,<a href=\"https:\/\/www.calvermell.cat\/wordpress\/wp-content\/uploads\/CCCCJ03.pdf\" target=\"_blank\" rel=\"noopener noreferrer\"> inicia el plet que abans anunci\u00e0vem contra sa cunyada Rosa Sall\u00e9s<\/a>: Jacint Grau havia mort sense fer testament, el seu hereu natural era Josep Grau, l\u2019esp\u00f2s de Rosa Sall\u00e9s que tampoc havia testat i l\u2019\u00fanic fill de la parella, l\u2019altre Josep, tamb\u00e9 era difunt. Jaume Vil\u00e0 reclamava que l\u2019her\u00e8ncia retorn\u00e9s de forma natural a la \u00fanica descendent viva dels Grau, la seva esposa Margarida. Per contra Rosa Sall\u00e9s reclamava seguir exercint-ne l\u2019usdefruit. Un inventari de b\u00e9ns, datat el mateix any, \u00e9s el primer document on la casa de la Costa de la Vila se l\u2019anomena \u00abCal Canonge\u00bb. Cal pensar dons que el nom de la fam\u00edlia ve de la branca Grau?<\/p>\n<p><a href=\"https:\/\/www.calvermell.cat\/wordpress\/wp-content\/uploads\/CCCCJ04.pdf\" target=\"_blank\" rel=\"noopener noreferrer\">El plet es resol de forma amistosa el 1793<\/a>: l\u2019explotaci\u00f3 de la vinya del Mas Oliveres de Cantacorps a Rosa i la resta de l\u2019her\u00e8ncia, o sigui la casa amb l\u2019hort i la vinya del costat, passen a mans de Margarida. Enllestida la q\u00fcesti\u00f3 de l\u2019her\u00e8ncia, el mar\u00e7 de 1793, Jaume i Margarida <a href=\"https:\/\/www.calvermell.cat\/wordpress\/wp-content\/uploads\/CCCCN09.pdf\" target=\"_blank\" rel=\"noopener noreferrer\">cancel\u00b7len el contracte de parceria amb Mateu Quer<\/a>, quan encara li quedaven nou anys pel termini. La indemnitzaci\u00f3 no sembla pas generosa ja que es limita a retornar la part proporcional del temps que resta i \u00e9s pagada quasi totalment per Jaume Vil\u00e0. De com obt\u00e9 les 100 lliures i escaig per a fer-ho, ho desconeixem.<\/p>\n<p>Per\u00f2 aix\u00f2 no significa pas el retorn de la parella a Fals: <a href=\"https:\/\/www.calvermell.cat\/wordpress\/wp-content\/uploads\/CCCCT01.pdf\" target=\"_blank\" rel=\"noopener noreferrer\">El 1801 Margarida fa testament en una cambra del Castell de Sant Mart\u00ed de Tous <\/a>(no pas gaire lluny de Montbui) on hi fan de masovers. Fa hereu a Josep, fill primog\u00e8nit, i diu que t\u00e9 diversos fills m\u00e9s: Jaume (vidu), Francesca (casada) , Maria (per qui deixa preparada la dot) i Valent\u00ed.<\/p>\n<div style=\"width: 313px\" class=\"wp-caption alignleft\"><img loading=\"lazy\" decoding=\"async\" class=\"\" src=\"https:\/\/www.calvermell.cat\/wordpress\/wp-content\/uploads\/CastellSMTous.jpg\" alt=\"\" width=\"303\" height=\"230\"><p class=\"wp-caption-text\">El Castell de Sant Mart\u00ed de Tous, en aquell moment propietat dels Monjos Jer\u00f2nims de Badalona, on Jaume i Margarida feien de masovers el 1801<\/p><\/div>\n<p><strong><a href=\"https:\/\/www.calvermell.cat\/webtrees\/individual.php?pid=I230&amp;ged=Cal%20Canonge.ged\" target=\"_blank\" rel=\"noopener noreferrer\">Josep Vil\u00e0 Grau torna a Fals<\/a>.<\/strong><\/p>\n<p>No sabem si Jaume i Margarida van retornar mai a Fals, per\u00f2 el seu fill Josep s\u00ed que ho va fer. Qui sap si el 1793 quan la casa i la vinya va anar a parar a les seves mans.<\/p>\n<p>Poca cosa m\u00e9s sabem d\u2019aquest Josep que es va casar amb Agn\u00e8s Torras. La parella va tenir com a m\u00ednim un fill anomenat Joan. Josep hauria mort entre 1810 i 1815.<\/p>\n<p><strong><a href=\"https:\/\/www.calvermell.cat\/webtrees\/individual.php?pid=I1448&amp;ged=Cal%20Canonge.ged\" target=\"_blank\" rel=\"noopener noreferrer\">Joan Vil\u00e0 Torras, un avantpassat prol\u00edfic<\/a><\/strong><\/p>\n<p>El Joan va rebre els fru\u00efts del plet que havia interposat el seu avi Jaume per l\u2019her\u00e8ncia del mas Torreblanca. L\u2019afer va arribar a la Reial Audi\u00e8ncia i va allargar-se quasi cent anys, un per\u00edode convuls amb la Guerra del Franc\u00e8s per entremig.<\/p>\n<p>Recordem que Cec\u00edlia Marv\u00e0, en morir Joan Vinyas el seu \u00fanic fill mascle, va nomenar hereu al seu n\u00e9t Agust\u00ed, fill de la Cec\u00edlia i del seu gendre Agust\u00ed Oller, masover de Torreblanca. Una decisi\u00f3 que li discutien els altres nebots d\u2019en Joan (i per tant cosins de l\u2019Agust\u00ed), Jaume Vil\u00e0, fill de la Caterina, i un tal Firmat de Manresa, fill de la Maria Anna.<\/p>\n<p>A qui li va tocar desfer l\u2019embolic fou a en Ram\u00f3n Oller. El 1832 es va arribar a un acord \u00ab<em>convingut amistosament y en virtut de la transacci\u00f3 y concordia que mediant amigables y ben intencionadas personas amants de la pau y uni\u00f3 de las parts han ajustat per finalitzar y anular lo plet pendent en la Real audiencia de est principat<\/em>\u00bb<\/p>\n<div style=\"width: 288px\" class=\"wp-caption alignright\"><img loading=\"lazy\" decoding=\"async\" class=\"\" src=\"https:\/\/www.calvermell.cat\/wordpress\/wp-content\/uploads\/DSC00825.JPG\" alt=\"\" width=\"278\" height=\"210\"><p class=\"wp-caption-text\">Cal Canonge de Fals<\/p><\/div>\n<p>El 1805 uns experts havien valorat la finca i el seu rendiment anual. Ram\u00f3n i la seva mare v\u00eddua van avenir-se a indemnitzar per 950 lliures a Joan Vil\u00e0, en concepte d\u2019un ter\u00e7 dels drets hereditaris i els fruits del mas Torreblanca dels darrers cent anys.<\/p>\n<p>En Joan Vil\u00e0 el 1832 era menor d\u2019edat (li faltava un o dos anys pels 25) i no podia signar la conc\u00f2rdia. Per comen\u00e7ar a cobrar <a href=\"https:\/\/www.calvermell.cat\/wordpress\/wp-content\/uploads\/CCCCJ05.pdf\" target=\"_blank\" rel=\"noopener noreferrer\">una primera bestreta de 100 lliures<\/a>, li va caldre un avalador que en respongu\u00e9s per al cas de que, en arribar a la majoria d\u2019edat, no es fes enrere. El fiador, fou un tal Salvador Torras. Pel cognom cal suposar que era un familiar, tal vegada un oncle o cos\u00ed.<\/p>\n<p>Els de Torreblanca van fer diversos pagaments i, finalment, el 1844 Joan Vil\u00e0 va signar conforme ho havia cobrat tot i es comprometia a no fer cap altra reclamaci\u00f3. Cal suposar que els Firmat deurien fer un tracte semblant, per\u00f2 no en tenim const\u00e0ncia.<\/p>\n<p>Tot i aquest ingr\u00e9s dinerari extra, el 1837 en Joan <a href=\"https:\/\/www.calvermell.cat\/wordpress\/wp-content\/uploads\/CCCCN10.pdf\" target=\"_blank\" rel=\"noopener noreferrer\">demana un pr\u00e9stec de 200 lliures<\/a> \u00ab<em>per acudir a sas urgencias<\/em>\u00bb<a href=\"#_ftn11\" name=\"_ftnref11\">[11]<\/a>. Li fa el mateix Salvador Torras que l\u2019havia avalat, per compte d\u2019un altre Joan \u00abSoldat\u00bb que les hi havia deixat en dip\u00f2sit mentre feia el servei militar.<\/p>\n<p>El 1848 en Joan va deixar a Mariano Malagarriga, de cal Mariano, moneda d\u2019or per valor de 100 lliures amb el comprom\u00eds que serien retornades al cap de quatre anys. El 1849 va afegir al pr\u00e9stec 300 lliures m\u00e9s. Va recuperar el diners el maig de 1856.<\/p>\n<p>Joan Vil\u00e0 es va casar tres vegades i va tenir descend\u00e8ncia en cada matrimoni. La primera esposa fou Ant\u00f2nia Guifr\u00e8, de la que en desconeixem origen i ascendents. Hi va tenir sis fills: Josep, Joan, Isidre, Rosa, Maria i \u00c0ngela<a href=\"#_ftn12\" name=\"_ftnref12\">[12]<\/a>.<\/p>\n<p>Va contraure segones n\u00fapcies amb Rosa Casals, v\u00eddua de <a href=\"https:\/\/www.calvermell.cat\/wordpress\/wp-content\/uploads\/CCCCT02.pdf\" target=\"_blank\" rel=\"noopener noreferrer\">Francesc Sagrist\u00e0<\/a> de Sant Aman\u00e7 de Rajadell. Era nada a Maians i filla de Josep Casals i Maria Vilad\u00e9s. Disposem dels <a href=\"https:\/\/www.calvermell.cat\/wordpress\/wp-content\/uploads\/CCCCC02.pdf\" target=\"_blank\" rel=\"noopener noreferrer\">cap\u00edtols matrimonials que la parella atorg\u00e0 el 1850<\/a>. La terra al voltant de Cal Canonge es diu que ara t\u00e9 5 \u00f3 6 quarteres. A banda d\u2019aquesta terra, el Joan menava vinyes del mas Grau com a parcer: una de sis quarteres anomenada l\u2019Obaga, una de vuit anomenada els Abeuradors i encara una altra de set.<\/p>\n<p>Consta que el Joan tamb\u00e9 tenia en propietat un hort d\u2019un quart\u00e0 i mig al torrent de Cantacorbs que disposava d\u2019un pou per regar, que va cedir a partir de 1870 a cal Ferran.<\/p>\n<p>Amb la Rosa Casals va tenir-hi dos fills: l\u2019Antoni i l\u2019Ant\u00f2nia, que deuria morir jove.<\/p>\n<p>M\u00e9s endavant encara contrauria matrimoni amb Rosa Iglesias, de Castellnou de Bages, 25 anys m\u00e9s jove que ell. D\u2019aquesta uni\u00f3 van n\u00e9ixer el Joan i la Maria.<\/p>\n<p>Joan va morir pocs mesos abans que la seva darrera esposa, tots dos l\u2019any 1880, <a href=\"https:\/\/www.calvermell.cat\/wordpress\/wp-content\/uploads\/JFRCO03.pdf\" target=\"_blank\" rel=\"noopener noreferrer\">ell amb 73 anys<\/a> i <a href=\"https:\/\/www.calvermell.cat\/wordpress\/wp-content\/uploads\/JFRCO02.pdf\" target=\"_blank\" rel=\"noopener noreferrer\">ella amb 48<\/a>.<\/p>\n<p>L\u2019hereu, i per tant el que va quedar-se a casa, va ser en Josep Vil\u00e0 Guifr\u00e9.<\/p>\n<p>A aquest Josep n\u2019hi va passar una de grossa el 1896: el Cristofol de cal Bardissa el va trobar malferit. El sometent va detenir i engarjolar Joan Fossas \u00abTanoca\u00bb de cal Mongia.<\/p>\n<p><strong><a href=\"https:\/\/www.calvermell.cat\/webtrees\/family.php?famid=F146&amp;ged=Cal%20Canonge.ged\" target=\"_blank\" rel=\"noopener noreferrer\">Antoni Vil\u00e0 Casals i Rosa Vilanova Feliu. Cal Canonge de Sant Joan de Vilatorrada.<\/a><\/strong><\/p>\n<p>L\u2019Antoni, fill de la segona esposa del Joan, va n\u00e9ixer el 1852<a href=\"#_ftn13\" name=\"_ftnref13\">[13]<\/a> i va ser criat des del primer moment per la seva madrastra, Rosa Iglesias.<\/p>\n<p>Aquest fadr\u00ed de cal Canonge <a href=\"https:\/\/www.calvermell.cat\/wordpress\/wp-content\/uploads\/JVRCM01.pdf\" target=\"_blank\" rel=\"noopener noreferrer\">es va casar el setembre de 1878<\/a>, a Sant Joan de Vilatorrada, amb Rosa Vilanova i Feliu nascuda el 1856.<\/p>\n<p>Rosa era la petita de dues germanes, filles de Rafael Vilanova Graner i Ramona Feliu Antich de Castelladral.<\/p>\n<p>Els Vilanova-Feliu de Castelladral mereixen un cap\u00edtol a banda: per l\u00ednia paterna tenim avantpassats documentats a finals del segle XVI al Pujol del Rac\u00f3 de Mossoll, a la Coma, i per la materna des de la segona meitat del XV, els Piulats i els C\u00f3s de Sant Just d\u2019Ard\u00e8vol.<\/p>\n<p>La parella de l\u2019Antoni i la Rosa va fer de masovers a Can Server on hi haurien nascut dos fills, abans d\u2019anar a viure a la casa actual de Cal Canonge del carrer Santa Eul\u00e0lia a Sant Joan de Vilatorrada, entre 1881 i 1889.<\/p>\n<p>Varen tenir quatre fills: Josep, Antoni, Isidre i Pere. L\u2019Antoni i els Pere van morir abans de l\u2019any de vida,<a href=\"https:\/\/www.calvermell.cat\/wordpress\/wp-content\/uploads\/JFRCO01.pdf\" target=\"_blank\" rel=\"noopener noreferrer\"> Antoni el 1881<\/a> a Can Server i <a href=\"https:\/\/www.calvermell.cat\/wordpress\/wp-content\/uploads\/JVRCO01.pdf\" target=\"_blank\" rel=\"noopener noreferrer\">Pere el 1890<\/a> a Sant Joan.<\/p>\n<p>Els dos supervivents ja entren a l\u2019abast de la mem\u00f2ria: Josep l\u2019hereu, va quedar-se a casa i el seu germ\u00e0 l\u2019Isidre nom\u00e9s va haver de creuar el carrer quan es va casar amb l\u2019<a href=\"https:\/\/www.calvermell.cat\/webtrees\/family.php?famid=F408&amp;ged=Cal%20Canonge.ged\" target=\"_blank\" rel=\"noopener noreferrer\">\u00c0ngela Ballonga, pubilla de Cal Vermell<\/a> (aleshores l\u2019entrada principal de Cal Vermell era pel carrer Santa Eul\u00e0lia).<\/p>\n<div style=\"width: 444px\" class=\"wp-caption aligncenter\"><img loading=\"lazy\" decoding=\"async\" src=\"https:\/\/www.calvermell.cat\/wordpress\/wp-content\/uploads\/Isidre_i_JosepVila.gif\" alt=\"\" width=\"434\" height=\"221\"><p class=\"wp-caption-text\">Isidre i Josep Vil\u00e0<\/p><\/div>\n<p>Amb el temps, els hereus de Cal Canonge de Fals tamb\u00e9 baixarien a viure a Sant Joan i la casa acabaria canviant de propietaris algunes vegades fins als nostres dies.<\/p>\n<p><strong>Notes<\/strong><\/p>\n<ul>\n<li><a href=\"#_ftnref1\" name=\"_ftn1\">[1]<\/a> Document on el creditor declara haver rebut del deutor all\u00f2 que aquest li devia.<\/li>\n<li><a href=\"#_ftnref2\" name=\"_ftn2\">[2]<\/a> Torre, mas, pont i pol\u00edgon de La Pobla, entre el Fusteret i Antius, al marge dret del riu Cardoner.<\/li>\n<li><a href=\"#_ftnref3\" name=\"_ftn3\">[3]<\/a> La terra de fisc \u00e9s la pertanyent, per qualsevol ra\u00f3 als poders p\u00fablics.<\/li>\n<li><a href=\"#_ftnref4\" name=\"_ftn4\">[4]<\/a> Cedit en feu amb jurisdicci\u00f3 per part del rei, el comte o el senyor a un vassall o a una persona de rang nobiliari.<\/li>\n<li><a href=\"#_ftnref5\" name=\"_ftn5\">[5]<\/a> El Capbreu \u00e9s un document fet davant notari on hom anotava, en forma abreujada i per\u00edodes cronol\u00f2gics, les confessions o reconeixements fets pels emfiteutes o pels pagesos tenidors (podien ser de remen\u00e7a) als senyors directes, per tal de conservar mem\u00f2ria o prova de la subsist\u00e8ncia dels drets dominicals. S\u2019hi esmentaven els b\u00e9ns que tenien cedits, fent menci\u00f3 de les seves caracter\u00edstiques, de llurs afrontacions, del qu\u00e8 pagaven per tenir-los (cens) i dels terminis de pagament.<\/li>\n<li><a href=\"#_ftnref6\" name=\"_ftn6\">[6]<\/a> Per diferenciar-lo del \u00abcensal o cens viu\u00bb propi dels establiments emfit\u00e8utics pel que es cedeix el domini \u00fatil d\u2019un be a canvi d\u2019un c\u00e0non peri\u00f2dic.<\/li>\n<li><a href=\"#_ftnref7\" name=\"_ftn7\">[7]<\/a> No tenim clara l\u2019equival\u00e8ncia d\u2019aquesta quantitat. El quintar era una unitat de pes usual i equivalia a 41,6 quilograms. Una c\u00e0rrega equivalia a 3 quintars&#8230; Per\u00f2 al document es pacta que es lliurar\u00e0 producte elaborat, o sigui vi que es mesurava en un altre tipus d\u2019unitats.<\/li>\n<li><a href=\"#_ftnref8\" name=\"_ftn8\">[8]<\/a> Contracte pel qual es concedeix una propietat en emfiteusi en qu\u00e8 l\u2019amo estabilient es despr\u00e8n del domini \u00fatil, que cedeix a l&#8217;emfiteuta, i es reserva el domini directe.<\/li>\n<li><a href=\"#_ftnref9\" name=\"_ftn9\">[9]<\/a> Un termini habitual en aquella \u00e8poca per a aquest tipus d\u2019operacions.<\/li>\n<li><a href=\"#_ftnref10\" name=\"_ftn10\">[10]<\/a> 1 c\u00e0rrega=121,4 litres; 6 c\u00e0ntirs=96 litres; 217,4 litres cada anyada.<\/li>\n<li><a href=\"#_ftnref11\" name=\"_ftn11\">[11]<\/a> Un altre formulisme emprat sovint per no haver de descriure el dest\u00ed dels fons.<\/li>\n<li><a href=\"#_ftnref12\" name=\"_ftn12\">[12]<\/a> Els documents no permeten determinar de forma certa el nombre de fills d\u2019aquest matrimoni.<\/li>\n<li><a href=\"#_ftnref13\" name=\"_ftn13\">[13]<\/a> Calculat a partir de certificat de casament on es diu que t\u00e9 26 anys.<\/li>\n<\/ul>\n<p><a href=\"https:\/\/www.calvermell.cat\/wordpress\/wp-content\/uploads\/Cal Canonge de Fals.pdf\" target=\"_blank\" rel=\"noopener noreferrer\"><img loading=\"lazy\" decoding=\"async\" class=\"aligncenter\" src=\"https:\/\/www.calvermell.cat\/wordpress\/wp-content\/uploads\/pdf.jpg\" alt=\"\" width=\"129\" height=\"129\"><\/a><\/p>\n<p><strong>Arbre geneal\u00f2gic dels Vil\u00e0<\/strong><\/p>\n<p>Fru\u00eft d\u2019aquest estudi podeu veure <a href=\"http:\/\/www.calvermell.cat\/webtrees\/index.php?ctype=gedcom&amp;ged=Cal%20Canonge.ged\" target=\"_blank\" rel=\"noopener noreferrer\">l\u2019arbre geneal\u00f2gic dels Vil\u00e0<\/a>, tant de la branca principal representada com de les de cal Canonge i cal Vermell.<\/p>\n<p>Si voleu accedir a l\u2019arbre geneal\u00f2gic interactiu de Cal Canonge de Sant Joan polseu sobre aquesta imatge <a href=\"http:\/\/www.calvermell.cat\/webtrees\/index.php?ctype=gedcom&amp;ged=Cal%20Canonge.ged\" target=\"_blank\" rel=\"noopener noreferrer\"><img loading=\"lazy\" decoding=\"async\" class=\"alignleft\" title=\"Arbre geneal\u00f2gic de Cal Canonge\" src=\"https:\/\/www.calvermell.cat\/wordpress\/wp-content\/uploads\/gedcom.gif\" alt=\"\" width=\"50\" height=\"50\"><\/a><\/p>\n<p align=\"right\"><em>Toni i Pep Planes i Vil\u00e0<\/em><\/p>\n","protected":false},"excerpt":{"rendered":"<p>Cal Canonge \u00e9s una casa del carrer Santa Eul\u00e0lia de Sant Joan de Vilatorrada. En foren els fundadors Antoni Vil\u00e0 i Casals (#1852 +&gt;1906) i Rosa Vilanova i Feliu (#1855 +&gt;1906) que s\u2019hi establiren entre 1881 i 1889, provinents de &hellip; <a href=\"https:\/\/www.calvermell.cat\/wordpress\/?page_id=827\">Continua llegint <span class=\"meta-nav\">&rarr;<\/span><\/a><\/p>\n","protected":false},"author":1,"featured_media":0,"parent":67,"menu_order":0,"comment_status":"closed","ping_status":"closed","template":"","meta":{"ngg_post_thumbnail":0,"footnotes":""},"class_list":["post-827","page","type-page","status-publish","hentry"],"_links":{"self":[{"href":"https:\/\/www.calvermell.cat\/wordpress\/index.php?rest_route=\/wp\/v2\/pages\/827","targetHints":{"allow":["GET"]}}],"collection":[{"href":"https:\/\/www.calvermell.cat\/wordpress\/index.php?rest_route=\/wp\/v2\/pages"}],"about":[{"href":"https:\/\/www.calvermell.cat\/wordpress\/index.php?rest_route=\/wp\/v2\/types\/page"}],"author":[{"embeddable":true,"href":"https:\/\/www.calvermell.cat\/wordpress\/index.php?rest_route=\/wp\/v2\/users\/1"}],"replies":[{"embeddable":true,"href":"https:\/\/www.calvermell.cat\/wordpress\/index.php?rest_route=%2Fwp%2Fv2%2Fcomments&post=827"}],"version-history":[{"count":24,"href":"https:\/\/www.calvermell.cat\/wordpress\/index.php?rest_route=\/wp\/v2\/pages\/827\/revisions"}],"predecessor-version":[{"id":1001,"href":"https:\/\/www.calvermell.cat\/wordpress\/index.php?rest_route=\/wp\/v2\/pages\/827\/revisions\/1001"}],"up":[{"embeddable":true,"href":"https:\/\/www.calvermell.cat\/wordpress\/index.php?rest_route=\/wp\/v2\/pages\/67"}],"wp:attachment":[{"href":"https:\/\/www.calvermell.cat\/wordpress\/index.php?rest_route=%2Fwp%2Fv2%2Fmedia&parent=827"}],"curies":[{"name":"wp","href":"https:\/\/api.w.org\/{rel}","templated":true}]}}