{"id":878,"date":"2019-03-23T23:58:33","date_gmt":"2019-03-23T22:58:33","guid":{"rendered":"http:\/\/www.calvermell.cat\/wordpress\/?page_id=878"},"modified":"2019-03-27T19:47:28","modified_gmt":"2019-03-27T18:47:28","slug":"els-vilanova-feliu","status":"publish","type":"page","link":"https:\/\/www.calvermell.cat\/wordpress\/?page_id=878","title":{"rendered":"Els Vilanova Feliu"},"content":{"rendered":"<p><strong>Les nostres arrels a Castelladral<\/strong><\/p>\n<p>L\u2019<a href=\"http:\/\/www.calvermell.cat\/webtrees\/pedigree.php?rootid=I17&amp;ged=Cal%20Canonge.ged\" target=\"_blank\" rel=\"noopener noreferrer\">Antoni Vil\u00e0 Casals<\/a>, va n\u00e9ixer el 1852<a href=\"#_ftn1\" name=\"_ftnref1\">[1]<\/a> fruit de les segones n\u00fapcies de son pare, en Joan, hereu de cal Canonge de Fals, amb Rosa Casals, que tamb\u00e9 era v\u00eddua. La Rosa va morir aviat, calculem que el matrimoni va durar un parell d\u2019anys i per aix\u00f2 l\u2019Antoni va ser criat des del primer moment per la seva madrastra, Rosa Iglesias.<\/p>\n<p><img loading=\"lazy\" decoding=\"async\" class=\"alignleft\" src=\"https:\/\/www.calvermell.cat\/wordpress\/wp-content\/uploads\/Castelladral\/Arbre Vil\u00e0-Vilanova.jpg\" alt=\"\" width=\"236\" height=\"241\">L\u2019Antoni era fadr\u00ed \u2014el seu pare va tenir molta descend\u00e8ncia de tres matrimonis\u2014i es va casar el setembre de 1878, a Sant Joan de Vilatorrada, amb Rosa Vilanova i Feliu nascuda el 1856.<\/p>\n<p>La <a href=\"http:\/\/www.calvermell.cat\/webtrees\/family.php?famid=F146&amp;ged=Cal%20Canonge.ged\" target=\"_blank\" rel=\"noopener noreferrer\">parella de l\u2019Antoni i la Rosa<\/a> va fer de masovers a Can Server on hi haurien nascut dos fills, abans d\u2019anar a viure a la casa del carrer Santa Eul\u00e0lia a Sant Joan de Vilatorrada, entre 1881 i 1889 que, des de llavors, \u00e9s coneguda tamb\u00e9 com a Cal Canonge.<\/p>\n<p>Varen tenir quatre fills: Josep, Antoni, Isidre i Pere. L\u2019Antoni i el Pere van morir abans de l\u2019any de vida, Antoni el 1881 a Can Server i Pere el 1890 a Sant Joan.<\/p>\n<p>Els dos supervivents ja entren a l\u2019abast de la mem\u00f2ria: <a href=\"http:\/\/www.calvermell.cat\/webtrees\/individual.php?pid=I240&amp;ged=Cal%20Canonge.ged\" target=\"_blank\" rel=\"noopener noreferrer\">Josep<\/a> l\u2019hereu, va quedar-se a casa i al seu germ\u00e0 <a href=\"http:\/\/www.calvermell.cat\/webtrees\/family.php?famid=F7&amp;ged=Cal%20Vermell.ged\" target=\"_blank\" rel=\"noopener noreferrer\">Isidre<\/a> nom\u00e9s li va caldre creuar el carrer per casar-se amb la pubilla de Cal Vermell.<\/p>\n<p>La Rosa era la segona de dues germanes, filles de <a href=\"http:\/\/www.calvermell.cat\/webtrees\/family.php?famid=F44&amp;ged=Cal%20Canonge.ged\" target=\"_blank\" rel=\"noopener noreferrer\">Rafael Vilanova Graner i Ramona Feliu Antich<\/a> de Castelladral.<\/p>\n<p>Pel que fa a Cal Canonge, els ancestres de l\u2019Antoni, <a href=\"https:\/\/www.calvermell.cat\/wordpress\/?page_id=827\">ja&nbsp; hi hem dedicat un treball<\/a>. En aquest explicarem els de la Rosa Vilanova Feliu, de Castelladral on per la l\u00ednia materna tenim rebesavis documentats des de la segona meitat del segle XV: els Piulats i els C\u00f3s de Sant Just d\u2019Ard\u00e8vol i d\u2019Ard\u00e8vol. I per l\u00ednia paterna des del XVI els Pujol del Rac\u00f3 de Mosoll, a la Coma i la Pedra i els Cols de Besora, terme de Nav\u00e8s.<\/p>\n<p>Comen\u00e7arem per la branca materna, els Feliu. En el seg\u00fcent diagrama podem veure a trav\u00e9s d\u2019una l\u00ednia de temps els diferents grups familiars que es van anar emparentant.<\/p>\n<p><em><a href=\"#_ftnref1\" name=\"_ftn1\">[1]<\/a> Calculat a partir de certificat de casament on es diu que t\u00e9 26 anys.<\/em><\/p>\n<p><img loading=\"lazy\" decoding=\"async\" class=\"size-medium aligncenter\" src=\"https:\/\/www.calvermell.cat\/wordpress\/wp-content\/uploads\/Castelladral\/Arbre sin\u00f2ptic Feliu2.jpg\" width=\"468\" height=\"556\"><\/p>\n<div style=\"width: 474px\" class=\"wp-caption aligncenter\"><img loading=\"lazy\" decoding=\"async\" class=\"\" src=\"https:\/\/www.calvermell.cat\/wordpress\/wp-content\/uploads\/Castelladral\/Castelladral1.jpg\" width=\"464\" height=\"199\"><p class=\"wp-caption-text\">Castelladral, amb el mas Castell a primer terme<\/p><\/div>\n<p><strong><a href=\"http:\/\/www.calvermell.cat\/webtrees\/pedigree.php?rootid=I180&amp;ged=Cal%20Canonge.ged\" target=\"_blank\" rel=\"noopener noreferrer\">Els Puilats i els C\u00f3s. Sant Just d\u2019Ard\u00e8vol i Ard\u00e8vol<\/a>.<\/strong><\/p>\n<p><img loading=\"lazy\" decoding=\"async\" class=\"size-medium alignright\" src=\"https:\/\/www.calvermell.cat\/wordpress\/wp-content\/uploads\/Castelladral\/Arbre Puilats-Cos.jpg\" width=\"241\" height=\"321\">Els ancestres m\u00e9s reculats de la Rosa Vilanova s\u00f3n dues fam\u00edlies d\u2019Ard\u00e8vol i Sant Just d\u2019Ard\u00e8vol, actualment terme municipal de Pin\u00f3s, al Solson\u00e8s: la formada per en Bartomeu Piulats, que hauria mort abans de 1479, i una dona anomenada Constan\u00e7a, dels que poca cosa m\u00e9s sabem a banda de que l\u2019hereu tamb\u00e9 s\u2019anomenava Bartomeu. I la d\u2019en Joan C\u00f3s i una tal Agn\u00e8s que haurien tingut dos xicots i una noia, la Clarina. Els Piulats i els C\u00f3s eren amos i hereus dels masos que portaven per cognom, tal com fou costum durant segles.<\/p>\n<p>L\u2019any 1479 la Clarina va contraure matrimoni amb l\u2019hereu Piulats que, recordem-ho, s\u2019anomenava Bartomeu com son pare. Aquesta parella va tenir quatre fills i dues filles. Al primog\u00e8nit, per tal de servar la tradici\u00f3, tamb\u00e9 varen batejar-lo Bartomeu.<\/p>\n<p>Les circumst\u00e0ncies hist\u00f2riques que els hi va tocar viure a aquestes fam\u00edlies no van ser gens f\u00e0cils. Tot el segle XV, especialment la segona meitat, va resultar molt convuls. El 1428 va haver-hi el terratr\u00e8mol de la Candelera, el m\u00e9s greu que es coneix a Catalunya i el 1448 el de Cardedeu. Despr\u00e9s vindria la Guerra Civil Catalana i les revoltes remences, i una llarga s\u00e8rie de brots de pesta.<\/p>\n<p>Al fogatge ordenat pel Duc de Cardona el 1502 hi figuren com a caps de casa el Bartomeu Piulats i Joan Cos. En aquella data, entre Ard\u00e8vol i Sant Just hi constaven 31 focs (masos).<\/p>\n<p>Una de les dues fadrines de la casa, anomenada Violant, la varen casar amb l\u2019hereu d\u2019un mas de Vallmanya, anomenat Joan Sol\u00e0. Aquesta parella s\u00f3n ancestres de cal Vermell per la banda dels Ballonga.<\/p>\n<div style=\"width: 297px\" class=\"wp-caption alignleft\"><img loading=\"lazy\" decoding=\"async\" class=\"\" src=\"https:\/\/www.calvermell.cat\/wordpress\/wp-content\/uploads\/Castelladral\/Piulats2.jpg\" width=\"287\" height=\"217\"><p class=\"wp-caption-text\">Mas Piulats d\u2019Ard\u00e8vol<\/p><\/div>\n<p>El Bartomeu Puilats i C\u00f3s va casar-se la Margarida Aguilet, de Pin\u00f3s. I van tenir deu fills, cinc noies i cinc nois, entre ells un altre Bartomeu que no va \u00e9sser l\u2019hereu. Sigui perqu\u00e8 va morir jove o per alguna altra circumst\u00e0ncia, l\u2019hereu de can Piulats fou un Montserrat. Ara no \u00e9s corrent, per\u00f2 per aquells temps molts homes se n\u2019anomenaven. El femen\u00ed era Montserrada.<\/p>\n<p>Per\u00f2 en el testament de la Margaria no queda clar que tots deu fossin fills seus, aix\u00ed que tal vegada en Bartomeu havia enviudat abans de casar-se amb la Margarida. En qualsevol cas la Margarida era viva el 1538.<\/p>\n<p>Montserrat, el nou amo de Piulats, va casar-se amb una Francina, de la que solament en coneixem el nom. Van tenir dos fills i una filla, la Coloma que, fent honor al seu nom, quan li va tocar casar-se va volar lluny del niu per anar a viure a Castelladral, a m\u00e9s de vint quil\u00f2metres \u2014prou lluny per la \u00e8poca\u2014 al mas Castell, d\u2019on era hereu el seu marit, en Joan Castell. La Coloma hauria nascut entre 1552 i 1561.<\/p>\n<p><a href=\"http:\/\/www.calvermell.cat\/webtrees\/pedigree.php?rootid=I143&amp;ged=Cal%20Canonge.ged\" target=\"_blank\" rel=\"noopener noreferrer\"><strong>Els Castell de Castelladral i els Oliva del Mujal<\/strong><\/a><\/p>\n<p><img loading=\"lazy\" decoding=\"async\" class=\"alignleft size-medium\" src=\"https:\/\/www.calvermell.cat\/wordpress\/wp-content\/uploads\/Castelladral\/Arbre Castell-Oliva.jpg\" width=\"281\" height=\"381\">El mas Castell de Castelladral \u2014actualment en estat semi-ru\u00efn\u00f3s\u2014 \u00e9s un casal que s\u2019al\u00e7a al peu de l\u2019esgl\u00e9sia de Sant Miquel. Pels detalls constructius d\u00f3na la impressi\u00f3 d\u2019una pairalia important. Hi destaca una ampliaci\u00f3 datada del 1649 \u2014en plena Guerra dels Segadors\u2014 feta en concordan\u00e7a amb la construcci\u00f3 anterior: aparell regular de carreus, portals amb arc de mig punt adovellat, finestrals amb bones llindes i pilars&#8230;&nbsp;<\/p>\n<p>Les refer\u00e8ncies m\u00e9s antigues s\u00f3n una colla de documents notarials de diversa \u00edndole datats entre 1484 i 1510, en els que hi interv\u00e9 un tal Joan Castell. Un datat el 1489 esmenta expl\u00edcitament \u00abJoan Castell del mas Castell de Castelladral\u00bb.<\/p>\n<p>Per\u00f2 els primers Castell que podem disposar cronol\u00f2gicament s\u00f3n el Bernat i la Miquela, morts el 1594 i 1585, respectivament. Hem localitzat dos fills i tres filles de la parella. Una d\u2019elles, la Margarida, atorga cap\u00edtols matrimonials el 1598 amb un C\u00f3s d\u2019Ard\u00e8vol. L\u2019hereu, el seu germ\u00e0 Joan, ho havia fet a finals de 1577 amb la Coloma Piulats,&nbsp; besn\u00e9ta dels mateixos C\u00f3s tal com hem pogut veure en el cap\u00edtol anterior. En uns extens\u00edssims cap\u00edtols \u00e9s nomenat hereu i propietari dels bens de Bernat que en queda usufructuari. La Coloma aporta 120 lliures de dot, 10 m\u00e9s d\u2019escreix i l\u2019aixovar. Deurien casar-se l\u2019any sobre al poble de la n\u00favia.<\/p>\n<div style=\"width: 202px\" class=\"wp-caption alignright\"><img loading=\"lazy\" decoding=\"async\" class=\"\" src=\"https:\/\/www.calvermell.cat\/wordpress\/wp-content\/uploads\/Castelladral\/IMG_5342.jpg\" width=\"192\" height=\"281\"><p class=\"wp-caption-text\">Mas Castell<\/p><\/div>\n<p>Van tenir quatre xicots i dues mosses. La Coloma deuria morir entre 1592, l\u2019any que va n\u00e9ixer la darrera filla, i 1604 quan trobem el vidu Joan casant-se en segones n\u00fapcies amb una v\u00eddua uns 15 anys m\u00e9s jove, anomenada Valentina Llestanosa, amb qui hi va tenir una filla i un fill m\u00e9s. En els cap\u00edtols matrimonials la Valentina es declara v\u00eddua de Benet Vilajossana. Aporta 92 lliures de dot, la mateixa quantia de les seves primeres n\u00fapcies. \u00c9s filla d\u2019un mas on, com veurem m\u00e9s endavant,&nbsp; hi tenim tamb\u00e9 avantpassats, per\u00f2 sense relaci\u00f3 de consanguinitat amb ella.<\/p>\n<p>El segon deuria ser un part dif\u00edcil, perqu\u00e8 Valentina fa testament el mateix dia i del fill ja no se\u2019n sap res m\u00e9s. Per\u00f2 la Valentina va viure encara for\u00e7a m\u00e9s anys, fins el 1645.<\/p>\n<p>El 1631 Joan Castell va haver de veure la mort del seu fill hereu: Va testar pocs anys despr\u00e9s, el 1634, just abans de morir. Malgrat que ja ho havia fet el 1621. Hi diu \u00abper estar patint d\u2019una indisposici\u00f3 corporal\u00bb. Entre ambd\u00f3s documents gaireb\u00e9 id\u00e8ntics, la difer\u00e8ncia \u00e9s que al segon nomena hereu al seu n\u00e9t Jacint.<\/p>\n<p>El seu fill gran i qui estava destinat a ser l\u2019hereu, Joan Castell Piulats, va n\u00e9ixer el 1579 i es va casar el 1601 amb la Felipa, una fadrina del mas l\u2019Oliva de la parr\u00f2quia de la Santa Creu del Mujal que, com Sant Miquel de Castelladral, actualment \u00e9s terme municipal de Nav\u00e0s, al Bages.<\/p>\n<p>L\u2019Oliva \u00e9s un mas aturonat, actualment deshabitat, a m\u00e0 dreta de la carretera entre Balsareny i S\u00faria. Els besavis de la Felipa eren la Caterina i el Jaume Oliva, que va morir entre 1561 i 1565<a href=\"#_ftn2\" name=\"_ftnref1\">[2]<\/a>. I els seus avis la Beneta i en Valent\u00ed.<\/p>\n<p>Els Oliva, tenien ramat. El 1537 el Jaume compra les herbes \u2014dret de pastura\u2014 d\u2019una pe\u00e7a de terra a Balsareny i el 1540 les del mas Viladepost d\u2019Argen\u00e7ola. El 1544 ven anyells per un valor de cent-vuit lliures i mitja. La meitat a cobrar abans de Sant Miquel. &nbsp;I el 1581 el seu fill Valent\u00ed ven a un carnisser de Barcelona seixanta-una ovelles i un molt\u00f3. El ramat no era per\u00f2 la \u00fanica font d\u2019ingressos del mas. Aquest mateix any el Valent\u00ed i el seu fill Celdoni venen un censal mort<a href=\"#_ftn3\" name=\"_ftnref2\">[3]<\/a> al rector del Mujal per un valor de 35 lliures.<\/p>\n<p>Els seg\u00fcents de la nissaga Oliva foren els pares de la Felipa, Celdoni i Miquela. Que l\u2019Oliva era un mas important en d\u00f3na mostra el testament del seu fill Valent\u00ed, el seg\u00fcent hereu, fet davant el rector del Mujal, l\u2019agost de 1630 i que resumim tot seguit:<\/p>\n<ul>\n<li><em>Es declara fill i hereu d\u2019en Celdoni i nomena marmessors a un fill seu, tamb\u00e9 anomenat Valent\u00ed que \u00e9s notari de Santpedor, a un tal Joan Rovira, cunyat tamb\u00e9 de Santpedor, i a la seva mare Miquela.<\/em><\/li>\n<li><em>Escull ser enterrat al vas de casa seva on s\u00f3n enterrats els seus a Santpedor. Aix\u00f2 fa pensar que la fam\u00edlia podria \u00e9sser origin\u00e0ria d\u2019aquest poble, tot i que residien al Mujal.<\/em><\/li>\n<li><em>La seva mare pot escollir per ser mantinguda a la casa del Mujal o a Santpedor.<\/em><\/li>\n<li><em>En cas que no sigui tractada correctament, dos cunyats, el Rovira de Santpedor i un altre anomenat Bernat Castell de Castelladral, podran decidir el que li calgui i vendre o empenyorar de les seves propietats per la manutenci\u00f3 de la mare.<\/em><\/li>\n<li><em>A elecci\u00f3 de l\u2019hereu, al Salvador, fill seu i de la seva esposa Montserrada, el nomena usufructuari de la meitat dels fruits del Mas Oliva (grans, vi i oli) i que sigui mantingut, per\u00f2 resta obligat a treballar-hi. O b\u00e9 100 lliures que haur\u00e0 de retornar si no t\u00e9 fills<a href=\"#_ftn4\" name=\"_ftnref3\">[4]<\/a>.<\/em><\/li>\n<li><em>Per en Joan, un altre fill d\u2019ell i la Montserrada, que \u00e9s estudiant, deixa escrit que sigui mantingut i pagats els estudis fins a l\u2019edat de ser capell\u00e0. I si no vol fer-se\u2019n, se li donaran 25 lliures.<\/em><\/li>\n<li><em>Per a en Francesc, un altre fill, ordena que sigui mantingut a casa fins els 16 anys. Llavors se\u2019l far\u00e0 estudiar \u2014per capell\u00e0\u2014 i ser\u00e0 mantingut fins al 25 anys. Si llavors renuncia al sacerdoci, com al Joan, se li donaran 25 lliures. Si vol aprendre un ofici se n\u2019hi donaran 100 en tres parts, any en any, des que es casi. Per\u00f2 si no t\u00e9 fills n\u2019haur\u00e0 de retornar 75 a l\u2019hereu i ser\u00e0 mantingut fins als 25. Si a 16 anys no volgu\u00e9s aprendre un ofici se li donaran 100 lliures. Seran curadors seus els cunyats Joan Castell i Joan Rovira.<\/em><\/li>\n<li><em>Deixa una petita quantitat per a una filla seva que \u00e9s viuda. I 40 lliures a un prevere i cunyat anomenat Joan Centelles, com a devoluci\u00f3 de diverses deixes de diners<a href=\"#_ftn5\" name=\"_ftnref4\">[5]<\/a>.<\/em><\/li>\n<li><em>Nomena hereu al seu fill Valent\u00ed, notari a Santpedor.<\/em><\/li>\n<\/ul>\n<p>Resumint-ho dir\u00edem que, assegurada la subsist\u00e8ncia de la mare, procura per la continu\u00eftat de la hisenda. L\u2019hereu, que ja es guanya la vida com a notari, podr\u00e0 escollir entre fer fora al seu germ\u00e0 indemnitzant-lo o mantenir-lo treballant al mas i participant en la meitat dels beneficis. I els altres dos a fer carrera eclesi\u00e0stica.<\/p>\n<p><a href=\"#_ftnref2\" name=\"_ftn1\"><em>[2]<\/em><\/a><em> Sovint en la investigaci\u00f3 geneal\u00f2gica les dades s\u2019han de deduir per informacions indirectes. En&nbsp; aquest cas, per posar un exemple, no s\u2019ha localitzat el registre o el llibre d\u2019\u00f2bits i, per tant, desconeixem la data exacta de defunci\u00f3. Per\u00f2 la podem acotar a partir d\u2019altres fets i\/o documents no directament relacionats amb l\u2019esdeveniment en q\u00fcesti\u00f3. Sabem que el 1561 el Jaume i la Caterina eren vius perqu\u00e8 aix\u00ed consta als cap\u00edtols matrimonials atorgats pel seu fill Miquel aquell any. El mateix Miquel el 1565 signa una \u00e0poca per la que declara haver rebut del seu germ\u00e0 Valent\u00ed, hereu de l\u2019Oliva, el dot que el seu pare li havia consignat en aquells cap\u00edtols i confirmat al testament. Si el dot el paga l\u2019hereu cal suposar que el pare ja \u00e9s difunt, a banda de que quedi expl\u00edcitament recollit al document.<\/em><br \/>\n<em><a href=\"#_ftnref3\" name=\"_ftn2\">[3]<\/a> El censal fou la forma d\u2019encobrir el pr\u00e9stec usurari o amb inter\u00e8s, prohibit per la legislaci\u00f3 can\u00f2nica. El censal mort es pot definir com l\u2019obligaci\u00f3 redimible de pagar una pensi\u00f3 anual (inter\u00e8s) a una persona i als seus successors en virtut d\u2019un capital rebut per aquell qui la contreu. En aquest cas el prestador era el rector.<\/em><br \/>\n<em><a href=\"#_ftnref4\" name=\"_ftn3\">[4]<\/a> Era norma que els dots retornessin a la casa pairal si no hi havia descend\u00e8ncia.<\/em><br \/>\n<em><a href=\"#_ftnref5\" name=\"_ftn4\">[5]<\/a> Es tracta de recon\u00e8ixer un deute probablement no escripturat. Els masos, per importants que fossin, generalment anaven faltats d\u2019efectiu. Per a fer front a obligacions de la hisenda pagaven a termini quan podien o demanaven pr\u00e9stecs. Qui disposava de liquiditat era el clergat que, entre missa i serm\u00f3, es dedicava al noble i piet\u00f3s ofici de la banca con a forma d\u2019obtenir un rendiment, generalment substanci\u00f3s.<\/em><\/p>\n<div style=\"width: 323px\" class=\"wp-caption alignleft\"><img loading=\"lazy\" decoding=\"async\" class=\"\" src=\"https:\/\/www.calvermell.cat\/wordpress\/wp-content\/uploads\/Castelladral\/IMG_5399.jpg\" width=\"313\" height=\"212\"><p class=\"wp-caption-text\">l&#8217;Oliva<\/p><\/div>\n<p>Tornem a la parella del Joan Castell i la Felipa Oliva. Es deurien casar al poble d\u2019ella, al Mujal, com era tradici\u00f3. Disposem dels cap\u00edtols matrimonials on el seu germ\u00e0 Valent\u00ed \u2014el mateix del testament abans esmentat\u2014 aporta 250 lliures de dot. Una quantitat en concordan\u00e7a amb la import\u00e0ncia del mas. Per la seva banda Joan, el nuvi, \u00e9s nomenat hereu dels bens de son pare que resta usufructuari tot i reservant-se 400 lliures i 40 m\u00e9s per dedicar a cada fill bar\u00f3.&nbsp; El nou hereu resta obligat a mantenir la mare a casa i lliure de tot cost. Encara que sembli sobrer, era habitual que es tract\u00e9s aquest aspecte per preveure possibles conflictes amb la futura jove.<\/p>\n<p>Varen tenir un bon reguitzell de mainada: onze, set noies i quatre nois. Per\u00f2 no va arribar mai a exercir d\u2019hereu dons \u2014com ja hem dit\u2014 va premorir a son pare, el 1631 als 52 anys. Disposem d\u2019un testament incomplet i sense data on deixa 200 lliures per a cada una de les filles casadores i 30 pels fills. La Felipa va viure fins el 1653, hauria viscut m\u00e9s de 72 anys.<\/p>\n<p>El seg\u00fcent amo del mas va ser el seu fill Joan, nat el 1604, per\u00f2 que l\u2019anomenaven Jacint, un altre dels seus noms de pila. Intu\u00efm que per distingir-lo del pare i l\u2019avi en conviure tots sota el mateix sostre.<\/p>\n<p>El Jacint va casar-se amb una noia anomenada Elisabet amb la que tamb\u00e9 varen tenir molta descend\u00e8ncia: cinc nois i cinc noies. Deuria ser ell el que va encarregar l\u2019ampliaci\u00f3 del casal.<\/p>\n<p>Malalt, el 1680 fa testament al Mas Castell d\u2019on se\u2019n declara amo. No anomena l\u2019esposa que ja era difunta. Nomena hereu a Josep i deixa 40 lliures a tots els fills menys a un, ves a saber per quin motiu. Tampoc anomena filles, tal vegada ja s\u00f3n casades. De testimoni en fa Isidre Fontanet de Sant Mateu de Bages. Aquesta dada pot ser rellevant: pocs mesos abans trobem el registre de defunci\u00f3 de qui creiem la seva dona Elisabet, on nom\u00e9s diu que es tracta d\u2019Elisabet Castell que mor a Sant Mateu de Bages sense fer testament \u00abperqu\u00e8 no volgu\u00e9\u00bb. Aix\u00ed que \u00e9s possible que Elisabet fos una Fontanet de Sant Mateu.<\/p>\n<div style=\"width: 501px\" class=\"wp-caption alignnone\"><img loading=\"lazy\" decoding=\"async\" src=\"https:\/\/www.calvermell.cat\/wordpress\/wp-content\/uploads\/Castelladral\/DSC00541.jpg\" alt=\"\" width=\"491\" height=\"229\"><p class=\"wp-caption-text\">Mas Castell<\/p><\/div>\n<p>Un fadr\u00ed, el pen\u00faltim de la colla, anomenat Isidre, nat el 1652 i que va casar-se el 1673 amb l\u2019Anna Pujol, \u00e9s la seg\u00fcent baula de la cadena.<\/p>\n<p><a href=\"http:\/\/www.calvermell.cat\/webtrees\/pedigree.php?rootid=I125&amp;ged=Cal%20Canonge.ged\" target=\"_blank\" rel=\"noopener noreferrer\"><strong>Els Pujol: arrels occitanes<\/strong><\/a><\/p>\n<p><img loading=\"lazy\" decoding=\"async\" class=\"alignright size-medium\" src=\"https:\/\/www.calvermell.cat\/wordpress\/wp-content\/uploads\/Castelladral\/Arbre Pujol.jpg\" width=\"208\" height=\"381\">Als fadristerns o cabalers no els quedava m\u00e9s remei que, casar-se amb una pubilla si tenien sort, o quedar-se a casa a fer de mosso de l\u2019hereu, o guanyar-se la subsist\u00e8ncia en alguna masoveria o fent de mosso \u00abbracer\u00bb pels masos que volguessin llogar-lo. Aix\u00f2 \u00e9s el que l\u2019hi deuria tocar fer a l\u2019Isidre. Desconeixem on, per\u00f2 ell i l\u2019Anna van viure a Castelladral.<\/p>\n<p>L\u2019Anna havia nascut el 1655 filla de Magdalena i Gabriel Pujol. El Gabriel era l\u2019\u00fanic mascle d\u2019entre quatre germans, havia nascut el 1626 i, com hereu, va seguir l\u2019ofici del seu pare: teixidor de lli. Va morir entre 1670 i 1673, i la Magdalena va tornar a casar-se.<\/p>\n<p>Els pares d\u2019en Gabriel eren la Caterina Rovira i el Joan Pujol que s\u2019havien casat el 1622. Per l\u2019acta matrimonial sabem que els pares de la Caterina s\u2019anomenaven Joan i Valentina i que la mare era morta quan la filla es va casar. I que els d\u2019en Joan, difunts tamb\u00e9 en aquella data, s\u2019anomenaven Dom\u00e8nec i Maria i que eren naturals de Sant Gili de Castanyora, al Bisbat de Comenge.<\/p>\n<p>Comenge \u00e9s una regi\u00f3 hist\u00f2rica occitana, que avui es correspon amb la part meridional del departament de l&#8217;Alta Garona. Durant els segles XVI i XVII nombrosos occitans varen emigrar al sud dels Pirineus<a href=\"#_ftn6\" name=\"_ftnref1\">[6]<\/a>.<\/p>\n<div style=\"width: 536px\" class=\"wp-caption alignnone\"><img loading=\"lazy\" decoding=\"async\" src=\"https:\/\/www.calvermell.cat\/wordpress\/wp-content\/uploads\/Castelladral\/CTDL-01-M147.jpg\" alt=\"\" width=\"526\" height=\"391\"><p class=\"wp-caption-text\">Registre matrimonial de Joan Pujol i Caterina Rovira on queda const\u00e0ncia de l\u2019origen occit\u00e0 dels pares del nuvi.<\/p><\/div>\n<p>Tot fa pensar que els avis o els besavis de l\u2019Anna Pujol formaven part d\u2019aquest contingent d\u2019emigrants occitans. Per la mateixa \u00e8poca tenim const\u00e0ncia d\u2019altres Pujol a Castelladral quin \u00e0lies \u2014Bigorra\u2014 indueix a pensar en un origen com\u00fa, malgrat que, a banda de la proced\u00e8ncia, no hem trobat relaci\u00f3 d\u2019uns i altres.<\/p>\n<p><a href=\"#_ftnref6\" name=\"_ftn1\"><em>[6]<\/em><\/a><em> Catalunya era a finals del segle XV un pa\u00eds buit que s\u2019ompliria gr\u00e0cies a un important corrent migratori, amb grans repercussions en la demografia i la societat catalanes. Fins el 1630, un bon nombre d\u2019occitans van arribar al Principat on trobarien un territori convertit en un gran mercat de treball com a conseq\u00fc\u00e8ncia de la crisi demogr\u00e0fica que patia des de la Baixa Edat Mitjana i que va assolir el seu punt m\u00e9s \u00e0lgid a finals d\u2019aquell segle, fruit d\u2019una llarga seq\u00fc\u00e8ncia d\u2019episodis de pesta i guerres com la Guerra Civil Catalana (1462-1472) i les dels Remences. Tot plegat afavorit per decisions pol\u00edtiques com la Sent\u00e8ncia Arbitral de Guadalupe (1486) millorant la situaci\u00f3 laboral de la pagesia.<\/em><br \/>\n<em>Els principals motius que portaven als occitans a emigrar van ser la sobrepoblaci\u00f3 cr\u00f2nica dels Pirineus i el Migdia, amb gran desproporci\u00f3 entre la densitat demogr\u00e0fica i els recursos per a la subsist\u00e8ncia; i els efectes de les Guerres de Religi\u00f3 al Regne de Fran\u00e7a (1560-1599), on la rivalitat pol\u00edtico-religiosa entre cat\u00f2lics i protestants va prendre un car\u00e0cter de guerra civil que for\u00e7aria la poblaci\u00f3 a l\u2019exili.<\/em><br \/>\n<em>Els nouvinguts arribaven amb una edat jove al territori catal\u00e0, \u00f2ptima tant per treballar, com per reproduir-se. La majoria del gruix migratori era mascul\u00ed, fet que va afavorir el mestissatge.<\/em><\/p>\n<p>L\u2019Isidre i l\u2019Anna varen tenir molta descend\u00e8ncia: sis noies i tres xicots. Ell deuria morir entre 1692, data del naixement del seu fill petit i 1704 quan trobem a l\u2019Anna casant-se de nou amb un tal Joan Janer. El gran dels fills, nat el 1676, varen batejar-lo Josep.<\/p>\n<p>El Josep Castell i Pujol va casar-se el 1713 amb la Maria Barald\u00e9s i van estar-se a les Cots, un mas al sud de Castelladral, probablement com a masovers. Aquest mas encara es conserva, per\u00f2 molt a prop hi ha les ru\u00efnes de Cal Cots. Aix\u00f2 no ens permet precisar quina de les dues cases van habitar.<\/p>\n<p>La Maria va viure el temps just d\u2019infantar tres noies i un noi. El 1718 van tenir bessonada, per\u00f2 la Maria va deixar-hi la pell: moria dues setmanes despr\u00e9s del part. Obligat per les circumst\u00e0ncies, un any m\u00e9s tard el Josep es torna a casar amb una altra Maria, cognomenada Vilalta, filla del Jeroni i la M\u00f2nica, de Castelltallat. Estranyament van trigar onze anys a tenir descend\u00e8ncia. Els primers, tamb\u00e9 bessons, el 1730. I despr\u00e9s cinc m\u00e9s molt seguits. Dos d\u2019ells moren albats.<\/p>\n<p>Josep mor el 1747 a l\u2019edat de 71 anys. El registre d\u2019enterrament diu textualment enterrat \u00abper amore Dei\u00bb per ser \u00abpobre de solemnitat\u00bb.&nbsp; El dest\u00ed a vegades \u00e9s ben cruel: en dues generacions es passa d\u2019una fam\u00edlia benestant a la pura subsist\u00e8ncia.<\/p>\n<p>La Maria mor el 1769 a la Casa Nova de Llestanosa, on suposem que s\u2019hauria traslladat a viure amb el seu fill, el Francesc Castell Vilalta, el seg\u00fcent dels nostres ancestres. La inscripci\u00f3 diu \u00abno testa per no tenir res\u00bb.<\/p>\n<table style=\"height: 249px;\" width=\"555\">\n<tbody>\n<tr>\n<td width=\"275\">\n<p><div style=\"width: 254px\" class=\"wp-caption aligncenter\"><img loading=\"lazy\" decoding=\"async\" class=\"\" src=\"https:\/\/www.calvermell.cat\/wordpress\/wp-content\/uploads\/Castelladral\/IMG_5463.jpg\" width=\"244\" height=\"166\"><p class=\"wp-caption-text\">Les Cots<\/p><\/div><\/td>\n<td width=\"277\">\n<p><div style=\"width: 234px\" class=\"wp-caption aligncenter\"><img loading=\"lazy\" decoding=\"async\" class=\"\" src=\"https:\/\/www.calvermell.cat\/wordpress\/wp-content\/uploads\/Castelladral\/IMG_5475.jpg\" width=\"224\" height=\"150\"><p class=\"wp-caption-text\">Cal Cots<\/p><\/div><\/td>\n<\/tr>\n<\/tbody>\n<\/table>\n<div style=\"width: 558px\" class=\"wp-caption aligncenter\"><img loading=\"lazy\" decoding=\"async\" src=\"https:\/\/www.calvermell.cat\/wordpress\/wp-content\/uploads\/Castelladral\/Mapa masies.jpg\" alt=\"\" width=\"548\" height=\"366\"><p class=\"wp-caption-text\">Situaci\u00f3 de masos de Castelladral habitats pels nostres avantpassats<\/p><\/div>\n<p><a href=\"http:\/\/www.calvermell.cat\/webtrees\/pedigree.php?rootid=I124&amp;ged=Cal%20Canonge.ged\" target=\"_blank\" rel=\"noopener noreferrer\"><strong>Els Vilanova i F\u00edgols \u00abBuidasacs\u00bb de Viver i els Santamaria de S\u00faria.<\/strong><\/a><\/p>\n<p style=\"text-align: left;\"><img loading=\"lazy\" decoding=\"async\" class=\"alignleft size-medium\" src=\"https:\/\/www.calvermell.cat\/wordpress\/wp-content\/uploads\/Castelladral\/Arbre Vilanova-F\u00edgols.jpg\" width=\"288\" height=\"341\">El Francesc Castell havia nascut el 1734 i ja era espigadet quan va casar-se el 1766 amb l\u2019Agn\u00e8s Santamaria Vilanova.<a href=\"http:\/\/www.calvermell.cat\/webtrees\/family.php?famid=F47&amp;ged=Cal%20Canonge.ged\" target=\"_blank\" rel=\"noopener noreferrer\"> La parella va residir a la Casa Nova de Llestanosa<\/a>, de Castelladral, coneguda tamb\u00e9 com a Cal Reixetes, una masoveria actualment en ru\u00efnes &nbsp;propera al mas Llestanosa.<\/p>\n<p style=\"text-align: left;\">L\u2019Agn\u00e8s tamb\u00e9 era de Castelladral, filla del Llu\u00eds i la Teodora Vilanova.&nbsp; Els avis paterns eren el Josep Santamaria i l\u2019Agn\u00e8s Riera de S\u00faria. Els materns, fins a tres generacions, varen viure a Viver, tot i que la Teodora va n\u00e9ixer a Serrateix.<\/p>\n<p style=\"text-align: left;\">El Francesc i l\u2019Agn\u00e8s van tenir sis filles i un fill, per\u00f2 quatre van morir albats. Sobrevisqueren tres filles. La m\u00e9s gran s\u2019anomenava Rosa i va n\u00e9ixer el 1768. El Francesc va fer testament el 1796. Deixa 25 lliures \u00abper la seva \u00e0nima\u00bb o sigui per funerals, novenes, cap d\u2019anys, etc. no \u00e9s cap fortuna, per\u00f2 tampoc un enterrament modest. Dota una filla soltera amb 40 lliures i en deixa 25 per a la seva muller i anomena Maria Llad\u00f3 (una filla casada amb un Llad\u00f3). Nomena hereva a la seva filla \u00abRosa Feliu i Castell\u00bb el que indica que ja era casada amb un Feliu. Aix\u00ed dons, pel que fa als diners, al Francesc li deuria anar millor que als seus pobres pares.<\/p>\n<div style=\"width: 548px\" class=\"wp-caption alignnone\"><img loading=\"lazy\" decoding=\"async\" src=\"https:\/\/www.calvermell.cat\/wordpress\/wp-content\/uploads\/Castelladral\/DSC_8190.jpg\" alt=\"\" width=\"538\" height=\"226\"><p class=\"wp-caption-text\">Ru\u00efnes de cal Reixetes o Casa Nova de Llestanosa<\/p><\/div>\n<p>Amb la Rosa s\u2019extingeix el cognom Castell a la nostra genealogia. I mereix un nou cap\u00edtol perqu\u00e8 l\u2019entramat es complica.<\/p>\n<p><a href=\"http:\/\/www.calvermell.cat\/webtrees\/pedigree.php?rootid=I118&amp;ged=Cal%20Canonge.ged\" target=\"_blank\" rel=\"noopener noreferrer\"><strong>Els Feliu<\/strong><\/a><\/p>\n<p><img loading=\"lazy\" decoding=\"async\" class=\"alignleft size-medium\" src=\"https:\/\/www.calvermell.cat\/wordpress\/wp-content\/uploads\/Castelladral\/Arbre Feliu.jpg\" width=\"208\" height=\"321\">La Rosa Castell Santamaria es cas\u00e0 el 1792, als vint-i-quatre anys, amb el Joan Benet Feliu. Visqueren a cal Reixetes. D\u2019aquest enlla\u00e7 tenim localitzats dos fills i sis filles, entre 1794 i 1807.<\/p>\n<p>El Joan Benet, nat el 1761, portava el cognom de la seva mare Maria Feliu, dons el seu &nbsp;pare, que com ell s\u2019anomenava Joan, era fill de pares \u00abinc\u00f2gnits\u00bb com se\u2019ls anomenava llavors. Havia nascut el 1709 a Adra\u00e9n, actualment terme de la Vansa i F\u00f3rnols, a l\u2019Alt Urgell i no sabem quan ni com va anar a espetegar a Serrateix ni quina fam\u00edlia el va criar<a href=\"#_ftn1\" name=\"_ftnref1\">[7]<\/a>.<\/p>\n<p>S\u2019havia casat el 1744 amb la Maria Vilanova amb qui va tenir dues filles, per\u00f2 en enviudar va contraure segones n\u00fapcies el 1752 amb la Maria Feliu, de Clariana, filla del Josep i la Maria \u00c0ngela Olivella. D\u2019aquesta nova uni\u00f3, a banda del Joan, en va sortir un altre noi i una noia. Sabem que la parella va viure a Serrateix i a Castelladral.<\/p>\n<p>El primog\u00e8nit dels vuit fills de la Rosa Castell i el Joan Feliu es deia Francesc. Havia nascut el 1794 i es va casar el 1816 amb la <a href=\"http:\/\/www.calvermell.cat\/webtrees\/pedigree.php?rootid=I122&amp;ged=Cal%20Canonge.ged\" target=\"_blank\" rel=\"noopener noreferrer\">Ramona Antich<\/a>, nada a Berga el 1796, filla del Quint\u00ed i la Teresa Canal. De moment deixem els Antich-Canal dels que parlarem tot seguit.<\/p>\n<p>Quan es van casar el Francesc i la Ramona, la Rosa i el Quint\u00ed ja eren vidus del Joan i la Teresa, respectivament. I heus aqu\u00ed que dos anys m\u00e9s tard, el 1818, aquests consogres van decidir estr\u00e8nyer m\u00e9s els vincles tot casant-se. No era pas un fet extraordinari, n\u2019hem vist altres cassos, sovint fruit de la necessitat.<\/p>\n<p>El Francesc i la Ramona van tenir dos fills i quatre filles. La pen\u00faltima, la Ramona Feliu, va n\u00e9ixer el 1830 i va casar-se el 1853 amb el Rafael Vilanova i s\u00f3n els pares de la Ramona Vilanova Feliu de la que ja n\u2019hem parlat al comen\u00e7ament.<\/p>\n<p><em><strong>&nbsp;<\/strong><a href=\"#_ftnref7\" name=\"_ftn1\">[7]<\/a> Per la moralitat del moment el sexe fora de l\u2019empara del matrimoni no era igual pels homes que per les dones. La societat, molt prec\u00e0ria,&nbsp; no es podia permetre l\u2019exist\u00e8ncia de fills en condicions encara m\u00e9s prec\u00e0ries. I la dona ocupava un gra\u00f3 m\u00e9s baix que l\u2019home. Solament cal veure els pactes dels cap\u00edtols matrimonials: l\u2019aportaci\u00f3 econ\u00f2mica de la fam\u00edlia de la dona havia de ser entre 4 i 5 vegades superior a la de l\u2019home \u00abper sufragar les c\u00e0rregues del matrimoni\u00bb se solia escriure. I \u00e9s que l\u2019home tenia possibilitats laborals que no eren a l\u2019abast de la dona i m\u00e9s en una societat rural. La dificultat de controlar l\u2019embar\u00e0s i que la responsabilitat&nbsp; recaigu\u00e9s nom\u00e9s sobre la dona, feia que s\u2019agreug\u00e9s la vulnerabilitat dels fills extramatrimonials i de les seves mares (als homes els era molt mes f\u00e0cil eludir-la per indemostrable). Calia restringir la relaci\u00f3 extraconjugal, condemnant i marginant la baula m\u00e9s feble que escap\u00e9s de la norma.&nbsp; Una fadrina soltera prenyada era rebutjada socialment: passava a ser considerada alg\u00fa llibert\u00ed i de poc fiar i, en el mercat del matrimoni, jugava amb les pitjors cartes. Malgrat tot la societat tenia els seus viaranys per ocultar les sortides de&nbsp; norma. Era corrent que, quan una fadrina quedava encinta, tot d\u2019una&nbsp; desaparegu\u00e9s una temporada \u00abanant a servir\u00bb a un altre poble, on paria. La criatura era donada en adopci\u00f3 a trav\u00e9s de les institucions socials del moment. Despr\u00e9s tornava a casa i tot restava en el mes absolut secret i anonimat.<\/em><br \/>\n<em>Antigament la tasca assistencial la tenia encomanada l\u2019esgl\u00e9sia. Quan les institucions eclesi\u00e0stiques no podien facilitar l\u2019adopci\u00f3, dins de les seves possibilitats econ\u00f2miques, s\u2019encarregaven de donar ofici&nbsp; i\/o dotar per al matrimoni la canalla que sota la seva tutela. Aix\u00ed han arribat fins avui cognoms que sovint passen desapercebuts, per\u00f2 que solen tenir origen d\u2019enclusa: Ventura \u00abfill de la ventura\u00bb se solia escriure en les actes de bateig. O Deulofeu \u00abD\u00e9u-lo-feu\u00bb. En altres cassos el menys delicat, Bort. Per\u00f2 tamb\u00e9 Gr\u00e0cia i sobretot Santacreu (per l\u2019hospital de la Santa Creu de Barcelona). A Espanya era freq\u00fcent cognomenar Exp\u00f3sito.<\/em><br \/>\n<em>El nostre rebesavi Joan, en canvi, si va ser adoptat per alguna fam\u00edlia, no va prendre el seu cognom ni de cap instituci\u00f3 i va transmetre el de la mare.<\/em><\/p>\n<p><strong>Els Sabata, els Antich i els Canal: nissagues berguedanes.<\/strong><\/p>\n<p><img loading=\"lazy\" decoding=\"async\" class=\"aligncenter size-medium\" src=\"https:\/\/www.calvermell.cat\/wordpress\/wp-content\/uploads\/Castelladral\/Arbre Sabata-Antich-Canal.jpg\" width=\"493\" height=\"321\"><\/p>\n<p>El Ramon Sabata i la Magdalena Vencell s\u00f3n una parella que varen viure al Cint, actualment terme municipal de l\u2019Espunyola. Ell va morir entre 1724 i 1728 i era fill del Tom\u00e0s i la Margarida, amos del Mas Sabata de Montmajor. En aquest poble hi ha dos masos Sabata: el de Dalt i el del Pla.<\/p>\n<div style=\"width: 354px\" class=\"wp-caption alignleft\"><img loading=\"lazy\" decoding=\"async\" class=\"\" src=\"https:\/\/www.calvermell.cat\/wordpress\/wp-content\/uploads\/Castelladral\/DSCN2946.jpg\" alt=\"\" width=\"344\" height=\"260\"><p class=\"wp-caption-text\">Casa Nova de la Creu de la Pinya, a Berga<\/p><\/div>\n<p>Ella, filla del Joan i la Susanna, va sobreviure\u2019l m\u00e9s anys: va deixar aquest m\u00f3n el 1737. &nbsp;Van tenir un noi i tres noies. La gran, Ramona, va maridar-se el 1721 amb el Francesc Antich Soler de Castellser\u00e0, tamb\u00e9 en terme de l\u2019Espunyola, fill del Francesc i la Maria. Van viure a Castellser\u00e0 i van tenir una noia i un noi, el Jaume que, quan va maridar-se el 1750 amb la Caterina Pujol d\u2019Avi\u00e0, van anar a viure al Cint. La Caterina era filla del Maci\u00e0 Pujol i la Maria Sala.El Jaume i la Caterina eren els pares del Quint\u00ed Antich, aquell qui en segones n\u00fapcies va casar-se amb la consogra Rosa Castell. Com hav\u00edem dit, el Quint\u00ed era viudo de la <a href=\"http:\/\/www.calvermell.cat\/webtrees\/pedigree.php?rootid=I202&amp;ged=Cal%20Canonge.ged\" target=\"_blank\" rel=\"noopener noreferrer\">Teresa Canal Puiggr\u00f2s<\/a>, natural de Sisquer, terme de Guixers al Solson\u00e8s, amb qui s\u2019havia casat el 1783 i hi va tenir tres fills i quatre filles. Una d\u2019elles, la Ramona, casada amb el Francesc Feliu.<\/p>\n<p>La Teresa era filla del Miquel, que era paraire, i la Paula. La fam\u00edlia hauria viscut a Sant Feliu de Lluelles, terme de Montmajor, per\u00f2 posteriorment a Sisquer. Els avis paterns de la Teresa eren el Joan Canal i la Maria Cardona. Els materns el Miquel Puiggr\u00f2s i la Vict\u00f2ria.<\/p>\n<p><strong>Branca paterna de Rosa Vilanova Feliu<\/strong><\/p>\n<p>Els cap\u00edtols que segueixen els dedicarem a estudiar els nostres ancestres Vilanova de Castelladral. Com en la branca materna Feliu, el seg\u00fcent diagrama ens permet veure a trav\u00e9s d\u2019una l\u00ednia de temps els diferents grups familiars que es van anar emparentant.<\/p>\n<p><img loading=\"lazy\" decoding=\"async\" class=\"aligncenter size-medium\" src=\"https:\/\/www.calvermell.cat\/wordpress\/wp-content\/uploads\/Castelladral\/Arbre sin\u00f2ptic Vilanova.jpg\" width=\"590\" height=\"511\"><\/p>\n<div style=\"width: 550px\" class=\"wp-caption aligncenter\"><img loading=\"lazy\" decoding=\"async\" src=\"https:\/\/www.calvermell.cat\/wordpress\/wp-content\/uploads\/Castelladral\/Castelladral 8.jpg\" alt=\"\" width=\"540\" height=\"408\"><p class=\"wp-caption-text\">Sant Miquel de Castelladral<\/p><\/div>\n<p><a href=\"http:\/\/www.calvermell.cat\/webtrees\/pedigree.php?rootid=I107&amp;ged=Cal%20Canonge.ged\" target=\"_blank\" rel=\"noopener noreferrer\"><strong>Els Serra-Comes \u00abLlestanosa\u00bb<\/strong><\/a><\/p>\n<p>Un dels desllorigadors l\u2019enrevessada genealogia dels Vilanova cal cercar-lo en una parella de rebesavis anomenats V\u00edctor Serra i Maria Comes, amos de la Llestanosa de Castelladral.<\/p>\n<p>El lloc \u00abLastanosa\u00bb \u00e9s documentat d\u2019en\u00e7\u00e0 el 1205 quan una persona de Cererols (S\u00faria) nomena marmessor a Guillem, clergue de Sant Isidre de Llestanosa. Molt m\u00e9s endavant,&nbsp; el 1504, en una acta es parla de la Llestanosa \u00abSobirana\u00bb i la \u00abJosana\u00bb i poc despr\u00e9s, el 1546 hi ha not\u00edcia d\u2019un litigi per una collita d\u2019olives on el notari Lluis de Peguera i Vilanova \u2014pare del prestigi\u00f3s jurista manres\u00e0 del mateix nom\u2014 aixeca acta a la Llestanosa \u00abJosana\u00bb de la \u00abquadra de Serrateix\u00bb. Al cap\u00edtol anterior, dedicat als Feliu, hem parlat de cal Reixetes o Casa Nova de Llestanosa, actualment en ru\u00efnes com \u00abla Masia\u00bb, totes dues dins de la mateixa propietat de l\u2019actual mas Llestanosa, entre Castelladral i Valldeperes.<\/p>\n<p><img loading=\"lazy\" decoding=\"async\" class=\"alignleft size-medium\" src=\"https:\/\/www.calvermell.cat\/wordpress\/wp-content\/uploads\/Castelladral\/Arbre Serra-Comes.jpg\" width=\"260\" height=\"501\">El V\u00edctor, nat el 1623, era el petit dels fills del Maci\u00e0 Serra i l\u2019Agustina Saves, de Serrateix, casats el 1593, de forma que el deurien tenir en una edat prou avan\u00e7ada. Res sabem dels seus avis. Hi ha diversos Serres coetanis, com els del mas Axivis (actualment Serra dels Arxius, proper a la Llestanosa) per\u00f2 sense cap relaci\u00f3 prou s\u00f2lida com per incloure\u2019ls a l\u2019arbre. Cal Sav\u00e9s \u00e9s un mas de Serrateix.<\/p>\n<p>El V\u00edctor es va casar el 1651 quan en complia 28 amb la Valentina \u00abLlestanosa\u00bb Vilajossana<a href=\"#_ftn8\" name=\"_ftnref1\">[8]<\/a>, nada el 1627, filla de Valent\u00ed \u00abLlestanosa\u00bb Vilajossana i Valentina Llestanosa, que s\u2019havien casat el 1626, una parella de fadrins de la que ella va esdevenir pubilla de la Llestanosa per defunci\u00f3 de l\u2019hereu. No deurien tenir altra descend\u00e8ncia que la Valentina, que tamb\u00e9 va restar com a mestressa del mas tot i que el seu pare va tornar a casar-se i va tenir molta descend\u00e8ncia.<\/p>\n<p>La Valentina filla deuria tenir una salut delicada: amb vint-i-dos anys, el 1649, ja feia testament. I torn\u00e0 a fer-ne tres mesos despr\u00e9s de casar-se. Per les quantitats de diner que s\u2019hi esmenten veiem que no es tractava pas d\u2019un mas auster i que el V\u00edctor tamb\u00e9 venia de casa bona: preveu una petita fortuna per a les despeses d\u2019enterrament: 100 lliures i 100 m\u00e9s a gastar en mem\u00f2ria de la seva \u00e0nima. Tamb\u00e9 vol que se li tornin al V\u00edctor les 500 lliures que va aportar en casar-se. No va caldre perqu\u00e8 la Valentina va seguir fent la viu-viu 30 anys m\u00e9s.<\/p>\n<p>El 1681 trobem un inventari del Mas Llestanosa. Qui l\u2019encarrera \u00e9s V\u00edctor, ara s\u00ed, amb motiu de la defunci\u00f3 de Valentina (cap als 54 anys). En aquest document afirma que la seva muller en el darrer testament \u2014que no hem localitzat\u2014 el va deixar a ell, amo, senyor, major i usufructuari del mas i heretat de la Llestanosa.<\/p>\n<p>L\u2019inventari \u00e9s molt interessant: diu que hi ha tres piques d\u2019oli malgrat que no n\u2019esmenta la capacitat. Encara no ha arribat l\u2019esclat del negoci de la vinya al segle XXVIII, per\u00f2 al celler de la Llestanosa&nbsp; hi ha un vaixell (bota grossa) de 30 c\u00e0rregues i dos de m\u00e9s petits que vindrien a sumar uns 4.800 litres de capacitat. No dubtem doncs, que el vi ja podia ser una de les activitats principals del mas, sin\u00f3 la fonamental. Tamb\u00e9 parla de corrals per\u00f2 com de passada: ni n\u2019esmenta les dimensions ni la mena ni quantitat de bestiar.<\/p>\n<p>Les eines, el mobiliari, els estris de cuina i l\u2019aixovar s\u00f3n molt minsos i quasi sempre acompanyats del qualificatiu \u00abvell\u00bb quan no directament \u00abdolent\u00bb.<\/p>\n<div style=\"width: 558px\" class=\"wp-caption alignnone\"><img loading=\"lazy\" decoding=\"async\" src=\"https:\/\/www.calvermell.cat\/wordpress\/wp-content\/uploads\/Castelladral\/DSC_8202.jpg\" alt=\"\" width=\"548\" height=\"335\"><p class=\"wp-caption-text\">la Llestanosa<\/p><\/div>\n<p>Acompanya aquest inventari el compte dels costos d\u2019enterrament i convit en mem\u00f2ria de la difunta que pugen cap a 132 Lliures. Al funeral hi assistiren 32 sacerdots. Les cerim\u00f2nies del casori i l\u2019enterrament eren el actes m\u00e9s avinents per demostrar l\u2019estatus social. Ll\u00e0stima que en el segon el protagonista, en millor dels cassos, nom\u00e9s pogu\u00e9s gaudir \u00aben cos i \u00e0nima\u00bb dels preparatius.<\/p>\n<p>Sigui com sigui, el V\u00edctor, el pubill del mas Llestanosa, va retenir-lo per a s\u00ed i els seus. El 1689 el vidu Llestanosa, als seixanta-sis anys, es torna a casar amb la Maria Comes Company, una fadrina de vint-i-nou. Tot i que primog\u00e8nita, el seu germ\u00e0 l\u2019hauria fet caure de l\u2019escambell per quedar-se com a hereu i amo del mas de les Comes de Castelladral.<\/p>\n<p>Els seus pares eren Joan Comes i Caterina Company, ella de Gargall\u00e0 terme de Montmajor. La Caterina va morir entre 1662 i 1663. Ell havia nascut el 1626 i en tenim un testament de 1689 on diu sofrir una indisposici\u00f3. Es declara amo de la casa, mas i heretat de les Comes i que actualment est\u00e0 casat amb Magdalena Prat, molt possiblement la seva consogra per part del fill hereu. De fills nom\u00e9s esmenta l\u2019hereu Ramon i la Maria, hereva subsidi\u00e0ria, a qui dota amb dues-centes lliures.<\/p>\n<p>O sigui que la Maria que havia \u00abquedat per mer\u00e8ixer\u00bb tot i disposar d\u2019un dot prou considerable, va deixar les Comes quan mor\u00ed son pare per casar-se amb un vidu, el V\u00edctor, que li doblava l\u2019edat amb escreix. Les circumst\u00e0ncies queden a criteri de l\u2019especulaci\u00f3.<\/p>\n<p>Els pares del Joan Comes eren un altre Joan, nat el 1604 i casat als vint anys amb la Caterina Rovira, de la mateixa edat. I l\u2019avi, per all\u00f2 de la tradici\u00f3, tamb\u00e9 s\u2019anomenava Joan, casat amb l\u2019Elisabet Oller, probablement d\u2019ascend\u00e8ncia manresana.<\/p>\n<p>La <a href=\"http:\/\/www.calvermell.cat\/webtrees\/pedigree.php?rootid=I313&amp;ged=Cal%20Canonge.ged\" target=\"_blank\" rel=\"noopener noreferrer\">Caterina Rovira<\/a> era la gran de set germans, fills de Celdoni Rovira i Magdalena \u00abGarriga\u00bb Comaposada, casats el 1603. Va fer testament el 1649 i sorpr\u00e8n per inhabitual veure que hi disposa que l\u2019hereu universal ha de ser no pas el seu fill Joan, sin\u00f3 el seu germ\u00e0 Llu\u00eds, amo de la Rovira, a m\u00e9s de retornar-li part del dot de quan es va casar, o m\u00e9s aviat el que en quedi un cop pagats alguns compromisos. La seva mare Magdalena era v\u00eddua: va casar-se amb el Celdoni quatre anys m\u00e9s tard de fer-ho amb un home de Su i desconeixem si va procrear-hi. El Celdoni era hereu i amo del mas la Rovira de Castelladral, fill de Celdoni i Celd\u00f2nia.<img loading=\"lazy\" decoding=\"async\" class=\"\" src=\"https:\/\/www.calvermell.cat\/wordpress\/wp-content\/uploads\/Castelladral\/DSCN2927.jpg\" width=\"543\" height=\"259\"><\/p>\n<p>El 26 d\u2019agost de 1593, la Santa Inquisici\u00f3 truca a la porta de la Rovira. No estan acusats de bruixeria o heretgia, \u00e9s un tema m\u00e9s banal: un deute. El Sant Ofici b\u00e9 ha de viure d\u2019alguna cosa i sembla que el senyor del terme de Castelladral, Jeroni de Peguera i sa mare, pel juny d\u2019aquest any no han pagat les 30 lliures que corresponen a Castelladral i Santa Fe de Valldeperes per mantenir la instituci\u00f3. L\u2019agutzil del Sant ofici es presenta amb una ordre d\u2019execuci\u00f3 de cobrament pel principal m\u00e9s despeses a la casa de Celdoni Rovira, com a jurat<a href=\"#_ftn9\" name=\"_ftnref2\">[9]<\/a> que \u00e9s de la parr\u00f2quia, i al\u00e7a inventari dels bens de la casa per respondre del deute.<\/p>\n<p>A partir d\u2019aqu\u00ed ens falten un parell de baules per recular m\u00e9s en la genealogia de la Rovira, dons disposem d\u2019uns cap\u00edtols matrimonials de 1491 entre Miquela Rovira, pubilla de la casa, amb Gabriel Torrentpregon. Ella \u00e9s filla de C\u00e0ndia (qui suposem tamb\u00e9 pubilla de la Rovira) i de Silvestre Roca.<\/p>\n<p>La Magdalena \u00abGarriga\u00bb Comaposada, la v\u00eddua que va casar-se amb el Celdoni Rovira havia nascut el 1586, filla de Joan \u00abGarriga\u00bb Comaposada i Esperan\u00e7a, casats el 1582. Els pares de l\u2019Esperan\u00e7a eren Jaume \u00abGarriga\u00bb Puig i Magdalena de Castelladral. I els d\u2019ell Joan Comaposada i Margaria de Corre\u00e0, terme de l\u2019Espunyola.<\/p>\n<p>Aix\u00ed dons, tornant a la parella del vidu V\u00edctor \u00abLlestanosa\u00bb Serra i la Maria Comes, veiem que varen tenir un fill el 1691 i una filla el 1694, quan ell tenia setanta-un anys. Costaria de creure si la documentaci\u00f3 no deix\u00e9s lloc a dubtes.<\/p>\n<p>L\u2019hereu, que per variar tamb\u00e9 varen batejar-lo V\u00edctor, es va casar el 1716 amb Celd\u00f2nia Bolsegura, filla de Miquel Bolsegura i M\u00f2nica Torrebadella, de Cardona. D\u2019aquesta parella n\u2019hem localitzat tres fills i una filla, la Maria Rosa Serra Bolsegura, que en casar-se amb l\u2019Urbici Forner s\u00f3n la seg\u00fcent baula de la cadena geneal\u00f2gica.<\/p>\n<p><a href=\"#_ftnref1\" name=\"_ftn1\"><\/a><a href=\"#_ftnref8\" name=\"_ftn1\"><em>[8]<\/em><\/a><em> Durant segles a Catalunya la gent es coneixia pel nom de la casa o mas on vivien o de on provenien. Aix\u00ed els menestrals que anaven a viure a ciutat seguien reconeixent-se i cognomenant-se pel nom del mas de proced\u00e8ncia. A pag\u00e8s el cognom era el del mas on habitaven. Posem per cas: si una fadrina o un fadr\u00ed es casava amb l\u2019hereu o la pubilla Pujol, passava a anomenar-se \u00abPujola\u00bb o \u00abPujol\u00bb. I sovint aix\u00ed era recollit a registres i escriptures, malgrat que tamb\u00e9 fos habitual que l\u2019escriv\u00e0 de torn anot\u00e9s el cognom patern i l\u2019\u00e0lies de la casa de resid\u00e8ncia. Si un fadr\u00ed en casar-se aportava prou diners a on anava a viure, l\u2019habitual \u00e9s que la casa canvi\u00e9s de nom, el que era conegut com \u00abcomprar la pubilla\u00bb. De la mateixa forma que a partir del moment que hom adquiria una propietat, passava a con\u00e8ixer-se amb el llinatge del nou amo. D\u2019altra banda quan una fam\u00edlia passava a ocupar una nova casa, aquesta solia anomenar-se igual que la de on procedia la fam\u00edlia, com per exemple cal Canonge de Sant Joan. Tot i que no hi havia una norma fixa, aquest costum era molt generalitzat.<\/em><br \/>\n<em><a href=\"#_ftnref9\" name=\"_ftn1\">[9]<\/a> Jurat \u00e9s l\u2019equivalent de l\u2019actual regidor a l\u2019administraci\u00f3 municipal. Durant l\u2019Antic R\u00e8gim els batlles i jurats representaven al senyor, fos laic o eclesi\u00e0stic, i eren nomenats per aquest d\u2019entre els caps de les fam\u00edlies \u00abnotables\u00bb de cada terme.<\/em><\/p>\n<p><a href=\"http:\/\/www.calvermell.cat\/webtrees\/pedigree.php?rootid=I105&amp;ged=Cal%20Canonge.ged\" target=\"_blank\" rel=\"noopener noreferrer\"><strong>Els Forner de Serrateix<\/strong><\/a><\/p>\n<p><img loading=\"lazy\" decoding=\"async\" class=\"alignleft size-medium\" src=\"https:\/\/www.calvermell.cat\/wordpress\/wp-content\/uploads\/Castelladral\/Arbre Forner.jpg\" width=\"234\" height=\"441\">Una altra figura clau per anar desteixint l\u2019entramat geneal\u00f2gic dels nostres ancestres a Castelladral \u00e9s la Celd\u00f2nia Forner i Serra, pel seu casament el 1780 amb Josep Vilanova. Per\u00f2 anem a pams, la nissaga Vilanova l\u2019escometrem m\u00e9s endavant i ara ens centrarem en els Forner.<\/p>\n<p>Per situar-nos direm la Celd\u00f2nia, que va n\u00e9ixer el 1755, filla l\u2019Urbici Forner i la Maria Rosa Serra era per tant, n\u00e9ta materna del V\u00edctor \u00abLlestanosa\u00bb Serra i Celd\u00f2nia Bolsegura, la seva padrina. Fou la primog\u00e8nita de quatre germans dons va venir al m\u00f3n als nou mesos justos del casament dels seus pares. Com ja s\u2019ha dit, la mare era de la Llestanosa de Castelladral.<\/p>\n<p>Urbici, el pare, era de Serrateix, fill d\u2019en Jaume Forner i Mair\u00e0ngela Alsina, una parella que s\u2019havia casat el 1722. Els Alsina eren de Santa Maria de Merola, terme de Puig-reig.<\/p>\n<p>El Jaume era fill del Josep Forner i la Maria \u00c0ngela Arnaus, fam\u00edlia tamb\u00e9 de Serrateix que s\u2019havien casat el 1691. Els Arnaus procedien de Sant Feliu Sasserra.<\/p>\n<p>Els seg\u00fcents ascendents de la nissaga Forner s\u00f3n els pares d\u2019en Jaume: Francesc i Francesca Alsina. Ella era de Sant Cugat de Salou (del Rac\u00f3).<\/p>\n<p>La data m\u00e9s reculada dels Forner que tenim enregistrada \u00e9s la de 1615, naixement d\u2019en Joan Cebri\u00e0 Forner, pare del Francesc, que es va casar amb Joana Comabella de Sorba, terme de Montmajor, el 1629. Sabem que els seus pares s\u2019anomenaven Joan i Joana i que tamb\u00e9 eren de Serrateix.<img loading=\"lazy\" decoding=\"async\" src=\"https:\/\/www.calvermell.cat\/wordpress\/wp-content\/uploads\/Castelladral\/serrateix1.jpg\" alt=\"\" width=\"553\" height=\"328\"><\/p>\n<p>SerrateixCom hem vist tota la nissaga Forner \u00e9s de Serrateix, per\u00f2 desconeixem quines cases o masos van habitar. A Serrateix hi ha el Forner, una masia destinada actualment al turisme rural. L&#8217;any 1649, l\u2019amo Joan Forner declara tenir terres pel monestir de Santa Maria de Serrateix, juntament amb la masoveria de Bosch Sobir\u00e0 (431 jornals de terra entre erms i terra cultivada)<a href=\"#_ftn1\" name=\"_ftnref1\">[10]<\/a>.<\/p>\n<p><a href=\"#_ftnref10\" name=\"_ftn1\"><em>[10]<\/em><\/a><em> Font: Inventari del Patrimoni Arquitect\u00f2nic. Direcci\u00f3 General del Patrimoni Cultural de la Generalitat de Catalunya. [Consulta: 19 febrer 2019]<\/em><\/p>\n<p><strong>Els <a href=\"http:\/\/www.calvermell.cat\/webtrees\/pedigree.php?rootid=I73&amp;ged=Cal%20Canonge.ged\" target=\"_blank\" rel=\"noopener noreferrer\">Cols de Besora<\/a> i els <a href=\"http:\/\/www.calvermell.cat\/webtrees\/pedigree.php?rootid=I74&amp;ged=Cal%20Canonge.ged\" target=\"_blank\" rel=\"noopener noreferrer\">Pujol del Rac\u00f3 de Mosoll<\/a>.<\/strong><\/p>\n<p><img loading=\"lazy\" decoding=\"async\" class=\"alignleft size-medium\" src=\"https:\/\/www.calvermell.cat\/wordpress\/wp-content\/uploads\/Castelladral\/Arbre Cols-Pujol.jpg\" width=\"340\" height=\"501\">Abans d\u2019introduir-nos als Vilanova, amb els qui s\u2019emparent\u00e0 la Celd\u00f2nia Forner, tractarem dels seus avantpassats m\u00e9s reculats que hem localitzat. I invertirem l\u2019ordre descriptiu passant a fer-ho des dels m\u00e9s antics als m\u00e9s recents.<\/p>\n<p>Can Cols \u00e9s un mas \u2014actualment dedicat al turisme rural\u2014 de Besora, nucli disseminat del terme municipal de Nav\u00e8s al Solson\u00e8s.<\/p>\n<p>En foren amos l\u2019Agust\u00ed Cols i la Marquesa Muntany\u00e0, parella casada el 1605. Desconeixem quan va n\u00e9ixer ell, per\u00f2 sabem que va morir el 1636. Era fill d\u2019un altre Agust\u00ed i de Ger\u00f2nima Capdevila, traspassada&nbsp; el 1629. I n\u00e9t per part materna d\u2019Antoni Capdevila.<\/p>\n<div style=\"width: 540px\" class=\"wp-caption alignnone\"><img loading=\"lazy\" decoding=\"async\" class=\"\" src=\"https:\/\/www.calvermell.cat\/wordpress\/wp-content\/uploads\/Castelladral\/DSC00567.jpg\" width=\"530\" height=\"311\"><p class=\"wp-caption-text\">Can Cols de Besora<\/p><\/div>\n<p>La Marquesa era nada el 1587 i va deixar aquest m\u00f3n quan cantava la quarantena, el 1627. Era filla de Pere de Muntany\u00e0, amo i hereu del mas hom\u00f2nim, tamb\u00e9 a Besora. I de la Isabel Torrecanuda i n\u00e9ta per la branca materna d\u2019Esperan\u00e7a \u00abTorrecanuda\u00bb, probablement del mas Torerecanuda del mateix terme.<\/p>\n<p>Muntany\u00e0 ja existia al segle XII, tot i que les primeres dades documentals pertanyen al 1212, quan Bernat de Muntany\u00e0 \u00e9s anomenat en un document d&#8217;avinen\u00e7a sobre drets dels masos de Vila d&#8217;en Guanta, la Serra i el mateix Muntany\u00e0. Des d\u2019aquella data la fam\u00edlia ha seguit conservant el mas i les terres d&#8217;hereu a hereu.<\/p>\n<p>El 1540, el vicari general de la Seu d&#8217;Urgell va donar llic\u00e8ncia a Pere de Muntany\u00e0, pare de la Marquesa, per construir una nova capella dedicada a Sant Esteve. La va edificar l\u2019any 1545 dins de la casa, a tocar de la fa\u00e7ana de migdia i hi va encarregar un retaule<a href=\"#_ftn1\" name=\"_ftnref1\">[11]<\/a>.<\/p>\n<p>Ramon Muntany\u00e0 i Coca, (Besora, 1752 &#8211; Manresa, 1811) era un fadr\u00ed de la casa, canonge de la Seu de Manresa en esclatar la Guerra del Franc\u00e8s. Fou cap de la junta de govern creada per oposar-se a l\u2019ocupaci\u00f3 i, com a cap del sometent, lliur\u00e0 la primera batalla del Bruc, a can Masana.<\/p>\n<p>L\u2019Agust\u00ed i la Marquesa varen tenir tres nois i tres noies. La seg\u00fcent generaci\u00f3 d\u2019amos de cal Cols fou l\u2019Antoni, nat el 1611 i mort el 1648, casat amb una dona anomenada Caterina de la que nom\u00e9s en sabem el nom. La descend\u00e8ncia que els hi hem localitzat \u00e9s de quatre xicots i una noia. El succe\u00ed el seu fill Miquel, que el 1660 es va casar amb la Maria Pujol del Rac\u00f3 de Mosoll.<\/p>\n<div style=\"width: 396px\" class=\"wp-caption alignright\"><img loading=\"lazy\" decoding=\"async\" class=\"\" src=\"https:\/\/www.calvermell.cat\/wordpress\/wp-content\/uploads\/Castelladral\/37-03-04.jpg\" width=\"386\" height=\"258\"><p class=\"wp-caption-text\">el Pujol del Rac\u00f3<\/p><\/div>\n<p>El Pujol del Rac\u00f3 \u00e9s una masia de la Coma i la Pedra a la Vall de Lord, que s\u2019al\u00e7a al peu de la Serra de Verd. La fa\u00e7ana principal, orientada a migdia, presenta dues grans galeries d\u2019arc de mig punt seguint un esquema elegant i sim\u00e8tric, propi de les masies amb galeries del segle XVIII, que li confereix un aspecte senyorial, malgrat que actualment resta deshabitada i en estat precari. Va estar habitada per masovers fins l\u2019any 1956. \u00c9s propietat d\u2019una multinacional de l\u2019alimentaci\u00f3 que la va adquirir per reservar-ne els recursos h\u00eddrics, dons un dels principals actius del mas \u00e9s la Ribereta del Pujol, una cabalosa d\u00e9u tribut\u00e0ria del Mosoll que ho \u00e9s alhora del Cardener. El nom de Pujol del Rac\u00f3 ve de que antigament la contrada es coneixia com a Rac\u00f3 de Mosoll.<\/p>\n<p>Els pares de la Maria Pujol, amos del mas, eren la Caterina Cortina, de Tuix\u00e9n, que va morir el 1674, deu anys m\u00e9s tard que el seu home, Gabriel Pujol, que ho va fer als 70 anys. S\u2019havien casat el 1622. Dels pares i avis d\u2019en Gabriel solament en sabem el nom: Pere i Joana, i Bartomeu i Joana Rib\u00f3, respectivament.<\/p>\n<p>Un fadr\u00ed de cal Cols, en Miquel Cols i Pujol, va casar-se el 1713 amb la Maria Fornell, filla de Joan Fornell i Maria, de Busa<a href=\"#_ftn12\" name=\"_ftnref2\">[12]<\/a>. La parella va establir-se a Clariana i van tenir tres xicots i tres mosses. Una d\u2019elles, la Llu\u00efsa, nada el 1725, va casar-se el 1750 amb el Marc Vilanova. Al cap de l\u2019any va n\u00e9ixer el Josep Vilanova que, com ja hem esmentat al comen\u00e7ament del cap\u00edtol dels Forner, va maridar-se amb la Celd\u00f2nia Forner.<\/p>\n<p><a href=\"#_ftnref11\" name=\"_ftn1\"><em>[11]<\/em><\/a><em> Font: Inventari del Patrimoni Arquitect\u00f2nic. Direcci\u00f3 General del Patrimoni Cultural de la Generalitat de Catalunya. Casa Muntanya de Besora. [Consulta: 20 febrer 2019]<\/em><br \/>\n<em><a href=\"#_ftnref12\" name=\"_ftn2\">[12]<\/a> Podria tractar-se del mas \u00abel Fornell\u00bb situat al peu del Cingle de la Creu, terme de l\u2019antic municipi de Castell\u00f3 i Busa, actualment Nav\u00e8s.<\/em><\/p>\n<p><a href=\"http:\/\/www.calvermell.cat\/webtrees\/pedigree.php?rootid=I119&amp;ged=Cal%20Canonge.ged\" target=\"_blank\" rel=\"noopener noreferrer\"><strong>Els Vilanova entre Valldeperes i Castelladral<\/strong><\/a><\/p>\n<p><img loading=\"lazy\" decoding=\"async\" class=\"alignleft size-medium\" src=\"https:\/\/www.calvermell.cat\/wordpress\/wp-content\/uploads\/Castelladral\/Arbre Vilanova.jpg\" width=\"321\" height=\"341\">Alguns indicis ens fan proposar la hip\u00f2tesi que els Vilanova m\u00e9s antics provenen de Serrateix: la parella de Rosa Sala i Joan Vilanova, que hi van tenir descend\u00e8ncia entre 1714 i 1728, el primog\u00e8nit de la qual s\u2019anomenava Marc. Per\u00f2 tot i que tenien alguna relaci\u00f3 familiar amb la seg\u00fcent baula \u2014aquesta s\u00ed ben contrastada\u2014 hi ha alguns dubtes i contradiccions a la documentaci\u00f3 revisada que no ens permeten afirmar que &nbsp;es tractes de pares i fill.<\/p>\n<p>Aix\u00ed dons el primer avantpassat Vilanova del que no en tenim cap mena de dubte, \u00e9s en Marc. Nat el 1714, com d\u00e8iem suara, es va casar el 1750 amb la Llu\u00efsa Cols. Per tant en tenia trenta-sis, onze m\u00e9s que la seva esposa. Eren els masovers de Pejoan de Valldeperes, a l\u2019extrem occidental del terme municipal de Nav\u00e0s, a tocar el de Cardona. No sabem quan s\u2019hi varen establir, probablement des de l\u2019inici dons aix\u00f2 diu el registre de casament. El que fa pensar que a en Marc la masoveria li pervingu\u00e9s dels seus pares.<\/p>\n<div style=\"width: 377px\" class=\"wp-caption alignright\"><img loading=\"lazy\" decoding=\"async\" src=\"https:\/\/www.calvermell.cat\/wordpress\/wp-content\/uploads\/Castelladral\/DSC_8207.jpg\" alt=\"\" width=\"367\" height=\"260\"><p class=\"wp-caption-text\">Pejoan de Valldeperes<\/p><\/div>\n<p>Varen tenir cinc fills i una filla. L\u2019hereu, en Josep, va n\u00e9ixer a l\u2019any del casori, el 1751. A ell ens hi hem referit abans quan d\u00e8iem que s\u2019havia casat el 1780 amb la Celd\u00f2nia Forner. Van continuar a la masoveria de Pejoan, on varen criar-hi vuit fills.<\/p>\n<p>El petit, anomenat Ramon, va venir al m\u00f3n el 1797. Es veu que els Vilanova tendien a casar-se ben espigats i buscaven parelles joves. El nostre Ramon ho va fer el 1828, als trenta-un anys, amb la Maria Rosa Graner i Moliner, de vint-i-un.<\/p>\n<p>La Maria Rosa fou la primera de set fills que els seus pares, Bartomeu Graner i Maria Moliner, varen tenir a Castelladral, entre 1807 i 1826. Per tant hi haurien viscut, per\u00f2 desconeixem on van n\u00e9ixer i morir. Sabem per\u00f2 qui eren els seus pares. Els de la Maria Francesc Moliner i Maria Cand\u00e0liga de Sant Salvador de Torruella. Els d\u2019en Bartomeu eren Josep Graner i Maria Planes, de Sant Mateu de Bages. Ll\u00e0stima que no disposem dels llibres d\u2019aquesta \u00e8poca a Sant Mateu, perqu\u00e8 probablement d\u2019aquesta Maria Planes n\u2019apareixeria alguna relaci\u00f3 amb el Ton Planas de cal Vermell.<\/p>\n<p>El Ramon i la Maria Rosa vivien a Castelladral on varen tenir-hi sis fills entre 1830 i 1841. El gran, en Rafael es va casar el 1853 amb la Ramona Feliu, de qui ja n\u2019hem parlat en el cap\u00edtol dedicat als Feliu. Compartien edat i proced\u00e8ncia del mateix Castelladral, per\u00f2 no sabem a quina casa van viure ni a qu\u00e8 es dedicaven, probablement pagesos sense terra. Dels dos fills de la parella, la Rosa Vilanova Feliu, tanca el cercle dels nostres avantpassats castelladralencs en casar-se, com recordarem, amb l\u2019Antoni Vil\u00e0 Casals de cal Canonge.<a href=\"https:\/\/www.calvermell.cat\/wordpress\/wp-content\/uploads\/Castelladral\/Vilanova-Feliu.pdf\" target=\"_blank\" rel=\"noopener noreferrer\"><img loading=\"lazy\" decoding=\"async\" class=\"aligncenter\" src=\"https:\/\/www.calvermell.cat\/wordpress\/wp-content\/uploads\/pdf.jpg\" alt=\"\" width=\"129\" height=\"129\"><\/a><\/p>\n<p><strong>Arbre geneal\u00f2gic dels Vil\u00e0<\/strong><\/p>\n<p>Fru\u00eft d\u2019aquest estudi podeu veure <a href=\"http:\/\/www.calvermell.cat\/webtrees\/index.php?ctype=gedcom&amp;ged=Cal%20Canonge.ged\" target=\"_blank\" rel=\"noopener noreferrer\">l\u2019arbre geneal\u00f2gic dels Vil\u00e0<\/a>, tant de la branca principal representada com de les de cal Canonge i cal Vermell.<\/p>\n<p>Si voleu accedir a l\u2019arbre geneal\u00f2gic interactiu de Cal Canonge de Sant Joan polseu sobre aquesta imatge <a href=\"http:\/\/www.calvermell.cat\/webtrees\/index.php?ctype=gedcom&amp;ged=Cal%20Canonge.ged\" target=\"_blank\" rel=\"noopener noreferrer\"><img loading=\"lazy\" decoding=\"async\" class=\"alignleft\" title=\"Arbre geneal\u00f2gic de Cal Canonge\" src=\"https:\/\/www.calvermell.cat\/wordpress\/wp-content\/uploads\/gedcom.gif\" alt=\"\" width=\"50\" height=\"50\"><\/a><\/p>\n<p align=\"right\">&nbsp;<\/p>\n","protected":false},"excerpt":{"rendered":"<p>Les nostres arrels a Castelladral L\u2019Antoni Vil\u00e0 Casals, va n\u00e9ixer el 1852[1] fruit de les segones n\u00fapcies de son pare, en Joan, hereu de cal Canonge de Fals, amb Rosa Casals, que tamb\u00e9 era v\u00eddua. La Rosa va morir aviat, &hellip; <a href=\"https:\/\/www.calvermell.cat\/wordpress\/?page_id=878\">Continua llegint <span class=\"meta-nav\">&rarr;<\/span><\/a><\/p>\n","protected":false},"author":1,"featured_media":0,"parent":67,"menu_order":0,"comment_status":"closed","ping_status":"closed","template":"","meta":{"ngg_post_thumbnail":0,"footnotes":""},"class_list":["post-878","page","type-page","status-publish","hentry"],"_links":{"self":[{"href":"https:\/\/www.calvermell.cat\/wordpress\/index.php?rest_route=\/wp\/v2\/pages\/878","targetHints":{"allow":["GET"]}}],"collection":[{"href":"https:\/\/www.calvermell.cat\/wordpress\/index.php?rest_route=\/wp\/v2\/pages"}],"about":[{"href":"https:\/\/www.calvermell.cat\/wordpress\/index.php?rest_route=\/wp\/v2\/types\/page"}],"author":[{"embeddable":true,"href":"https:\/\/www.calvermell.cat\/wordpress\/index.php?rest_route=\/wp\/v2\/users\/1"}],"replies":[{"embeddable":true,"href":"https:\/\/www.calvermell.cat\/wordpress\/index.php?rest_route=%2Fwp%2Fv2%2Fcomments&post=878"}],"version-history":[{"count":40,"href":"https:\/\/www.calvermell.cat\/wordpress\/index.php?rest_route=\/wp\/v2\/pages\/878\/revisions"}],"predecessor-version":[{"id":921,"href":"https:\/\/www.calvermell.cat\/wordpress\/index.php?rest_route=\/wp\/v2\/pages\/878\/revisions\/921"}],"up":[{"embeddable":true,"href":"https:\/\/www.calvermell.cat\/wordpress\/index.php?rest_route=\/wp\/v2\/pages\/67"}],"wp:attachment":[{"href":"https:\/\/www.calvermell.cat\/wordpress\/index.php?rest_route=%2Fwp%2Fv2%2Fmedia&parent=878"}],"curies":[{"name":"wp","href":"https:\/\/api.w.org\/{rel}","templated":true}]}}